{"id":18864,"date":"2018-05-06T11:53:38","date_gmt":"2018-05-06T11:53:38","guid":{"rendered":"http:\/\/more.efpsa.org\/congress2019\/?page_id=18864"},"modified":"2019-11-20T21:09:47","modified_gmt":"2019-11-20T21:09:47","slug":"programme","status":"publish","type":"page","link":"https:\/\/more.efpsa.org\/conference2019\/programme\/","title":{"rendered":"Programme"},"content":{"rendered":"<div id=\"pl-18864\"  class=\"panel-layout\" ><div id=\"pg-18864-0\"  class=\"panel-grid panel-has-style\" ><div class=\"panel-row-style panel-row-style-for-18864-0\" ><div id=\"pgc-18864-0-0\"  class=\"panel-grid-cell\" ><div id=\"panel-18864-0-0-0\" class=\"so-panel widget widget_sow-tabs panel-first-child panel-last-child\" data-index=\"0\" ><div class=\"so-widget-sow-tabs so-widget-sow-tabs-default-529dfe2faa3f\" data-use-anchor-tags=\"true\"><div class=\"sow-tabs\">\n\t<div class=\"sow-tabs-tab-container\" role=\"tablist\">\n\t\t\t<div class=\"sow-tabs-tab sow-tabs-tab-selected\"\n\t\t\t role=\"tab\" data-anchor=\"scientific-programme\"\n\t\t\t aria-selected=\"true\" tabindex=\"0\">\n\t\t\t<div class=\"sow-tabs-title\">\n\t\t\t\t\t\t\t\tScientific Programme\t\t\t\t\t\t\t<\/div>\n\t\t<\/div>\n\t\t\t<div class=\"sow-tabs-tab\"\n\t\t\t role=\"tab\" data-anchor=\"abstracts\"\n\t\t\t aria-selected=\"false\" tabindex=\"-1\">\n\t\t\t<div class=\"sow-tabs-title\">\n\t\t\t\t\t\t\t\tAbstracts\t\t\t\t\t\t\t<\/div>\n\t\t<\/div>\n\t\t\t<div class=\"sow-tabs-tab\"\n\t\t\t role=\"tab\" data-anchor=\"student-section\"\n\t\t\t aria-selected=\"false\" tabindex=\"-1\">\n\t\t\t<div class=\"sow-tabs-title\">\n\t\t\t\t\t\t\t\tStudent Section\t\t\t\t\t\t\t<\/div>\n\t\t<\/div>\n\t\t\t<div class=\"sow-tabs-tab\"\n\t\t\t role=\"tab\" data-anchor=\"social-programme\"\n\t\t\t aria-selected=\"false\" tabindex=\"-1\">\n\t\t\t<div class=\"sow-tabs-title\">\n\t\t\t\t\t\t\t\tSocial Programme\t\t\t\t\t\t\t<\/div>\n\t\t<\/div>\n\t\t\t<div class=\"sow-tabs-tab\"\n\t\t\t role=\"tab\" data-anchor=\"excursion-day\"\n\t\t\t aria-selected=\"false\" tabindex=\"-1\">\n\t\t\t<div class=\"sow-tabs-title\">\n\t\t\t\t\t\t\t\tExcursion Day\t\t\t\t\t\t\t<\/div>\n\t\t<\/div>\n\t\t<\/div>\n\t\n\t<div class=\"sow-tabs-panel-container\">\n\t\t\t<div class=\"sow-tabs-panel\">\n\t\t\t<div class=\"sow-tabs-panel-content\" role=\"tabpanel\" tabindex=\"0\">\n\t\t\t\t<div id=\"pl-wcf45a614\"  class=\"panel-layout\" ><div id=\"pg-wcf45a614-0\"  class=\"panel-grid panel-has-style\" ><div class=\"panel-row-style panel-row-style-for-wcf45a614-0\" ><div id=\"pgc-wcf45a614-0-0\"  class=\"panel-grid-cell\" ><div id=\"panel-wcf45a614-0-0-0\" class=\"so-panel widget widget_sow-editor panel-first-child\" data-index=\"0\" ><div class=\"so-widget-sow-editor so-widget-sow-editor-base\">\n<div class=\"siteorigin-widget-tinymce textwidget\">\n\t<p><br data-mce-bogus=\"1\" \/><\/p>\n<\/div>\n<\/div><\/div><div id=\"panel-wcf45a614-0-0-1\" class=\"so-panel widget widget_sow-image\" data-index=\"1\" ><div class=\"so-widget-sow-image so-widget-sow-image-default-d6014b76747a\">\n\n<div class=\"sow-image-container\">\n\t<img src=\"https:\/\/more.efpsa.org\/conference2019\/files\/2019\/11\/Thursday.png\" width=\"3053\" height=\"2119\" srcset=\"https:\/\/more.efpsa.org\/conference2019\/files\/2019\/11\/Thursday.png 3053w, https:\/\/more.efpsa.org\/conference2019\/files\/2019\/11\/Thursday-300x208.png 300w, https:\/\/more.efpsa.org\/conference2019\/files\/2019\/11\/Thursday-768x533.png 768w, https:\/\/more.efpsa.org\/conference2019\/files\/2019\/11\/Thursday-1024x711.png 1024w\" sizes=\"(max-width: 3053px) 100vw, 3053px\" alt=\"\" \t\tclass=\"so-widget-image\"\/>\n<\/div>\n\n<\/div><\/div><div id=\"panel-wcf45a614-0-0-2\" class=\"so-panel widget widget_sow-editor\" data-index=\"2\" ><div class=\"so-widget-sow-editor so-widget-sow-editor-base\">\n<div class=\"siteorigin-widget-tinymce textwidget\">\n\t<p>&nbsp;<\/p>\n<p>&nbsp;<\/p>\n<\/div>\n<\/div><\/div><div id=\"panel-wcf45a614-0-0-3\" class=\"so-panel widget widget_sow-image\" data-index=\"3\" ><div class=\"so-widget-sow-image so-widget-sow-image-default-d6014b76747a\">\n\n<div class=\"sow-image-container\">\n\t<img src=\"https:\/\/more.efpsa.org\/conference2019\/files\/2019\/11\/Friday-morning.png\" width=\"3053\" height=\"2019\" srcset=\"https:\/\/more.efpsa.org\/conference2019\/files\/2019\/11\/Friday-morning.png 3053w, https:\/\/more.efpsa.org\/conference2019\/files\/2019\/11\/Friday-morning-300x198.png 300w, https:\/\/more.efpsa.org\/conference2019\/files\/2019\/11\/Friday-morning-768x508.png 768w, https:\/\/more.efpsa.org\/conference2019\/files\/2019\/11\/Friday-morning-1024x677.png 1024w\" sizes=\"(max-width: 3053px) 100vw, 3053px\" title=\"Friday morning\" alt=\"\" \t\tclass=\"so-widget-image\"\/>\n<\/div>\n\n<\/div><\/div><div id=\"panel-wcf45a614-0-0-4\" class=\"so-panel widget widget_sow-image\" data-index=\"4\" ><div class=\"so-widget-sow-image so-widget-sow-image-default-d6014b76747a\">\n\n<div class=\"sow-image-container\">\n\t<img src=\"https:\/\/more.efpsa.org\/conference2019\/files\/2019\/11\/Friday-after.png\" width=\"3053\" height=\"1643\" srcset=\"https:\/\/more.efpsa.org\/conference2019\/files\/2019\/11\/Friday-after.png 3053w, https:\/\/more.efpsa.org\/conference2019\/files\/2019\/11\/Friday-after-300x161.png 300w, https:\/\/more.efpsa.org\/conference2019\/files\/2019\/11\/Friday-after-768x413.png 768w, https:\/\/more.efpsa.org\/conference2019\/files\/2019\/11\/Friday-after-1024x551.png 1024w\" sizes=\"(max-width: 3053px) 100vw, 3053px\" title=\"Friday after\" alt=\"\" \t\tclass=\"so-widget-image\"\/>\n<\/div>\n\n<\/div><\/div><div id=\"panel-wcf45a614-0-0-5\" class=\"so-panel widget widget_sow-editor\" data-index=\"5\" ><div class=\"so-widget-sow-editor so-widget-sow-editor-base\">\n<div class=\"siteorigin-widget-tinymce textwidget\">\n\t<p>&nbsp;<\/p>\n<p>&nbsp;<\/p>\n<\/div>\n<\/div><\/div><div id=\"panel-wcf45a614-0-0-6\" class=\"so-panel widget widget_sow-image\" data-index=\"6\" ><div class=\"so-widget-sow-image so-widget-sow-image-default-d6014b76747a\">\n\n<div class=\"sow-image-container\">\n\t<img src=\"https:\/\/more.efpsa.org\/conference2019\/files\/2019\/11\/Saturday-morning.png\" width=\"3053\" height=\"1996\" srcset=\"https:\/\/more.efpsa.org\/conference2019\/files\/2019\/11\/Saturday-morning.png 3053w, https:\/\/more.efpsa.org\/conference2019\/files\/2019\/11\/Saturday-morning-300x196.png 300w, https:\/\/more.efpsa.org\/conference2019\/files\/2019\/11\/Saturday-morning-768x502.png 768w, https:\/\/more.efpsa.org\/conference2019\/files\/2019\/11\/Saturday-morning-1024x669.png 1024w\" sizes=\"(max-width: 3053px) 100vw, 3053px\" title=\"Saturday morning\" alt=\"\" \t\tclass=\"so-widget-image\"\/>\n<\/div>\n\n<\/div><\/div><div id=\"panel-wcf45a614-0-0-7\" class=\"so-panel widget widget_sow-image\" data-index=\"7\" ><div class=\"so-widget-sow-image so-widget-sow-image-default-d6014b76747a\">\n\n<div class=\"sow-image-container\">\n\t<img src=\"https:\/\/more.efpsa.org\/conference2019\/files\/2019\/11\/Saturday-after.png\" width=\"3053\" height=\"1921\" srcset=\"https:\/\/more.efpsa.org\/conference2019\/files\/2019\/11\/Saturday-after.png 3053w, https:\/\/more.efpsa.org\/conference2019\/files\/2019\/11\/Saturday-after-300x189.png 300w, https:\/\/more.efpsa.org\/conference2019\/files\/2019\/11\/Saturday-after-768x483.png 768w, https:\/\/more.efpsa.org\/conference2019\/files\/2019\/11\/Saturday-after-1024x644.png 1024w\" sizes=\"(max-width: 3053px) 100vw, 3053px\" title=\"Saturday after\" alt=\"\" \t\tclass=\"so-widget-image\"\/>\n<\/div>\n\n<\/div><\/div><div id=\"panel-wcf45a614-0-0-8\" class=\"so-panel widget widget_sow-editor\" data-index=\"8\" ><div class=\"so-widget-sow-editor so-widget-sow-editor-base\">\n<div class=\"siteorigin-widget-tinymce textwidget\">\n\t<p>&nbsp;<\/p>\n<p>&nbsp;<\/p>\n<\/div>\n<\/div><\/div><div id=\"panel-wcf45a614-0-0-9\" class=\"so-panel widget widget_sow-image panel-last-child\" data-index=\"9\" ><div class=\"so-widget-sow-image so-widget-sow-image-default-17bc2272b535\">\n\n<div class=\"sow-image-container\">\n\t<img src=\"https:\/\/more.efpsa.org\/conference2019\/files\/2019\/11\/Sunday-768x576.png\" width=\"768\" height=\"576\" srcset=\"https:\/\/more.efpsa.org\/conference2019\/files\/2019\/11\/Sunday-768x576.png 768w, https:\/\/more.efpsa.org\/conference2019\/files\/2019\/11\/Sunday-300x225.png 300w, https:\/\/more.efpsa.org\/conference2019\/files\/2019\/11\/Sunday-1024x768.png 1024w, https:\/\/more.efpsa.org\/conference2019\/files\/2019\/11\/Sunday.png 1550w\" sizes=\"(max-width: 768px) 100vw, 768px\" alt=\"\" \t\tclass=\"so-widget-image\"\/>\n<\/div>\n\n<\/div><\/div><\/div><\/div><\/div><\/div>\t\t\t<\/div>\n\t\t<\/div>\n\t\t\t<div class=\"sow-tabs-panel\">\n\t\t\t<div class=\"sow-tabs-panel-content\" role=\"tabpanel\" aria-hidden=\"true\">\n\t\t\t\t<div id=\"pl-w9f512710\"  class=\"panel-layout\" ><div id=\"pg-w9f512710-0\"  class=\"panel-grid panel-has-style\" ><div class=\"panel-row-style panel-row-style-for-w9f512710-0\" ><div id=\"pgc-w9f512710-0-0\"  class=\"panel-grid-cell\" ><div id=\"panel-w9f512710-0-0-0\" class=\"so-panel widget widget_sow-editor panel-first-child panel-last-child\" data-index=\"0\" ><div class=\"so-widget-sow-editor so-widget-sow-editor-base\">\n<div class=\"siteorigin-widget-tinymce textwidget\">\n\t<p style=\"text-align: justify\"><span style=\"font-size: 14pt\">From natural elements, colors, climate changes, population levels, urbanism or architecture, to modern technologies, ecological interconnectedness of humans with the world and their social background. At the first sight, all the mentioned terms might seem very heterogenous and random, but truth is, that they are all elegantly connected by the scientific domain of Envirnomental Psychology. This relatively young psychological discipline was established in the 1960s and has been changing its specific focus over time. However, it is built around one particular question, which is How environment impacts our experience, behaviour and well-being, and in the same time, how do we impact the environment by our activity? By its novelty it is reacting to real and actual topics and thus it is helping us to understand human and the surrounding world. Therefore the goal of our conference is to facilitate the participants the insight to the research and erudite perspective of the leading professionals of the field and open the discussion about actual topics to the field of Psychology.<\/span><\/p>\n<p>&nbsp;<\/p>\n<p><em><strong><span style=\"font-size: 14pt\">Let us introduce our speakers who have already confirmed their participation:<\/span><\/strong><\/em><\/p>\n<p>&nbsp;<\/p>\n<p>&nbsp;<\/p>\n<p><span style=\"color: #ed7d00;font-size: 14pt\"><b> (Ph.D.) Tony Craig<\/b><\/span><\/p>\n<p><span style=\"font-weight: 400\">Tony Craig is a senior researcher at the James Hutton Institute in Aberdeen.\u00a0 He is an environmental psychologist whose research focusses on everyday pro-environmental behaviour.\u00a0 He has worked on numerous large-scale research projects focussing on topics including electricity consumption, everyday environmental behaviours in large organisations, community responses to climate change, and the relationship between people and natural environments.\u00a0 His current portfolio of work includes a large project aimed at understanding how to shift the Scottish population to eat a healthier, more environmentally sustainable diet. He is the president of the International Association for People-Environment Studies.<\/span><\/p>\n<p><span style=\"font-size: 14pt\"><b>Making time for environmentally friendly behaviour<\/b><\/span><\/p>\n<p><span style=\"font-weight: 400\">As reports like the recent IPCC report make absolutely clear, the global environmental problems we face as a civilization require people to do things differently. Something needs to change.\u00a0 The status quo (i.e. business as usual thinking) is no longer considered to be a particularly useful way to plan for positive future.\u00a0 However, saying that is one thing, but changing things is quite another.\u00a0 Change at the level of policymaking tends to be frustratingly slow, and often involves a large degree of compromise to balance competing interests.\u00a0 Against this backdrop there is a growing recognition that the everyday life of people \u2013 the stuff that we all do as we muddle along living our lives \u2013 is an extremely important component of this puzzle that has not been given as much attention as it arguably deserves until relatively recently.\u00a0\u00a0 This talk will discuss research focussed on understanding everyday pro-environmental behaviour, with a particular focus on the spatial and temporal contexts in which everyday behaviour occurs.\u00a0 In this modern world where it can sometimes feel like no-one has any time any more, it is important to stop and ask the question, \u201cwhere is the time to behave environmentally going to come from\u201d?<\/span><\/p>\n<p>&nbsp;<\/p>\n<p><span style=\"color: #ed7d00;font-size: 14pt\"><b>(Ph.D.) Dak Kopec<\/b><\/span><\/p>\n<p style=\"text-align: justify\"><span style=\"font-weight: 400\">Dak Kopec is an Associate Professor in the School of Architecture at the University of Nevada, Las Vegas. Dak has authored several books used by interior design educators including three editions of Environmental Psychology for Design. He is a two-time Polsky Prize winner, is credited with researching, developing and administering the first low residency graduate program focused on designs for human health at the Boston Architectural College, and has been awarded honorary Fellowship to ASID (Hon.FASID).\u00a0\u00a0<\/span><\/p>\n<p style=\"text-align: justify\"><span style=\"font-weight: 400\">Dak served as a Visiting Professor at the University of Hawaii with a joint position in the schools of architecture and medicine, was listed as a Fulbright Specialist, and subsequently served two terms as a Fulbright Reviewer, and was appointed by Governor Neil Abercrombie to the health and planning council. He\u2019s been invited to Costa Rica and Qatar twice to discuss different topics related to health and wellbeing, and to Taiwan to discuss trends toward health and wellbeing. In 2017 Dak won IDEC\u2019s Community Service Award for the design of a group home for people with developmental disabilities and early onset Dementia. Today Dak is calling upon his diverse educational background in Health Sciences, Psychology and Architecture to promote interdisciplinary and person-centered design.<\/span><\/p>\n<p><span style=\"font-size: 14pt\"><b>Interior Design and Behavioral Outcomes of People with A Developmental Disability<\/b><\/span><\/p>\n<p style=\"text-align: justify\">The environment that surrounds us reflects and informs the way we behave and how we see ourselves. For the person who has a developmental disability, the influences of the surrounding environment can be more profound due to compromises in their cognitive filters. The result is that the person with a developmental disability may amplify or diminish essential raw data obtained from their physical and social environments.<\/p>\n<p style=\"text-align: justify\">Factors when developing environments for individuals who suffer from a developmental disability include provisions for basic biological urges, needs for social inclusion, and self-determination. This presentation will demonstrate methods to hinder socially unacceptable biological urges while concurrently providing designed elements that afford maximum self-determination. As natural as it would seem, the physical environment that surrounds a person has a direct relationship to a person\u2019s level of confidence, which then corresponds to levels of socialization. However, self-determination plays a significant role in the formation of the physical surroundings, and consideration for unintended consequences must be a factor for consideration.<\/p>\n<p style=\"text-align: justify\">This presentation will demonstrate how biological, social, and environmental factors come together in one environmental design for an organization that provides habilitation day care services to a low-income community of people affected with a developmental disability. This design will demonstrate how the environment can inhibit mal behaviors while complimenting social learning methods for optimal social behaviors.<\/p>\n<p style=\"text-align: justify\">Presentation Objectives:<\/p>\n<p style=\"text-align: justify\">By the end of this presentation the participants will be able to:<\/p>\n<ol style=\"text-align: justify\">\n<li>Discuss the social needs of a person with a developmental disability.<\/li>\n<li>Identify factors that impede optimal social integration for a person with a developmental disability.<\/li>\n<li>Analyze the role of the built environment when providing treatment or services to people affected by a developmental disability.<\/li>\n<li>Recall specific design measures that can be adapted to complimentary environments that serve people with developmental disabilities.<\/li>\n<\/ol>\n<p style=\"text-align: justify\">Identify three reasons why consideration for design should be as part of the rehabilitation and habilitation process for people who have a developmental disability.<\/p>\n<p>&nbsp;<\/p>\n<p><span style=\"color: #ed7d00;font-size: 14pt\"><b>(Prof.) Gerhard Reese<\/b><\/span><\/p>\n<p style=\"text-align: justify\"><span style=\"font-weight: 400\">Gerhard Reese is Professor of Environmental Psychology at the University of Koblenz-Landau in South-West Germany. He studied at the universities of Erfurt, Jena (Germany) and Canterbury (UK), and completed his PhD in 2010. In his research he investigates psychological predictors and barriers of sustainable action as well as the effect of Globalization on our identities and actions.<\/span><\/p>\n<p style=\"text-align: justify\"><span style=\"font-size: 14pt\"><b>Responding to Global Challenges \u2013 Identity, Place, and Global Citizenship<\/b><\/span><\/p>\n<p style=\"text-align: justify\">It is wide consensus that human activity is one of the main reasons for climate change and environmental degradation. A broad literature on psychological factors determining pro-environmental action and support for corresponding policies depicts the various pathways to understanding individuals\u2019 responses to the challenges of a worsening environment. However, many of these approaches tend to underestimate the importance of individuals\u2019 social embeddedness in human groups and global societies. In this talk, I will thus focus on a helpful feature of the human species \u2013 their ability to think, perceive, and act on behalf of groups. Specifically, I will present recent conceptual as well as empirical work on how social identities affect our pro- (and anti-) environmental actions on different levels of identification and culture. Further research provokes the idea of an encapsulating global identity (i.e., global citizenship) as a potential source of sustainable action in a globalized world. Findings will be discussed in the background of their policy implications and their potential role in a systemic analysis of climate change mitigation.<\/p>\n<p>&nbsp;<\/p>\n<p style=\"text-align: justify\"><span style=\"font-size: 14pt;color: #ed7d00\"><b>(Prof.) Ricardo Antonio Garc\u00eda Mira<\/b><\/span><\/p>\n<p style=\"text-align: justify\"><span style=\"font-weight: 400\">Ricardo Garc\u00eda Mira is a Full Professor of Social Psychology at the University of A Coruna, Spain, where he leads the People-Environment Research Group from 1995. He has conducted applied research in environmental issues during the last 25 years. He is also a Visiting Professor (2016-2020) at the Institute for Policy Research of the University of Bath, UK. He was elected as a Fellow of the International Association of Applied Psychology (IAAP) in 2018, and he was invested Doctor Honoris Causa by the University \u2018Alexandru Ioan Cuza\u2019 of Iasi, Romania, in 2018. Recent finished research: Funded by the European Commission FP7 and Horizon-2020 programmes, he has been the Project Coordinator of the GLAMURS project (2014-2016), as well as the LOCAW project (2011-2013), and a partner of the TRANSIT project (2014-2017). Current research: He is a partner in the European research Consortia: CONNECTING on Nature Based Solutions for Cities, and SMARTEES on Energy Efficiency and Social Innovation. He was the President of the International Association for People-Environment Studies (IAPS) (2014-2018) and he is the current President of the Institute for Psychosocial Research and Studies \u201cXoan Vicente Viqueira\u201d. European Editor of the Journal of Architectural and Planning Research. In the last years he was elected a Member of the Parliament of Spain (2015-2019), where he was the Spokesman in the Commission for the Study of Climate Change.<\/span><\/p>\n<p style=\"text-align: justify\"><span style=\"font-size: 14pt;color: #000000\"><b>Applied research for sustainability transitions and its influence in policy: The role of environmental psychology<\/b><\/span><\/p>\n<p style=\"text-align: justify\">The role of Psychology in giving responses to key societal challenges is becoming more widely recognized within the broader field of Environmental Sciences and the study of the impact of climate change in urban societies. A number of research areas have provided very useful conceptual frameworks and methodologies both for better understanding some theoretical aspects of global problems, and for exploring the humanenvironment interactions. This presentation will make an overview about the links between research and policy, as well as the constraints existing for carrying out political action in a context of complexity, analyzing the difficulties to achieve a certain degree of social responsibility. I will also analyze how the field of environmental psychology has evolutioned in Europe, including a reference to some research areas on the experience, meaning and management of the urban space, trying to throw some light for better understanding the nature of relation between applied research and political action. The development of public participation models for decision making in the planning and management of sustainability, the discussion of human factors involved in transitions to sustainable societies, the analysis of environmental risk, and the study of psychological processes involved in spatially and temporally situated human behaviour has been an important theme in our environmental psychology research over the last two decades. By analyzing these different trends in research within a European context, this work intends to give an overview of key developments in sustainability research as well as to highlight some of the important contributions environmental psychologists have made in this context within a framework of transdisciplinary collaboration.<\/p>\n<p style=\"text-align: justify\"><span style=\"color: #ed7d00;font-size: 14pt\"><b>\u00a0<\/b><\/span><\/p>\n<p style=\"text-align: justify\"><span style=\"color: #ed7d00;font-size: 14pt\"><b>(Dra.) Zenith Nara Costa Delabrida<\/b><\/span><\/p>\n<p style=\"text-align: justify\"><span style=\"font-weight: 400\">My research focuses on the study of the relation between person-environment, especially the influence of collective environments, public environments, promotion of pro-environmental behavior and social skills. My extension activity focus on rural communities for local development and technology for mental health. My classroom teaching is on methods in psychology and on environmental psychology. Under my supervision I have master students developing proposals to make environmental education a global concept and to make the restorative environment studies inclusive for disable individuals. I am the President of Brazilian Association of Environmental Psychology and Person-Environment Relationships (2018-2021) and I am visting fellow in the University of East Anglia, UK (April-July 2019).<\/span><\/p>\n<p style=\"text-align: justify\">Traditionally in science, you considerer that you know something if you are capable to convince another scientist that you have correctly applied the scientific method. However, another way to prove that you know is testing your knowledge in the real world with practical problems. We will attempt to demonstrate the possibility of application to Environmental Psychology the Lewin\u2019s proposal that the practical appliance of the theoretical concepts make the intervention more capable to achieve results likewise the application of the theoretical concepts can lead to a corroboration or disconfirmation of the theory. On the other hand, to make interventions it is important understand the role of the conception of what the environment is. The literature argues that maybe we are going in the direction of understand that we are environmental in the last point because we are made of water and mineral. When we understand it, it will not necessary anymore think about environmental problems as something separately from us. It will be seen as a gestalt. Sartre said that chose yourself is chose the humanity, we propose that chose the environment is chose ourselves.<\/p>\n<p style=\"text-align: justify\"><span style=\"font-size: 14pt;color: #ed7d00\"><b>\u00a0<\/b><\/span><\/p>\n<p style=\"text-align: justify\"><span style=\"font-size: 14pt;color: #ed7d00\"><b>(Prof.) Mirilia Bonnes<\/b><\/span><\/p>\n<p style=\"text-align: justify\"><span style=\"font-weight: 400\">Professor\u00a0of\u00a0 Social and Environmental Psychology, Founder and first Director of Centre for Inter-university Research on Environmental Psychology (CIRPA ) at Sapienza University of\u00a0 Rome. Author of many international scientific publications, including volumes, on several topics of environmental psychology, ranging from architectural psychology to conservation psychology focussed on sustainability issues. Long time Collaborator of UNESCO Program of\u00a0Ecological Sciences, Man and Biosphere(MAB),\u00a0 also as Chair of the Italian MAB Committee. Board Member of several international scientific associations and periodicals, Organizer of several international scientific Meetings, Symposia and Conferences in the domain.\u00a0\u00a0\u00a0<\/span><\/p>\n<p style=\"text-align: justify\"><span style=\"font-size: 14pt\"><b>Environmental Psychology: past and present developments<\/b><\/span><\/p>\n<p style=\"text-align: justify\">The main peculiarities of environmental psychology as a specific research domain of psychology are outlined, by pointing out its historical and geographical roots, its main conceptual frameworks and related research topics, from its early beginning to the present developments. This, by looking at both sides, (i) on one hand, to the psychological tradition - ranging from perception studies to social and ecological psychology - and (ii), on the other hand, to several other environmental sciences and technical fields, outside the psychological domain, ranging from architectural and urban design to bio-ecology and sustainability sciences . The main inputs coming from these various domains, for the developments of the field during these decades, are pointed out; these, ranging from the early and more place-based, architectural psychology to the more recent and ecology-based, psychology for sustainability issues, or conservation psychology. Within these general trends, some peculiarities of the environmental psychology development in Italy, during the last 30 years, are also briefly illustrated and discussed.<\/p>\n<p style=\"text-align: justify\"><span style=\"font-size: 14pt;color: #ed7d00\"><b>\u00a0<\/b><\/span><\/p>\n<p style=\"text-align: justify\"><span style=\"font-size: 14pt;color: #ed7d00\"><b>(Prof.) Marino Bonaiuto<\/b><\/span><\/p>\n<p style=\"text-align: justify\"><span style=\"font-weight: 400\">Marino Bonaiuto, Sapienza Universit\u00e0 di Roma. Full Professor Social Psychology (Faculty Medicine and Psychology). Director CIRPA \u2013 Centre Interuniversity Research in Environmental Psychology \u2013 (2011-). President master degree Psychology of communication and marketing (2011-).\u00a0<\/span><\/p>\n<p style=\"text-align: justify\"><span style=\"font-weight: 400\">Coordination scientific research units in public national (Ministry of Research) or international (EC 6th and 7th FP, H2020) grants, and research projects funded by private companies. 200+ publications (in international or national journals, book's chapters, edited or authored volumes) and 200+ contributions in congresses.<\/span><\/p>\n<p style=\"text-align: justify\"><span style=\"font-weight: 400\">Consultant in environmental and architectural psychology (residences, healthcare, offices, nature, etc.); and previously in work and organizational psychology (selection, assessment, development, organizational behaviours, communication, etc.).\u00a0<\/span><\/p>\n<p style=\"text-align: justify\"><span style=\"font-weight: 400\">Co-organizer 20th international conference of IAPS (Roma, 2008) and STEP3 summer school (Sardinia, 2015). IAAP Fellow award for environmental psychology (2018).<\/span><\/p>\n<p style=\"text-align: justify\"><span style=\"font-size: 14pt\"><b>Understanding environment impacts on people via environmental psychology: three basic principles.<\/b><\/span><\/p>\n<p style=\"text-align: justify\">Aim and Significance: Increasing evidence describes significant instances of urban environment impact on people. The field of environmental psychology aims to systematically study how the places people study, work, heal, and live in can exert crucial effects, by carefully detailing such consequences: from individual\u2019s cognition to her\/his affect and behaviour. By briefly overviewing some of the main projects carried out or still ongoing at CIRPA, as well as examples from broader literature, the aim is to show that when a specific urban place (whether workplace or school, hospital or residential neighbourhood, etc.) improves (vs impoverishes) a urban quality (whether natural, built, functional, social), specific positive<\/p>\n<p style=\"text-align: justify\">(vs negative) consequences derive at various levels, by considering different target users too.<\/p>\n<p style=\"text-align: justify\">Method: The main option is survey, by means of questionnaire and multivariate analyses; in some cases, field or laboratory experiments test specific cause-effects relations.<\/p>\n<p style=\"text-align: justify\">Results: All presented results demonstrate specific effects of urban planning and urbanization features on people well-being: sometimes these effects can be main and direct, some other times they can be mediated and moderated by other variables. A meaningful process and outcome framework for environment\u2019s features and person\u2019s features is proposed on the basis of three main principles characterizing the relevant scientific knowledge. 1) The structure of the environment-person effect: valence, generalizability, set (positive, general, simple vs. negative, relative, cumulative effects). 2) The process of the environment-person effect: direct and indirect (mediated) effects. 3) The timing of the environmentperson effect: short and long-term exposure, with immediate and chronic effects (spill-over and cross-systems). Some examples are offered to illustrate each case, across a range of different methods.<\/p>\n<p>&nbsp;<\/p>\n<p style=\"text-align: justify\"><span style=\"color: #ed7d00;font-size: 14pt\"><b>In\u00eas Alves<\/b><\/span><\/p>\n<p style=\"text-align: justify\"><span style=\"font-weight: 400\">In\u00eas Alves (Portugal, b. 1989) is a London based photographer and has previously completed an MA in Photography at London College of Communication.<\/span><span style=\"font-weight: 400\"><br \/>\n<\/span><span style=\"font-weight: 400\">In\u00eas\u2019 photographic practice explores the relationship between people and the space we inhabit. Her work examines the way we behave publicly and socially. It challenges the preconceptions usually expected of us as a community. The street is frequently at the centre of her practice, as a theme and as a location \u2014 it is where we can study the nature of human beings and test their limits.<\/span><\/p>\n<p>&nbsp;<\/p>\n<p style=\"text-align: justify\"><span style=\"color: #ed7d00;font-size: 14pt\"><b>Aline Barlet<\/b><\/span><\/p>\n<p style=\"text-align: justify\"><span style=\"font-weight: 400\">Doctor in Environmental Psychology, Aline BARLET has also a Master Degree of Architectural and Urban Acoustic. She teaches the sustainability issue, comfort and atmospheres from the physical and the psychological points of view, at the Higher national school of architecture and landscape of Bordeaux (Ensap-Bx). She is researcher at the GRECCAU Research Group, which she is in charge since 2017. Supervising PhDs on these subject, she participates in more than twenty national and international research projects in the fields of comfort, territorial consultation, sustainability and design. She also works as a private consultant.<\/span><\/p>\n<p style=\"text-align: justify\"><span style=\"font-size: 14pt\"><b>Sustainability as principal link between architecture and psychology<\/b><\/span><\/p>\n<p style=\"text-align: justify\">Why choose after a PhD in environmental psychology to teach and to conduct researches in an architecture school? Perhaps to have a direct impact on users' living spaces, a role in the ecological performance of architectural and urban designs, in sum to feel useful.<\/p>\n<p style=\"text-align: justify\">But, what does environmental psychology bring to future architects and to architecture? It allows, for example, to:<\/p>\n<ul style=\"text-align: justify\">\n<li>understand how man interacts with the environment by studying essential notions (perception, representation, evaluation, attitude and behaviour);<\/li>\n<li>become aware, beyond the physical components, of the subjective aspects of comfort;<\/li>\n<li>know and master territorial dialogue processes and integrate the points of view of the various actors, in particular by recognizing the user expertise;<\/li>\n<li>adopt ecological values leading to liveable, viable, reasonable and equitable spaces;<\/li>\n<li>understand certain ecological projects\u2019 underperformance of and to learn from it.<\/li>\n<\/ul>\n<p style=\"text-align: justify\">All these contributions have to be consider in the design process to place man at the heart of architectural and urban projects, still too often seen as artistic and technical expressions.<\/p>\n<p style=\"text-align: justify\">Teaching and reaserching in an architecture school can be a way to influence production of future generations and to promote a real perceptible ecological transition in practices and projects.<\/p>\n<p>&nbsp;<\/p>\n<p style=\"text-align: justify\"><span style=\"font-size: 14pt;color: #ed7d00\"><b>Cecilie Breinholm Christensen<\/b><\/span><\/p>\n<p style=\"text-align: justify\"><span style=\"font-weight: 400\">Cecilie Breinholm Christensen holds an MA. in architecture, a minor in psychology and is doing her PhD on Mobilities Design, focusing on the Metro of Copenhagen and the interplay between its spatial setting, design and human embodied practices. To study this, she uses traditional ethnographic methods in combination with new tracking technologies such as eye<\/span><span style=\"font-weight: 400\">\u2010<\/span><span style=\"font-weight: 400\">tracking glasses. She is affiliated with the Department of Architecture, Design and Media Technology, Aalborg University, and has a general research interest in how humans inhabit and make sense of their material surroundings.<\/span><\/p>\n<p style=\"text-align: justify\">Underground transport is often characterised by a functionalistic design with the intention to provide efficient transportation from point A to point B. However, it is also an urban public space that people inhabit through their movements and dwelling. From such a perspective, this talk will present a PhD study on the Metro of Copenhagen aiming at understanding capacity related issues in the Metro. Specifically, the aim is to understand the role of the spatial setting of the Metro, the agencies and affordances of its architecture and design, in relation to the human embodied practices of the people, who inhabit and use the Metro. In so doing, the study takes point of departure in a pragmatic approach to analyse situations in the Metro and trying to unfold how they come together as an assemblage of their spatial setting, embodied practices and social interactions. The overall aim of the PhD study is to create knowledge that in turn can inform the design of underground transport both as efficient transportation, but also as good urban spaces for the people that use it.<\/p>\n<p>&nbsp;<\/p>\n<p style=\"text-align: justify\"><span style=\"font-size: 14pt;color: #ed7d00\"><b>Thomas Brudermann<\/b><\/span><\/p>\n<p style=\"text-align: justify\"><span style=\"font-weight: 400\">Thomas Brudermann is the programme director of the Joint International Master\u2019s Programme in Sustainable Development at University of Graz.<\/span><\/p>\n<p style=\"text-align: justify\"><span style=\"font-weight: 400\">He has been working as a researcher and lecturer for various national and international research institutions, such as International Institute for Applied System Analysis, Vienna University of Economics and Business, University of Klagenfurt and University of Graz. He also has been a visiting researcher at the National Institute for Environmental Studies (NIES), Japan, visiting faculty at Asian Institute of Technology (AIT), Thailand, and guest lecturer at Vytautas Magnus University, Lithuania.<\/span><\/p>\n<p style=\"text-align: justify\"><span style=\"font-weight: 400\">He has a background in informatics and economic psychology, and his current research focusses on decision making and decision analysis related to sustainability and innovation research.<\/span><\/p>\n<p style=\"text-align: justify\"><span style=\"font-size: 14pt\"><b>Decision Making and the Environment (Alternative title: Human Decisions and Climate Change)<\/b><\/span><\/p>\n<p style=\"text-align: justify\">Human decisions cause a variety of environmental impacts, including biodiversity loss, radical changes in biochemical flows, or climate change. These impacts pose an unprecedented challenge to society. Adaptation and mitigation strategies addressing these impacts will require public acceptance on national and global scales as well as international cooperation. A transitions towards \u201csustainable societies\u201d will hardly be a linear and straight-forward process.<\/p>\n<p style=\"text-align: justify\">Understanding human decision making \u2013 including decisions made by citizens, organizations and households \u2013 is a key to develop effective and feasible strategies for sustainable development. This lecture will give an overview on how insights from environmental psychology and related fields add to the understanding of human decisions, and how the formulation of sustainability strategies may benefit from these insights<\/p>\n<p>&nbsp;<\/p>\n<p style=\"text-align: justify\"><span style=\"color: #ed7d00;font-size: 14pt\"><b>Prof. Dr. Ebru CUBUKCU<\/b><\/span><\/p>\n<p style=\"text-align: justify\"><span style=\"font-weight: 400\">Prof. Dr. Ebru <\/span><span style=\"font-weight: 400\">CUBUKCU is the Professor of City and Regional Planning Department in the Faculty of Architecture, Dokuz Eylul <\/span><span style=\"font-weight: 400\">University, Izmir, TURKEY. She received her PhD from The Ohio State University, US, in the year 2003. Amongst the list of selected honors she received includes, PhD Scholarship to Study Abroad, Higher Education Association, Prime Ministry of Turkish Republic, (1998-2002), The Ohio Commendation Medal, Ohio, US., (2004); Award for Excellence in Teaching, The Graduate School of Natural and Applied Sciences, Dokuz Eylul University (2010). Her research interests focus on human behavior and physical environment, perception and cognition in virtual environments, post occupancy evaluation, environmental aesthetics, creativity and walkability. Currently, amongst others, she is conducting a long-term research project on active living and environmental determinants of physical activity supported by The Scientific and Technological Research Council of Turkey (TUB\u0130TAK). Her other research projects are funded by Scientific Research Projects at Dokuz Eylul University and Izmir Development Agency. She has been serving in the editorial board of Archnet \u2013 International Journal of Architectural Research since 2010, and Asian Journal of Environment Behavior Studies since 2009, Housing and Built Environment since 2018. <\/span><span style=\"font-weight: 400\">She has review<\/span><span style=\"font-weight: 400\">ed papers for various journals and conference proceedings including, The Environmental Design Research Association (EDRA), Color Research and Application, Building and Environment, Environment and Planning B, Gazi University Journal of Science, Journal of Housing and Built Environment.<\/span><\/p>\n<p style=\"text-align: justify\">Short Abstract: In 2007 a private firm in Seattle, Washington began to measure and publish walkability maps of cities, neighborhoods, and streets via \u201c<a href=\"http:\/\/walkscore.com\/\">walkscore.com<\/a><a href=\"http:\/\/walkscore.com\/\">\u201d<\/a>. Although \u201cwalkscore\u201d have been criticized for its parameters, it has been used in urban design to create better environments for all and to design better environments which encourages people to walk more in cities. Besides those maps influence house values in cities and can be used to provide the most pleasurable routes (instead of the shortest\u00a0 route) in cities when one needs to travel from one destination to another. Such maps have been published for developed countries and they are based on various parameters. However the parameters that influence walkability in cities may change from one culture to another. No such initiative has been undertaken in developing countries. This study aims to introduce and discuss an alternative model to measure walkability on street level via Geographic Information Systems (GIS). About 12000 street segments in Izm\u0131r, Turkey (third largest city in Turkey) have been digitized. A walkability score (based on street networks, landuse, environmental aesthetic, traffic safety,\u00a0 perceived safety in the neighbourhood etc. ) for each street segment was measured via GIS and its extension Spatial Design Network Analysis (SDNA). Walkability maps of the selected case area was produced and whether those maps are parallel to people\u2019s choice of active transportation (behavior) was investigated. Data on 185 participant\u2019s travel behavior was \u00a0gathered via travel surveys, GPS and accelerometer devices. Results show that those maps are valid in predicting people\u2019s choice of active travel (walk).<\/p>\n<p style=\"text-align: justify\"><span style=\"font-weight: 400\">\u00a0<\/span><span style=\"font-weight: 400\">\u00a0<\/span><\/p>\n<p style=\"text-align: justify\"><span style=\"color: #ed7d00;font-size: 14pt\"><b>Dr. Fiona de Vos<\/b><\/span><\/p>\n<p style=\"text-align: justify\"><span style=\"font-weight: 400\">Fiona de Vos is a pioneer on <\/span><span style=\"font-weight: 400\">environmental psychology and <\/span><span style=\"font-weight: 400\">healing environments in the Netherlands. She is the founder and owner of Studio dVO (1996), a small consulting and research firm specialized in the interaction between the built environment and people. <\/span><span style=\"font-weight: 400\">Her mission is to improve the fit between healthcare settings and its users, in order to enhance healing and wellbeing, and to improve a healthcare organization\u2019s clinical outcomes, economic performance, productivity, and customer satisfaction. Studio dVO works closely with (healthcare) organizations, architects, and interior designers to improve environments by incorporating essential psychological considerations. Fiona de Vos is specialized in the programming and evaluation of healthcare settings. In working closely with patients, visitors and staff she helps organizations to create environments that better suit the needs of their users. As an independent researcher she evaluates the strengths and weaknesses of healthcare settings in order to improve the efficiency and satisfaction of staff and wellbeing of patients and visitors. <\/span><span style=\"font-weight: 400\">De Vos received her Ph.D. (2006) in Environmental Psychology on Healing Environments at the Graduate Center of the City University of New York. <\/span><span style=\"font-weight: 400\">Fiona has published three books, teaches at different Dutch Universities and is a speaker and consultant on healthcare design and healing environments in Europe and the United States.<\/span><\/p>\n<p style=\"text-align: justify\"><span style=\"font-size: 14pt\"><b>Beyond cosmetics: Improve well-being and health by adding psychology to design in hospitals.<\/b><\/span><\/p>\n<p style=\"text-align: justify\">Preferred contribution is presentation of 45 \u2013 60 min in large lecture room<\/p>\n<p style=\"text-align: justify\">Creating an environment that enhances wellbeing and independence for patients families and staff in hospitals requires a <em>true<\/em> understanding of the impact the environment has. The psychological impact of the environment cannot be underestimated. A building can enhance or diminish users\u2019 efficiency, well-being and satisfaction. It pays off to really dig in and add psychological insights to the design process. The attention, time, and devotion spent early in the design process will result in a building that actually \u2018fits\u2019; a place where people flourish.<\/p>\n<p style=\"text-align: justify\">This session will provide two basic principles of environmental psychology that are essential in understanding the interaction between people and the environment. Examples of applying these two principles will be shared. Next a theoretical model on holistic healing environments will be given that can be used as a starting point when defining a vision and strategic objectives for building a hospital. From there, eight dimensions for creating a healing environment will be introduced as a tool to develop a behavioral program of requirements and to evaluate existing hospitals. The session will conclude with sharing the benefits of adding psychology to design such as improving a healthcare organization\u2019s clinical outcomes, economic performance, productivity, and customer satisfaction and a reflection on the design process and ways to engage communities to improve this process and the end product: a building that better fits.<\/p>\n<p style=\"text-align: justify\">Objectives<\/p>\n<ul style=\"text-align: justify\">\n<li>Test your assumptions. Assuming we know how users will respond to design features is no longer enough. Verify and use available knowledge.<\/li>\n<li>Understand the benefits of knowing the specific design-behavior relationship for patients, families and staff.<\/li>\n<li>Apply the model and 8 dimensions of healing environment when designing a hospital.<\/li>\n<li>Learn how to improve the design process in order to create a building that better suits the needs of its users.<\/li>\n<\/ul>\n<p>&nbsp;<\/p>\n<p style=\"text-align: justify\"><span style=\"font-size: 14pt;color: #ed7d00\"><b>Mari<\/b><\/span><span style=\"font-size: 14pt;color: #ed7d00\"><b>ne DEMANGE<\/b><span style=\"font-weight: 400\">\u00a0<\/span><\/span><\/p>\n<p style=\"text-align: justify\"><span style=\"font-weight: 400\">Urbanist, graduated from the Urbanism Institute of Bordeaux (France) and, since 2017, independent interior designer in Barcelona (Spain), I speciali<\/span><span style=\"font-weight: 400\">s<\/span><span style=\"font-weight: 400\">ed in wellness and ways of enjoying space through a sensitive and sensory approach.<\/span><\/p>\n<p style=\"text-align: justify\"><span style=\"font-weight: 400\">My latest research has focused on considering this approach in adapting public spaces to face the current challenge of an aging population.<\/span><\/p>\n<p style=\"text-align: justify\"><span style=\"font-weight: 400\">The consideration of emotions and perceptions in the design process, through a transdisciplinary methodology, is now a central part of my work.<\/span><\/p>\n<p style=\"text-align: justify\"><span style=\"font-size: 14pt\"><b>Psychology applied to architecture and urban planning<\/b><span style=\"font-weight: 400\">: <\/span><b>Representation of the city by the senses and manufacture of the senses by the city<\/b><\/span><\/p>\n<p style=\"text-align: justify\">Well-being, lifestyle quality and sustainability, represent a set of specific preoccupations to this century. In this quest, a radical transformation of our relationship to the environment is needed to end with architectural and urban spaces until now thought under the only influence of a rationalist current, responsible for the functional sterilization of our environment.<\/p>\n<p style=\"text-align: justify\">However, this same environment is made up of sounds, materials, colours, uses and forms that affect us, acting on our well-being and our behaviour. The relationship between humans and the environment has a very important sensory, affective and emotional dimension.<\/p>\n<p style=\"text-align: justify\">As you have understood, thinking about quality and sustainable developments implies understanding and apprehending the subjective relationship between users and the environment.<\/p>\n<p style=\"text-align: justify\">But the question is worth asking: what place does architectural and urban conception give to sensations?<\/p>\n<p style=\"text-align: justify\">We think in error that we cultivate urban and architectural experiences exclusively visual because it is the dimension that predominates in the representation and memory that we make of these spaces.<\/p>\n<p style=\"text-align: justify\">Beyond the sight, consider all the sensory perceptions generated by our environment requires a different spatial approach to capture, transcribe, and use these invisible images of the city to design spaces that are responsive to users' needs.<\/p>\n<p>&nbsp;<\/p>\n<p style=\"text-align: justify\"><span style=\"color: #ed7d00;font-size: 14pt\"><b>Majd Gharib<\/b><\/span><\/p>\n<p style=\"text-align: justify\">My name is Majd Gharib. I have a BA in Architecture from Al Ba\u2019ath University, Syria, and I obtained a MSc in Construction from Izhevsk State Technical University, Russia.<\/p>\n<p style=\"text-align: justify\">In my master studies, I noticed the lack of design considerations based on psychological factors in urban reconstruction which is specifically important in post-war reconstruction. I addressed this gap in my project and proposed guidelines to include psychological factors in the post-war urban planning and design strategies.<\/p>\n<p style=\"text-align: justify\">Later I met Prof. Jan A. Golembiewski and Prof. Ahmed A. Moustafa, both are well-known in research regarding architecture and neuropsychology, and they were interested in my work, which led to scientific cooperation that resulted in writing the paper that I will be discussing in this conference. It was published in 2017.<\/p>\n<p style=\"text-align: justify\"><span style=\"font-weight: 400\">He worked as an Architect for three years at Arkhstroyinvest, a leading architectural bureau in Izhevsk, Russia, then he started working remotely about a year ago for the US based company Cognitive Design in Atlanta, GA, and he is still currently working there as Research and Design Consultant.\u00a0<\/span><\/p>\n<p style=\"text-align: justify\">I worked as an Architect for three years at Arkhstroyinvest, a leading architectural bureau in Izhevsk, Russia, then I started working remotely about a year ago for the US based company Cognitive Design in Atlanta, GA, and I am still currently working there as Research and Design Consultant.<\/p>\n<p style=\"text-align: justify\"><span style=\"font-size: 14pt\">\u201c<strong>Mental health and urban design \u2013 zoning in on PTSD<\/strong>\u201d.<\/span><\/p>\n<p style=\"text-align: justify\">The review firstly explores the relationship between mental health and urban design, pursuing the role of urban design in both health promotion and illness prevention against the mental illness epidemics, by conducting a comprehensive literature search; secondly, a systematic literature search is conducted to explore the relationship between urban design and posttraumatic stress disorder (PTSD) specifically. Apparently, health in general and urban design do share a solid history, however, even though mental health\/urban design relationship has been increasing over the past 20, they seem to share a weak historical relationship, and even recent research that tries to define links between the two is still preliminary. On the other hand, a gap in knowledge can be addressed regarding the relationship between PTSD and urban design.<\/p>\n<p style=\"text-align: justify\"><span style=\"font-weight: 400\">\u00a0<\/span><\/p>\n<p style=\"text-align: justify\"><span style=\"font-size: 14pt;color: #ed7d00\"><b>Caroline H\u00e4gerh\u00e4ll<\/b><\/span><\/p>\n<p style=\"text-align: justify\"><span style=\"font-weight: 400\">Caroline H\u00e4gerh\u00e4ll, has MSc and PhD degrees in Landscape Architecture and is currently professor in environmental psychology at the Dept. of Work Science, Business Economics and Environmental Psychology at the Swedish University of Agricultural Sciences in Sweden.\u00a0<\/span><\/p>\n<p style=\"text-align: justify\"><span style=\"font-weight: 400\">Her research covers perception and experience of outdoor spaces and natural patterns and the connection to preference and wellbeing. Her work on landscape perception is interdisciplinary\/cross-disciplinary and covers both theoretical and practical approaches to human-environment transactions.<\/span><\/p>\n<p style=\"text-align: justify\"><span style=\"font-size: 14pt\"><b>Environmental experience beyond the urban \u2013 nature dichotomy<\/b><\/span><\/p>\n<p style=\"text-align: justify\">There is a convincing body of theory and research showing that experiencing nature have positive effects on human health and well-being. However, most studies apply a broad and relatively vague definition of nature. Furthermore, the qualities of nature is often assessed in the context of comparing them with urban built environments. Although this broad and comparative approach has given insights on a general level, it neglects the fact that people experience a more broad set of environments in their everyday life and the effects of variation and detailed content of environments is understudied. Going beyond a nature vs urban and green vs grey dichotomy in research can promote new theoretical development and understanding as well as increase the relevance and impact of results in planning and design practises. This talk will discuss the effects of nature on people by giving examples of empirical research departing from structural properties of nature or comparisons of content and variation within scene types. The presentation will also look into the future and discuss how the development in sensor technology and experience sampling techniques in real life settings could change the scene.<\/p>\n<p>&nbsp;<\/p>\n<p style=\"text-align: justify\"><span style=\"color: #ed7d00;font-size: 14pt\"><b>Andreas Homburg<\/b><\/span><\/p>\n<p style=\"text-align: justify\"><span style=\"font-weight: 400\">Andreas Homburg is professor and Head of the Psychology School at the Hochschule Fresenius, Wiesbaden, Germany (University of Applied Sciences). His Research interests are: (1) Description, analysis, and promotion of environmentally friendly and sustainable behaviours in various contexts (local authorities, companies, households, universities, schools). (2) Evaluation Research (e.g Evaluation ofinterventions with the objective of encouraging energy-efficient behaviour). He is co-editor of the journal \"Umweltpsychologie\".<\/span><\/p>\n<p>Further information\/examples for his work see <a href=\"https:\/\/www.researchgate.net\/profile\/Andreas_Homburg www.umweltpsychologie.de www.echo-Energie.de\">here<\/a>.<\/p>\n<p style=\"text-align: justify\"><span style=\"font-weight: 400\">\u00a0<\/span><\/p>\n<p style=\"text-align: justify\"><span style=\"color: #ed7d00;font-size: 14pt\"><b>Tom\u00e1\u0161 Chabada<\/b><\/span><\/p>\n<p style=\"text-align: justify\"><span style=\"font-weight: 400\">Tom\u00e1\u0161 Chabada is a\u00a0Ph.D. student and researcher at the Department of Environmental Studies at the Faculty of Social Studies at Masaryk University. He has participated on various projects mapping relationships of Czech people towards nature and environment, their environmental attitudes and behaviour. In his dissertation, he analyses attitudes and behaviour of Czech public related to the climate change and their determinants.<\/span><\/p>\n<p style=\"text-align: justify\"><span style=\"font-size: 14pt\"><b>Climate attitudes and behaviour of the Czech public\u00a0<\/b><\/span><\/p>\n<p style=\"text-align: justify\">The lecture will provide an overview of attitudes and behaviour of Czech public related to the climate change. This overview will build upon recent representative surveys focused on the topic of climate change. Czech society will be compared with other European societies based on the internationally organised surveys, such as Eurobarometer and European Social Survey.<\/p>\n<p style=\"text-align: justify\">Attitudes towards the climate change could be determined by various social factors, such as socio-demographic variables, but also by various cultural factors, such as value orientations, political attitudes, and environmental beliefs. Determinant factors identified within the Czech public will be compared with the results of previous international studies.\u00a0 Last part of the lecture will introduce how we could segment Czech public according to their climate related behaviour. Cluster analysis of survey \u201cCzech public and climate change 2015\u201d identified five segments of the Czech public that differ in their current climate behaviour and their willingness to implement such behaviour in the future. These are Greens, Promising, Domestic, Passive and Sceptical segments, which also differ in terms of sociodemographic and other socio-cultural variables.<\/p>\n<p>&nbsp;<\/p>\n<p style=\"text-align: justify\"><span style=\"color: #ed7d00;font-size: 14pt\"><b>Ond\u0159ej K\u00e1cha<\/b><\/span><\/p>\n<p style=\"text-align: justify\"><span style=\"font-weight: 400\">Ond\u0159ej K\u00e1cha is MPhil student in <\/span><span style=\"font-weight: 400\">Social Psychology in the Department of Psychology at the University of Cambridge and a member of the Cambridge Social Decision-Making Lab. His research interests include cooperation in social dilemmas such as climate change and human-environment interactions. Prior to Cambridge, Ond\u0159ej worked as a behavioural scientist at IdeaSense and received his MA in Psychology from the Masaryk University in the Czech Republic.<\/span><\/p>\n<p style=\"text-align: justify\"><span style=\"font-size: 14pt\"><b>Dismantling the ignorance: four practical insights from psychological science to increase public engagement with climate change<\/b><\/span><\/p>\n<p style=\"text-align: justify\">While the great majority of Europeans believe that climate change is happening, most of them are not strongly concerned about the issue. Why do we ignore what might be the most difficult challenge our society has ever faced? Psychologists have long studied how people deal with problems that are abstract and distant in time and space, such as climate change. In short - we do poorly. In my talk I will explore social and cognitive roots of people\u2019s ignorance towards the changing climate. I will then present several insights from psychological science that were successfully applied to improve public engagement in a range of proenvironmental behaviours \u2013 including electricity saving, water conservation and reducing production of carbon dioxide. These realworld examples add to the growing body of evidence that applying insights from psychology can help in reducing our destructive ignorance towards the climate change. This offers a tremendous opportunity for psychologists to engage with policy makers and environmental agencies, using their knowledge to spark the much-needed public action.<\/p>\n<p>&nbsp;<\/p>\n<p style=\"text-align: justify\"><span style=\"color: #ed7d00;font-size: 14pt\"><b>Mgr. et Mgr. \u0160\u00e1rka K\u0159epelkov\u00e1<\/b><\/span><\/p>\n<p style=\"text-align: justify\"><span style=\"font-weight: 400\">Student and lecturer of Ecopsychology and Experiential Learning.<\/span><\/p>\n<p style=\"text-align: justify\"><span style=\"font-weight: 400\">The aim of my PhD study at Environmental studies at\u00a0Masaryk University is the field of ecopsychology, specifically a development of the relationship to nature and its influence on child expression and behavior.\u00a0I combine experience and pedagogy together. I lecture topics related to the creation of the relationship to nature and the application of experiential learning into environmental education.\u00a0For more than ten years, I have devoted to experiential learning especially at the\u00a0Vacation School Lipnice.\u00a0I evaluate environmental education programs.<\/span><\/p>\n<p style=\"text-align: justify\">Children\u2019s contact with nature has recently been a frequent topic of environmental education articles and conferences. The need for relevant information in this area arises in the context of popularizing the topic based on the concern that children spend boldly less time in nature in comparison with the past, and on the contrary, the time that children nowadays spend on screens grows.<\/p>\n<p style=\"text-align: justify\">The studies show why it is good to spend a time with children in nature, what benefits contact with nature brings and what are the consequences for their future conservation behavior. The theoretical studies assume, and the empirical ones confirm that nature has a positive effect on the human psyche and affects the experience and behavior of the individual. There are many studies that explore the aspects of the impact of contact with nature on a child's experience and they usually differ in their focus. Researches are devoted specifically to the cognitive aspects of personality and the development of the child's emotional sensitivity. Another field is the level of self-competence, competence and self-sufficiency due to acquired skills, degree of discipline and selfcontrol. The aim of this paper is to present the key findings of these studies.<\/p>\n<p style=\"text-align: justify\"><span style=\"font-weight: 400\">\u00a0<\/span><\/p>\n<p style=\"text-align: justify\"><span style=\"font-size: 14pt;color: #ed7d00\"><b>Igor Kytka<\/b><\/span><\/p>\n<p style=\"text-align: justify\"><span style=\"font-weight: 400\">Igor studies psychology at Charles University in Prague, Czech Republic. He is a researcher at The University Centre for Energy Efficient Buildings of The Czech Technical University in Prague. He is a member of the Participatory Planning and Design team.\u00a0<\/span><\/p>\n<p style=\"text-align: justify\"><span style=\"font-weight: 400\">Psychologist among technicians. Cooperation with architects, urbanists or software developers and energy experts that defines his fields of interest. From the psychological perspectives he looks for opportunities of cross-field cooperation. He takes part in two national research projects aimed at user research in energy distribution and e-mobility.<\/span><\/p>\n<p style=\"text-align: justify\"><span style=\"font-size: 14pt\"><b>Psychologist in the buildings\u2019 design process<\/b><\/span><\/p>\n<p style=\"text-align: justify\"><em>\"First life, then spaces, then buildings \u2013 the other way around never works.\"<\/em> by Jan Gehl<\/p>\n<p style=\"text-align: justify\">Psychologists with their skills and knowledge in the field of user research can contribute to design better buildings. When communication with technical professionals is also mastered, psychologists can become equal partners to architects and urbanists in design process. Buildings should serve to people thus the understanding of users\u2019 behaviour, needs, motivation, values and other psychological phenomena is fundamental.<\/p>\n<p style=\"text-align: justify\">During the workshop participants will work on a real-life project \u2013 Community Centre \u2013 using user research and participatory design methods that are used in the introductory phase of the design process.<\/p>\n<p>&nbsp;<\/p>\n<p style=\"text-align: justify\"><span style=\"font-size: 14pt;color: #ed7d00\"><b>My Lunsj\u00f6<\/b><\/span><\/p>\n<p style=\"text-align: justify\"><span style=\"font-weight: 400\">My Lunsj\u00f6 is a building architect and urban planner working in Copenhagen, Denmark. On top of her masters degree in architecture she has an additional master in environmental psychology, and therefore a cross-disciplinary approach focusing on the application of theoretical knowledge into concrete design projects.<\/span><\/p>\n<p style=\"text-align: justify\"><span style=\"font-weight: 400\">My Lunsj\u00f6 has five years of work experience from architectural studios, and has recently changed employment to the City of Copenhagen. Here she will integrate knowledge from environmental psychology into real life design processes and challenges within the society.\u00a0<\/span><\/p>\n<p style=\"text-align: justify\"><span style=\"font-size: 14pt\"><b>Integration of knowledge from the field of environmental psychology into architectural design processes.<\/b><\/span><\/p>\n<p style=\"text-align: justify\">Research in the field of environmental psychology contains a great amount of knowledge about the relationship between people and their socio-physical context \u2013 from how the context impact their activities, to how it influences their health and well-being<em>. <\/em>However, most often architects working in practices are unaware about this academic knowledge, and hence base their design decisions on their own understanding, experience and intuitive preferences, rather than an evidence-based knowledge of how their design influence and engage the users.<\/p>\n<p style=\"text-align: justify\">Many environmental psychology researchers agree that the knowledge from the field is currently not being implemented to a satisfying level in the creation and maintenance of the everyday physical environments in our societies.<\/p>\n<p style=\"text-align: justify\">What are the main obstacles for incorporation of academic knowledge into architectural design processes? How can we create clear strategies for the integration of environmental psychology research into architectural practice? How could the framework for collaborations between architects\/designers and psychologists look?<\/p>\n<p>&nbsp;<\/p>\n<p style=\"text-align: justify\"><span style=\"font-size: 14pt;color: #ed7d00\"><b>Michal Matlo\u0148<\/b><\/span><\/p>\n<p style=\"text-align: justify\"><span style=\"font-weight: 400\">Michal studied applied psychology at Comenius University in Bratislava. He explores how architecture and environment affect our thinking, feeling and behavior. He contributes to creation of spaces enabling people to be healthier, feel better, create communities, and fulfill their potential. Michal currently works for a real estate developer HB Reavis, where he advises on human-focused design principles. In the past, he also worked in the fields of technology, photography, journalism and branding, creating a pool of multidisciplinary knowledge he uses today.<\/span><\/p>\n<p style=\"text-align: justify\"><span style=\"font-size: 14pt\"><b>How can psychologists make office design better for humans?<\/b><\/span><\/p>\n<p style=\"text-align: justify\">In today's office design, there are multiple pressures influencing the decisions about workplace design. There\u2019s a constant cost-saving pressure by operational and finance people, often focused on short-term financials. There are the managers, voicing the needs of their departments, as well as projecting their own ideas about how a workplace should look like. Then there are the architects, bringing their creative and problem-solving input. For a psychologist, coming today into this already lively discussion, there\u2019s a question \u2013 how to fit in here? Although we are still creating (or rather re-creating) our role in architecture and design, there\u2019s a lot we can contribute. We can help create spaces where people will feel better, have better mental health and even do a better job at their work. Our knowledge can benefit both the people and companies employing them. I will show you what are the topics and problems you can help solve as a psychologist and inspire you with practical examples of how psychology can be applied in office design and architecture.<\/p>\n<p>&nbsp;<\/p>\n<p style=\"text-align: justify\"><span style=\"color: #ed7d00;font-size: 14pt\"><b>Mgr. Jana Merhautov\u00e1<\/b><\/span><\/p>\n<p style=\"text-align: justify\"><span style=\"font-weight: 400\">Mgr. Jana Merhautov\u00e1 (born 1964).\u00a0 A founder and director of the Eco Art Therapy Institute Private practice: Art psychotherapist, supervisor, lecturer of accredited courses and training. The academic education at the Charles University of Prague, at the Faculty of Humanistic\u00a0 - graduated the Master's degree in Supervision. Psycho-therapeutic education in the field of art therapy: a deep-oriented psychotherapy focused on art therapy.\u00a0 The Institute of Global Education - Applied Eco-psychology - Project Nature Connect USA -\u00a0 the Ph.D study programme. Foundation of accredited educational institution with many programs for social services (in 2008) accredited by The Ministry of Labour and Social Work of The Czech Republic and by the Ministry of Education\u00a0 of the Czech Republic with training programs focused on Eco Art Therapy and Eco Artefiletic (awarded Trademark by Industrial Property Office). Shee works with the ECO ART principle, which is an innovative psycho-therapeutic direction, based on an artistic way of self-expression in nature, strong experiences in it, and imaginative psycho-therapeutic techniques. Member of the Committee of the Czech Art Therapy Association with guaranteed membership, where she is also an accredited supervisor. Member of the EUROTAS European Transpersonal Association, included in the National Register of the Independent Social Services Experts. Externally,\u00a0 she teaches at the Faculty of Humanistic Studies of the Charles University in Prague \"Creative Approaches in Supervision\" and at\u00a0 the Faculty of Arts\u00a0 \" Author\u00b4s work\u00a0 as a Psyche Projection Screen\".\u00a0Currently she is preparing a project\u00a0 called the \"Psyche Wellness\" in the National Park Czech Switzerland.<\/span><\/p>\n<p style=\"text-align: justify\"><span style=\"font-size: 14pt\"><b>Eco Art Therapy - landscape as a human`s psyche projection screen<\/b><\/span><\/p>\n<p style=\"text-align: justify\">The lecture introduces the innovative psychotherapeutic method called the Eco Art Therapy, which connects the art therapy with the ecopsychology and transpersonal psychology. The method has been taken place in the environment of the protected Elbe Sandstone Landscape, the Elbe Canyon, and the Czech Switzerland National Park. We have alienated ourselves from the nature for a long time. Our healthy mechanisms stopped working a long time ago. Statistics of civilization diseases, including psychiatric diseases, are inexorable. Our relationship to the nature is often completely neglected. Many people feel that they are not affected by any environmental threats. Now is very trendy just to have fun, entertainment and amusement.\u00a0 Yet there is a considerable part of our population that is eager to live in a different way.\u00a0 They are not indifferent to the fate of the planet or the fate of humanity. After 25 years of my psychotherapeutic practice, I have recorded many positive results on a human psyche using wildlife and spontaneous artistic self-expression as a treatment. This treatment requires stepping out from our comfort zone and conventional ways of self-knowledge.<\/p>\n<p style=\"text-align: justify\">The Eco Art Therapy method is based on having deep experiences in nature, when we learn to perceive her in details, accept her archaic powers, and establish a personal empathic relationship with the nature. This creates an opportunity to establish an empathic relationship with others too.<\/p>\n<p style=\"text-align: justify\">The landscape creates a projection screen of our psyche; it can show us how our personality functions, where our strengths or weaknesses are, but also helps us to find a right direction if we do not know where to go. We are working with Dr. Cohen studies about senses, who described 54 human senses. Discovering these senses is the way to come back to a healthier functioning of our body and psyche.<\/p>\n<p style=\"text-align: justify\">\u00a0If we are in a deep harmony with the nature and its inner wisdom, it can helps us to support a deeper meaning of our existence as well. Therapeutic stays in wild have healing potentials and they are strongly transformative. We are touching our inner selves and often discovering our deepest desires during these stays. We encourage very much self-expression in a non-rational way. We also emphasize on personal experience, freeing up accumulated unexpressed emotions and opening our own creativity and spontaneity.<\/p>\n<p style=\"text-align: justify\">Emotionally strong places in wild nature awaken the wildest forces in us that we normally are not in contact with. They can help us to reconcile with our thoughts, values, and beliefs, and not to search help from the outside world but to rely on our own resources. Nature is our best teacher if we let her to teach us. When we listen to her, we strengthen our immune system, our mental health and the healthiest parts too.<\/p>\n<p style=\"text-align: justify\">The result of this work is our need to live in harmony with the nature, to protect her, to take real responsibility and to perform our talents. Bringing a spiritual dimension to our life and giving a true meaning to it.<\/p>\n<p>&nbsp;<\/p>\n<p style=\"text-align: justify\"><span style=\"font-size: 14pt;color: #ed7d00\"><b>Ana Mirea<\/b><\/span><\/p>\n<p style=\"text-align: justify\"><span style=\"font-weight: 400\">Ana Mirea, now based in London, graduated from \u201cIon Mincu\u201d Faculty of Architecture and Urbanism of Bucharest-Faculty of Architecture in March 2016 but also studied for a semester as an Erasmus student at Universita Degli Studi di Palermo, Facolta di Architettura, in 2014. Currently, she is a Ph.D. Student, at the same university where she graduated from, with a thesis entitled The Influence of the Built Environment from Childhood on the Brain, under the supervision of Ph.D. Arch. Dorin Stefan and Ph.D. Andrei Miu.<\/span><\/p>\n<p style=\"text-align: justify\"><span style=\"font-size: 14pt\"><b>The Influence of the Environment and the Brain<\/b><\/span><\/p>\n<p style=\"text-align: justify\">The aim of the workshop is to find correlations between the environment that one grew up in and the future architectural preferences. Our research will be based on two questionnaires, one related to their childhood environment and the other to their current preferences. The influence of the environment (both built and natural) they grew up in is essential to their future as humans, as it shapes who they are. Major differences are dictated by the culture and traditions of each geographic area. The diversity of human behaviors is fascinating, their metamorphosis from one region to another, determining the variety of habits and behaviours. But what makes people unique is, in fact, their differences, the ones that come from our different backgrounds. We dwell to the extent that we preserve the essence in things, build, as far as we are able to preserve the essence, this means being authentic and striving to preserve our cities and natural habitats. Heidegger states that architecture should be like a bridge, who unites two banks of a river, subtle enough, but meaningful and capable of enhancing the beautiful qualities of the scenery. Are we creating bridges for future generations, to inhabit our Mother Earth?<\/p>\n<p>&nbsp;<\/p>\n<p style=\"text-align: justify\"><span style=\"font-size: 14pt;color: #ed7d00\"><b>Jos\u00e9 Manuel Palma-Oliveira<\/b><\/span><\/p>\n<p style=\"text-align: justify\"><span style=\"font-weight: 400\">Prof. Palma-Oliveira\u2019s is interested in the interaction between human societies and the <\/span><span style=\"font-weight: 400\">environment focused in risk perspectives.<\/span> <span style=\"font-weight: 400\">Professor of the University of Lisbon is past-president of SRA- Europe; Fellow since<\/span> <span style=\"font-weight: 400\">2012, and 2016\u2019s recipient of the Society of Risk Analysis Presidential Merit Award \u201cfor<\/span> <span style=\"font-weight: 400\">his humanitarian and scientific contributions \u2026 (and for being) a distinguished educator<\/span> <span style=\"font-weight: 400\">and mentor to international students and a leading member of Society in thought and<\/span> <span style=\"font-weight: 400\">action\u201d. Also is a Distinguished Visiting Scholar of University of Virginia, Dept of Systems<\/span> <span style=\"font-weight: 400\">and Information Engineering. He currently lectures in Europe,<\/span> <span style=\"font-weight: 400\">North and South America, etc. about environmental solutions and environmental<\/span> <span style=\"font-weight: 400\">science.<\/span><\/p>\n<p style=\"text-align: justify\"><span style=\"font-weight: 400\">He made significant contributions to environmental and risk policy in Portugal and in<\/span> <span style=\"font-weight: 400\">the EU. He was the Chairman of Quercus, the most active environmental NGO in<\/span> <span style=\"font-weight: 400\">Southern Europe, and a member of the Portuguese National Water Council during the<\/span> <span style=\"font-weight: 400\">90\u00b4s. He was President of the Board of the Foundation for the Protection of the Salinas<\/span> <span style=\"font-weight: 400\">(wetlands) Samouco between 2001 and 2008, and a Board member of the European<\/span> <span style=\"font-weight: 400\">Federation of Transport and Environment (Brussels\u2013EU advocacy group) from 1997 to<\/span> <span style=\"font-weight: 400\">2010.\u00a0<\/span><\/p>\n<p style=\"text-align: justify\"><span style=\"font-weight: 400\">During this time was an invited expert in EU policy working groups (air quality,<\/span> <span style=\"font-weight: 400\">noise, etc.). In that context he developed a model of modal transport change.<\/span> <span style=\"font-weight: 400\">CEO of Palma, Lda, is a consultant (former board member and partner) of Ambimed for hazardous hospital waste, a consultant of Secil (cement company) for co-processing<\/span> <span style=\"font-weight: 400\">of alternative fuels (waste) and coordination of the science policy, namely using<\/span> <span style=\"font-weight: 400\">Industrial hazardous waste and was the Chairman (mentoring and designing) of Parks<\/span> <span style=\"font-weight: 400\">of Industrial Ecology, focusing on waste treatment compounds. He works<\/span> <span style=\"font-weight: 400\">currently as a consultant in Portugal, Tunisia and Brazil. He was involved in the design<\/span> <span style=\"font-weight: 400\">and implementation of the most advanced solid waste compounds of large areas in<\/span> <span style=\"font-weight: 400\">Portugal.<\/span><\/p>\n<p style=\"text-align: justify\"><span style=\"font-weight: 400\">He has 100% success rate in dealing with in the so-called \u201cNIMBY\u201d or high-risk<\/span> <span style=\"font-weight: 400\">perception projects.<\/span> <span style=\"font-weight: 400\">His unique approach to risk communication and risk environmental analysis is based in<\/span> <span style=\"font-weight: 400\">an attempt of constructing a shared knowledge base and grounded of this profound<\/span> <span style=\"font-weight: 400\">knowledge of the logic and the pay-off perceived by the different groups at the different<\/span> <span style=\"font-weight: 400\">decision levels. In is actively working in communities and companies resilience, and just<\/span> <span style=\"font-weight: 400\">edited a book (with Igor Linkov) in resilience of critical infrastructures.<\/span><\/p>\n<p style=\"text-align: justify\"><span style=\"font-size: 14pt\"><b>Predicting Community and psychological resilience in a changing climate\u00a0<\/b><\/span><\/p>\n<p style=\"text-align: justify\">The concept of Anthropocene was introduced for describing the onset of a new geological epoch where our species was the main influence. I will present research that shows that particularly since the systematic use of agricultural practices (around 6000BC) not only there is a radical change of the ecosystems throughout the globe, but essentially a change in the human societies and their organization. Until now the consequences of the societal changes (i.e., higher chronic stress, total absence of perceived control in a high percentage of the population, power imbalances between genders, etc.) are underestimated. We will present research that shows the negative consequences those changes for human health and wellbeing, particularly when associated with pollution and urban life.<\/p>\n<p style=\"text-align: justify\">This combined alteration where of particular \u2013negative- importance in moments where climate change is a major threat. It will be predicted that communities\u2019 resilience depends upon two main factors: a) the degree by witch the ecosystem is dependent of the Human action and b) the degree by witch stress and inequality abound.<\/p>\n<p style=\"text-align: justify\"><span style=\"font-size: 14pt\"><b>Community driven Hypothesis testing in overcoming \u201cNot in My backyard syndrome\u201d<\/b><\/span><\/p>\n<p style=\"text-align: justify\">Where governments, project planners, and commercial developers seek to develop new infrastructure, industrial projects, and various other landand resource-intensive tasks, veto power shared by various local stakeholders can complicate or halt progress. Risk perception and communication has been used as an attempt to address stakeholder concerns in these contexts, but has demonstrated shortcomings. These coordination failures between project planners and stakeholders can be described as a specific kind of social dilemma that we describe as the \u201ctragedy of the anticommons.\u201d To overcome such dilemmas, we demonstrate how a two- step process can directly address public mistrust of project planners and public perceptions of limited decision-making authority. This approach is examined via two separate empirical field experiments in Portugal and Tunisia, where public resistance and anticommons problems threatened to derail emerging industrial projects. In both applications, an intervention is undertaken to address initial public resistance to such projects, where specific public stake- holders and project sponsors collectively engaged in a hypothesis-testing process to identify and assess human and environmental health risks associated with proposed industrial facilities. These field experiments indicate that a rigorous attempt to address public mistrust and risk perceptions.<\/p>\n<p>&nbsp;<\/p>\n<p style=\"text-align: justify\"><span style=\"color: #ed7d00;font-size: 14pt\"><b>Evangelia Pavlaki<\/b><\/span><\/p>\n<p style=\"text-align: justify\"><span style=\"font-weight: 400\">My name name is Evangelia\u00a0Pavlaki\u00a0and I am a PhD researche<\/span><span style=\"font-weight: 400\">r<\/span><span style=\"font-weight: 400\"> and teaching assistant from the Department of Architecture and Built Environment in the University of Nottingham,\u00a0UK. I have registered to give a presentation to the upcoming EFSPA 2019 conference taking place in Prague in\u00a0November.<\/span><\/p>\n<p style=\"text-align: justify\"><span style=\"font-weight: 400\">My main area of interest is Urban Design and Placemaking where I also\u00a0hold a Master of Architecture. My current PhD research focuses primarily on the relationship between Media Architecture and Placemaking. IThe urban design studios where i teach have as a fundamental background the\u00a0revitalisation\u00a0of public space, the enhancement of social interaction and community feeling and the application of creative, innovative and sustainable ideas in the process of making.<\/span><\/p>\n<p style=\"text-align: justify\"><span style=\"font-size: 14pt\"><span style=\"font-weight: 400\">\u00a0<\/span><b>Urban Regeneration Vs Placemaking: Opportunities to improve human experience in public space in the contemporary regenerated City.<\/b><\/span><\/p>\n<p style=\"text-align: justify\">Urban regeneration initiatives in UK cities are ultimately necessary due to the rapid growth of urbanization. Over the last 20 years there has been a dramatic increase in projects planned to provide more dense, sustainable and financially and socially viable communities. Although their success can be witnessed in terms of the growing numbers of people now residing in those areas, urban regeneration, as any top-down approach shows also some major challenges. These challenges are mostly based on the fact that urban regeneration strategies are formed in order to deliver a particular set of predetermined design outcomes and requirements without considering human-centered parameters like visual stimulation, social interaction, comfort and enjoyment.<\/p>\n<p style=\"text-align: justify\">So, how can Placemaking potentially address those issues? Placemaking is a versatile approach to urban design which aims to infuse with quality, activity and character different types of public space so that they will be loved and used properly by residents. Moreover, digital Placemaking is seeking to achieve this vision by implementing innovative digital technologies into traditional Placemaking schemes.<\/p>\n<p style=\"text-align: justify\">The goal of this study is to explore the diverse opportunities that digital placemaking offers for the transformation of contemporary urban regenerated spaces into vital and charming areas having a \u201crich\u201d humanenvironment interaction as their main priority.<\/p>\n<p style=\"text-align: justify\"><span style=\"font-weight: 400\">\u00a0<\/span><\/p>\n<p style=\"text-align: justify\"><span style=\"font-size: 14pt;color: #ed7d00\"><b>Ivo Ponocny<\/b><\/span><\/p>\n<p style=\"text-align: justify\"><span style=\"font-weight: 400\">Ivo Ponocny is Full Professor at MODUL Private University Vienna, Department for Sustainability, Governance, and Methods. He has a background in Psychology and Statistics, including professional experience in the Austrian national statistical institute and psychometrics. Currently, he focuses his research on quality of life and its assessment from a societal perspective, subjective well-being, and social sustainability as well as pro-environmental behavior and the various barriers opposed to it.<\/span><\/p>\n<p style=\"text-align: justify\"><span style=\"font-size: 14pt\"><b>Well-being and environmental behavior: the marginal role of sustainability in daily life<\/b><\/span><\/p>\n<p style=\"text-align: justify\">The lack of sustainability of our life style is one of the most striking examples for the well-known discrepancies between attitudes and actual behavior of human beings: though society is aware of the need for a more sustainable way-of-life, the necessary steps are way behind what would be desirable. Various theoretical models have been formulated describing the path from attitude to pro-environmental behavior (PEB) and the barriers against. Unfortunately, the problem about pro-environmental behavior is a mix of very fundamental issues which are outlined in the presentation.<\/p>\n<p style=\"text-align: justify\">The lecture specificly reports about an own study on living conditions (500 qualitative interviews about good and bad circumstances of life) which demonstrates these issues: Although a majority made some remarks about the quality of environment as an important aspect of quality-of-life, only an overall number of 63 people mentioned the performance of some concrete personal PEB. A closer study of the taxonomy of PEB unveiled that, additionally, the performance of proenvironmental behaviors is very selective towards comparably lowengagement actions which are the most popular ones by far.<\/p>\n<p style=\"text-align: justify\"><span style=\"font-size: 14pt\"><b>Psychological barriers against pro-environmental behavior<\/b><\/span><\/p>\n<p style=\"text-align: justify\">The workshop will start with a stimulus presentation about psychological aspects of pro-environmental behavior, including some general remarks on altruistic behavior in general, dissonance theory, and approaches stemming from other disciplines (such as the tragedy of the commons or ecological economics). In a couple of classroom exercises, these psychological effects shall be demonstrated and discussed, in particular the lack of emotional links to our daily hassles and responsibilities, combined with a lack of self-efficacy and a couple of general psychological if not logical obstacles. It will be shown why so-called bigger-then-selfissues (such as the striving for sustainable development) may be characterized as \u201cwicked problems\u201d, a class of problems which are extremely hard to tackle.<\/p>\n<p style=\"text-align: justify\">Students will also have to discuss reasons for their personal ways of behaving, including well-known effects such as green consumerism, consumer scapegoatism and the ubiquitous tokenism.<\/p>\n<p style=\"text-align: justify\">At the end, communication aspects shall be elaborated, in particular regarding the proper design of persuasive campaigns and how they need to respect the different levels of societal behavior, ranging from the individual to the aggregate level of policy-making.<\/p>\n<p>&nbsp;<\/p>\n<p style=\"text-align: justify\"><span style=\"font-size: 14pt;color: #ed7d00\"><b>Michael Rada\u00a0<\/b><\/span><\/p>\n<p style=\"text-align: justify\"><span style=\"font-weight: 400\">Michael Rada is a President and Project Father.\u00a0<\/span><\/p>\n<p style=\"text-align: justify\"><span style=\"font-weight: 400\">23+ years of industrial and logistic environment background helps me to develop and introduce tools of systematic Waste prevention in the rigid structure of global business environment ruled by fifth most profitable industry in the World \u2013 the Waste Industry.\u00a0<\/span><\/p>\n<p style=\"text-align: justify\"><span style=\"font-weight: 400\">With 42 I started a Blue Ocen Project by defining tools, methods, and applying them simultaneously in the business environment of production and logistics companies. Struggling on the psychological weapons used by the Waste industry I have learned to use them against its creators finding a cure for the ill set environment.\u00a0<\/span><\/p>\n<p style=\"text-align: justify\"><span style=\"font-weight: 400\">My WAKE-UP CALL presentations sound already over 100 times not only in Czech but France, Latvia, Slovakia preparing for the global INDUSTRY 5.0 Education tour for 2020.\u00a0<\/span><\/p>\n<p style=\"text-align: justify\"><span style=\"font-weight: 400\">Starting my business career as a worker, my business card carry at the moment the President title, along with the title of PROJECT FATHER which I am proud of.\u00a0<\/span><\/p>\n<p style=\"text-align: justify\"><span style=\"font-size: 14pt\"><b>INDUSTRY 5.0 \u2013 FROM WASTEFUL TO WASTELESS,\u00a0FIRST INDUSTRIAL EVOLUTION EVER LEAD BY MAN\u00a0<\/b><\/span><\/p>\n<p style=\"text-align: justify\">We are living in a rich World. The only suffering we feel is the desire for more. If hungry we go to buy food, if thirsty we go to buy a drink or just let the water flow from a tap. HUMAN SOCIETY changed to CONSIETY in just a few decades of its existence.<\/p>\n<p style=\"text-align: justify\">Along with society changes the industry. The results are evaluated on quantity, not the quality and the stories mean more than results.\u00a0 We are ready to pay billions to storytellers which in five years collect just 2000 kg of plastic Waste from the ocean after being funded 35 million USD. On hackathons, stories and ideas are collected for free, just in favor of the possibility to win a fraction of money we invested in our time.<\/p>\n<p style=\"text-align: justify\">WASTING presents RICHNESS and nobody cares that virtual currencies consist just of ZEROs and ONCEs.<\/p>\n<p style=\"text-align: justify\">CAN WE CHANGE THAT?<\/p>\n<p style=\"text-align: justify\">YES, WE DO and today is the time to learn how from a man who was able to stop more than 350.000 metric tons of products and materials become waste without single Penny funded. First the Result then the Story.<\/p>\n<p style=\"text-align: justify\"><span style=\"font-weight: 400\">\u00a0<\/span><\/p>\n<p><b style=\"text-align: justify;color: #ed7d00;font-size: 18.6667px\">Gerhard Reese\u00a0<\/b><\/p>\n<p><span style=\"font-weight: 400\">Gerhard Reese is Professor of Environmental Psychology at the University of Koblenz-Landau in South-West Germany. He studied at the universities of Erfurt, Jena (Germany) and Canterbury (UK), and completed his PhD in 2010. In his research he investiagtes psychological predictors and barriers of sustainable action as well as the effect of Globalization on our identities and actions.<\/span><\/p>\n<p><span style=\"font-size: 14pt\"><strong>Responding to Global Challenges \u2013 Identity, Place, and Global Citizenship<\/strong><\/span><\/p>\n<p><span style=\"font-weight: 400\">It is wide consensus that human activity is one of the main reasons for climate change and environmental degradation. A broad literature on psychological factors determining pro-environmental action and support for corresponding policies depicts the various pathways to understanding individuals\u2019 responses to the challenges of a worsening environment. However, many of these approaches tend to underestimate the importance of individuals\u2019 social embeddedness in human groups and global societies. In this talk, I will thus focus on a helpful feature of the human species \u2013 their ability to think, perceive, and act on behalf of groups. Specifically, I will present recent conceptual as well as empirical work on how social identities affect our pro- (and anti-) environmental actions on different levels of identification and culture. Further research provokes the idea of an encapsulating global identity (i.e., global citizenship) as a potential source of sustainable action in a globalized world. Findings will be discussed in the background of their policy implications and their potential role in a systemic analysis of climate change mitigation.<\/span><\/p>\n<p>&nbsp;<\/p>\n<p><b style=\"text-align: justify;color: #ed7d00;font-size: 18.6667px\"><\/b><b style=\"text-align: justify;color: #ed7d00;font-size: 18.6667px\"><\/b><b>Esther Roelofs<\/b><\/p>\n<p><span style=\"font-size: 14pt\"><b>Managing Partner at WorkWire<\/b><\/span><\/p>\n<p><span style=\"font-weight: 400\">As a workplace strategist and psychologist, Esther lives at the intersection of business objectives and workplace design. For 20 years, Esther has helped clients reshape their workplace decision-making process by defining the strategic business objectives that can be enabled through innovative design solutions. She has learned that great places to work are always focused on the people who work there. Esther is co-creator of Workplace Nudging, a change methodology that addresses behavioral challenges and psychological resistance to change in the workplace.<\/span><\/p>\n<p><a href=\"https:\/\/www.linkedin.com\/in\/estherroelofs\/\"><span style=\"font-weight: 400\">https:\/\/www.linkedin.com\/in\/estherroelofs\/<\/span><\/a><\/p>\n<p><span style=\"font-size: 14pt\"><b>Workshop: Workplace Strategy and Design<\/b><\/span><\/p>\n<p><span style=\"font-weight: 400\">The idea of workplace has changed dramatically over time. It\u2019s not just about the physical cost of occupying a building but, critically, the output of the workforce occupying it. We now look at the workplace as a motivator: done right the workplace can provide employees with a positive sense of purpose. It can contribute to enhanced health and wellbeing, create a sense of community and improve pride in a place of work. All of which significantly enhance productivity and contribute to the attraction and retention of talent. At WorkWire, we call this \u201cEmpowering Workplaces\u201d.<\/span><\/p>\n<p><span style=\"font-weight: 400\">This workshop starts with a look back in time how different management styles resulted in different office types. Then we get started with some workplace consulting tools that work towards a strategic intent for a workplace transformation project. We look at the strategic goals of an organization and the needs of the employees. Bringing them together in a common denominator (\u201cValue Fit\u201d) is an important starting point for framing goals with regard to the new work environment. The results are then translated into important workplace characteristics that go with this \"Value Fit\".<\/span><\/p>\n<p>&nbsp;<\/p>\n<p style=\"text-align: justify\"><span style=\"font-size: 14pt;color: #ed7d00\"><b>Craig Stasiuk<\/b><\/span><\/p>\n<p style=\"text-align: justify\"><span style=\"font-weight: 400\">My name is Craig Stasiuk and I am an MSc graduate from the University of Surrey, and am currently based in Bangor, North Wales.\u00a0<\/span><\/p>\n<p style=\"text-align: justify\"><span style=\"font-weight: 400\">I worked as an Environmental Psychologist in Vancouver at the architect firm\u00a0<\/span><i><span style=\"font-weight: 400\">HCMA Architecture + Design,<\/span><\/i><span style=\"font-weight: 400\">\u00a0where I helped create post occupancy packages which were designed to see how occupants were actually utilising space within buildings.\u00a0<\/span><\/p>\n<p style=\"text-align: justify\"><span style=\"font-weight: 400\">I have also worked at Oxfam UK in the Humanitarian department and in Singapore at The Winstedt International School.<\/span><\/p>\n<p style=\"text-align: justify\"><span style=\"font-size: 14pt\"><b>\u00a0Exploring the intersection of Architecture and Environmental Psychology<\/b><\/span><\/p>\n<p style=\"text-align: justify\">Environmental Psychology offers data driven decisions that provide evidence for design and planning decisions and as a result can create richer design processes within architectural planning. It explores the parameters and variables that might alter a person\u2019s behaviour, productivity, mood, and attitude within a particular space. Techniques both quantitative and qualitative can be used to help find out what occupants want from their building and research can help designers create better spaces to increase well-being.<\/p>\n<p style=\"text-align: justify\"><span style=\"font-weight: 400\">\u00a0<\/span><\/p>\n<p style=\"text-align: justify\"><span style=\"color: #ed7d00;font-size: 14pt\"><b>Prof. Ing. Arch. Vladim\u00edr \u0160imkovi\u010d, PhD.<\/b><\/span><\/p>\n<p style=\"text-align: justify\"><span style=\"font-weight: 400\">In his practice, he has dealt with many diverse areas - from theory\u00a0 of architecture to restoration of historical\u00a0 objects to digital architecture and its broader context - especially the overlap into virtuality. He is a co-author of the renewal of the University Library in Bratislava and other monuments.<\/span><\/p>\n<p style=\"text-align: justify\"><span style=\"font-weight: 400\">Interest in phenomenology and the psychology of the environment (particularly in terms of analytical psychology) and its possible application as a starting point in architecture is his constant concern.<\/span><\/p>\n<p style=\"text-align: justify\"><span style=\"font-size: 14pt\"><b>Psychological characteristics as the main guide in architectural creation\u00a0 in the European context<\/b><\/span><\/p>\n<p style=\"text-align: justify\">Prof. Ing. arch. Vladim\u00edr \u0160imkovi\u010d, PhD., Ing. arch. Tatiana Voz\u00e1rov\u00e1<\/p>\n<p style=\"text-align: justify\">The study explores the spatial inclinations in architectural creation based on personality traits. The authors performed a testing with students of architecture at Slovak Technical University in Bratislava, Dresden University of Technology, Centre for Information Technology and<\/p>\n<p style=\"text-align: justify\">Architecture at KADK Kopenhagen, Politechnika Gda\u0144ska, Universidad Polit\u00e9cnica de Madrid and Technical University of Ko\u0161ice. The objective was to confirm the correlation between spatial preferences of personalities and their dominant psychological traits in European context. The test was composed of psychological and spatial parts. The authors have chosen MBTI typology which addresses to diversity in perception. The spatial test consisted of a range of spatial parameters and processes of creative thinking. 386 students of architecture have been collaborating on research. Final statistical analyses have shown the existence of statistically significant correlations between psychological traits and spatial preferences in architectural creation. The results of the study with the evaluation, discussion, possible continuation and limitation are the subject of the contribution.<\/p>\n<p style=\"text-align: justify\"><span style=\"font-size: 14pt\"><b>Unconsciousness and Environment - Sea in Bratislava<\/b><\/span><\/p>\n<p style=\"text-align: justify\">Prof. Ing. arch. Vladim\u00edr \u0160imkovi\u010d, PhD.<\/p>\n<p style=\"text-align: justify\">Reflection on the very old problem of the subconscious mirroring of the inner and outer world. Some reflections on the perceived common images\u00a0 - spatial archetypes of the environment as a basis for creation are efforts to apply phenomenologically oriented approaches in architectural design. As a more specific example, we present here the problem of so called \"Sea in Bratislava\". It is an attempt to describe a common subconscious feeling of a certain number of inhabitants and visitors about the signs of the presence of the sea or a large lake near the city. In fact, none of them could ever see it because it existed before 9 million years. The contributions of geologists concretise the factual state of art and thus create a prerequisite for demonstrating architectural designs inspired by this approach.<\/p>\n<p>&nbsp;<\/p>\n<p style=\"text-align: justify\"><span style=\"color: #ed7d00;font-size: 14pt\"><b>Nour Tawil \u00a0&amp; Natalia Olszewska<\/b><\/span><\/p>\n<p style=\"text-align: justify\"><span style=\"font-weight: 400\">Nour Tawil is a Lebanese, Beirut based architect with extensive experience in project management and delivery of medium to big scale residential, hospitality, and commercial projects. After finishing her Architectural Engineering bachelor in 2003, she immediately began her practice in Beirut, working with a multitude of architectural firms and real estate developers.<\/span><\/p>\n<p style=\"text-align: justify\"><span style=\"font-weight: 400\">Nour\u2019s upbringing in war-ridden Beirut exposed her to the traumatic impact and fueled her passion for psychology and the understanding of brain processes. She pursued her master\u2019s degree in \u201cNeuroscience applied to Architectural Design\u201d, the world\u2019s first program combining two vastly different disciplines within the fields of arts and science, and graduated in 2018 from Universita Iuav di Venezia, Italy, with her work focusing on psychiatric spaces.<\/span><\/p>\n<p style=\"text-align: justify\"><span style=\"font-weight: 400\">Nour\u2019s main subject of interest revolves around the impact of architecture on mental health, cognition and behavior. She\u2019s working towards the identification and development of architectural solutions that promote well-being, help prevent mental disorders (where possible), and support the vulnerable population in building a strong beneficial relationship with their environment.<\/span><\/p>\n<p><span style=\"font-size: 12pt\"><b>Natalia Olszewska<\/b><\/span><\/p>\n<p style=\"text-align: justify\"><span style=\"font-weight: 400\">Natalia is a practicing medical doctor. She also works as the Lead for Human Metrics Lab at HUME, the science-informed architecture and urban design studio created by the architect and researcher Itai Palti. Being a graduate in medicine (Jagiellonian Univeristy &amp; Tor Vergata), neuroscience (Sorbonne Universit\u00e9 &amp; ENS), Brain and Mind studies (UCL) and \u2018Neuroscience applied to Architectural Design' (IUAV university) she aims to work between disciplines and create insights which could change our architectural and urban environment and make it more user friendly. At work, she combines her deep care for people and their well-being with her passion for architecture and design. Her specific professional interest is the impact of architecture on different aspects of our lives: social, behavioural, health &amp; well-being and cognition.<\/span><\/p>\n<h6 style=\"margin-left: 1.65pt\"><strong><span style=\"font-size: 14pt\">Architecture &amp; mental health<\/span><\/strong><\/h6>\n<p style=\"text-align: justify\">Recent research has confirmed the direct relationship between the built environment and our mental health and well-being. The interdisciplinary efforts of neuroscience and architecture are providing a new perspective on how architecture can impact our body\/brain system and behavior, proposing to reapply the neglected human centric approach.<\/p>\n<p style=\"text-align: justify\">In every conscious experience, a human mind processes an emotion, a cognitive response, and a specific perception, all related to the physical milieu the subject is occupying, resulting in variations in the sense of wellbeing, mood and behavior.<\/p>\n<p style=\"text-align: justify\">In the case of mental disorders, the sensitivity to the architectural environment is higher due to the occupant\u2019s special physical, mental and emotional conditions. Mental disorders are behavioral or mental patterns causing significant distress or impairment of personal functioning.\u00a0 Understanding the different natures of the pathologies and recognizing the specific spatial needs of the mentally ill can contribute to developing more responsive, restorative and optimized spaces.<\/p>\n<p style=\"text-align: justify\">In this presentation, we highlight the role of the built environment in improving the lifestyle of the population suffering from mental disorders with an attempt to identify key architectural elements of environmental quality that help with the creation of an enhanced healing environment.<\/p>\n<p>&nbsp;<\/p>\n<p style=\"text-align: justify\"><span style=\"color: #ed7d00;font-size: 14pt\"><b>Alina Mia Udall<\/b><\/span><\/p>\n<p style=\"text-align: justify\"><span style=\"font-weight: 400\">Alina has a passion for teaching and research in environmental psychology. In 2013, she completed a Postgraduate Certificate in (Higher) Education in Psychology from the University of Southampton. Alongside teaching, at Bournemouth University, Alina researched what motivates people to behave moral and pro-environmental. Alina then completed a Ph.D. at the University of Bath, looking at how people\u2019s identities (e.g., environmental self-identity, social identity, and place identity), play an important role for explaining pro-environmental behaviour. Next, Alina went to the Warwick Business School (WBS) and tested how these different identities predict pro-environmental behaviour, alongside the dominant psychological theories used in environmental psychology (i.e., theory of planned behaviour, norm-activation theory, its extension, value-belief norm theory, theory of habit, and social identity model of pro-environmental action). Also, at WBS, Alina worked with Dr Daniel Read and Dr Umar Taj to develop and test a new seven-step process, namely Nudgeathon, which was used to help individual businesses to become environmentally friendly (Udall et al., 2019). Finally, Alina is at the Norwegian University of Science and Technology (NTNU), where she still researches identity and the dominant psychological theories in environmental psychology. In addition, Alina continues collaborations with Daniel and Umar to test\/validate this seven-step process (Nudgeathon) in Norway.<\/span><\/p>\n<p><span style=\"font-size: 14pt\"><b>How I See Me: The Power of Identities for Changing Pro-Environmental Behaviour<\/b><\/span><\/p>\n<p style=\"text-align: justify\"><span style=\"font-weight: 400\">Research in environmental psychology has shown that people\u2019s identities shape their pro-environmental behaviour (PEB).\u00a0 However, it is unknown how different identities are related to specific PEBs. I will present work that was in collaboration with the University of Bath, Maastricht University, University of Groningen, and NTNU, where we aimed to study these identity and behaviour relationships.\u00a0 Specifically, I examine three gaps in the present literature. First, research in identities and PEB has expanded rapidly over the last 20 years, including the variety of identity measures which have been developed, with no systematic review. Therefore, I report on a systematic review showing what identities and measures have been studied.\u00a0 Second, to further test how the identities related to PEB I report a meta-analysis. Finally, multiple identities are assumed to simultaneously explain PEB, yet no primary empirical study has attempted to assess this claim. Therefore, I report on a survey study among a UK representative sample (n = 578), which measured the identity types found in the systematic review, and meta-analysis and test these in relation to PEB.\u00a0 For the first time, I reveal that 15 identity factors emerged, whereby nine explained PEB. I conclude by showing how to help further develop and move the research in identities and PEB forward, theoretically, and in practice.\u00a0\u00a0<\/span><\/p>\n<p>&nbsp;<\/p>\n<p style=\"text-align: justify\"><span style=\"font-size: 14pt;color: #ed7d00\"><b>Linda van de Sande MSc<\/b><\/span><\/p>\n<p style=\"text-align: justify\"><span style=\"font-weight: 400\">Hi! I am Linda van de Sande MSc.<\/span><\/p>\n<p style=\"text-align: justify\"><span style=\"font-weight: 400\">As a little girl, I wanted to be an architect. In the end, I decided to study social psychology and specialise in attitudes and decision making. After some years in advertising, I discovered environmental psychology and landed a job at an architecture firm. I helped design a hospital, an airport, a university, many offices and even whole neighbourhoods. I work as a freelance researcher and design consultant, and I teach design students at the Amsterdam University of Applied sciences how to apply psychology in a digital world.<\/span><\/p>\n<p style=\"text-align: justify\">So, you are interested in psychology and you want to understand people\u2019s minds and motivations? I have some bad news for you: only 5% of our behaviour is conscious and rational.<\/p>\n<p style=\"text-align: justify\">We are constantly influenced by what is around us. For example, It affects where we click, what we buy, what we believe, where we go, and how we feel.<\/p>\n<p style=\"text-align: justify\">Research shows that good design can make us healthier, happier and smarter. Bad design is also bad for business. If people don\u2019t like, don\u2019t understand or can\u2019t use your product or service, they will ignore it. Therefore, we have the responsibility to design well for people.<\/p>\n<p style=\"text-align: justify\">I believe there is still a big gap between how our brain works and how the world around us is organised. Join me for an interactive presentation and learn six psychological principles to design better for people.<\/p>\n<p><span style=\"font-size: 14pt\"><strong>Abstract:<\/strong><\/span><\/p>\n<p style=\"text-align: justify\"><span style=\"font-weight: 400\">So, you are interested in psychology and you want to understand people\u2019s minds and motivations? I have some bad news for you: only 5% of our behaviour is conscious and rational.\u00a0<\/span><\/p>\n<p style=\"text-align: justify\"><span style=\"font-weight: 400\">We are constantly influenced by what is around us. For example, It affects where we click,\u00a0what we buy, what we believe, where we go, and how we feel. \u00a0<\/span><\/p>\n<p style=\"text-align: justify\"><span style=\"font-weight: 400\">Research shows that good design can make us healthier, happier and smarter. Bad design is also bad for business. If people don\u2019t like, don\u2019t understand or can\u2019t use your product or service, they will ignore it. Therefore, we have the responsibility to design well for people.\u00a0<\/span><\/p>\n<p style=\"text-align: justify\"><span style=\"font-weight: 400\">I believe there is still a big gap between how our brain works and how the world around us is organised. Join me for an interactive presentation and learn six psychological principles to design better for people.<\/span><\/p>\n<p>&nbsp;<\/p>\n<p style=\"text-align: justify\"><span style=\"color: #ed7d00;font-size: 14pt\"><b>Mgr. <span style=\"color: #ed7d00\">Zdenka<\/span> <span style=\"color: #ed7d00\">Vostova<\/span><\/b><\/span><\/p>\n<p style=\"text-align: justify\"><span style=\"font-weight: 400\">Zdenka Vostova is a Gestalt therapist and mediator. Being passionate about environmental issues her whole life, she has focused on helping clients who suffered from environmental grief or ecological anxiety. She has also published numerous articles on this topic.<\/span><\/p>\n<p style=\"text-align: justify\"><span style=\"font-weight: 400\">In her practice, Zdenka Vostova benefits from her professional experience gained in a day care center at the Psychosomatic Clinic, where she worked with people who have suffered from depression, anxiety and trauma. Today, she offers individual therapy, a variety of group programs and seminars.<\/span><\/p>\n<p style=\"text-align: justify\"><span style=\"font-weight: 400\">In addition to being a therapist, Zdenka Vostova is a mediator listed by the Ministry of Justice, and focuses on alternative dispute resolution.<\/span><\/p>\n<p style=\"text-align: justify\"><span style=\"font-size: 14pt\"><b>Environmental grief, anxiety and trauma - impacts of the environmental crisis on mental health<\/b><\/span><\/p>\n<p style=\"text-align: justify\">A growing body of scientific evidence demonstrates that the effects of climate change and other environmental problems are linked to gradually increasing rates of depression, anxiety, suicidal intentions, post-traumatic stress, and a host of negative emotions including anger, hopelessness, despair, and a feeling of loss. Among the registered symptoms of ecoanxiety are panic attacks, loss of appetite, irritability, obsessive thinking, and insomnia.<\/p>\n<p style=\"text-align: justify\">This lecture addresses the problem of environmental grief, anxiety and trauma by integrating results from numerous fields of researches and includes examples from Zdenka Vostova\u2019s own therapy practice, where she focuses on helping clients with these issues.<\/p>\n<p style=\"text-align: justify\">This lecture further explores the dimensions of environmental grief, the intersections and differences between this kind of grief and our more commonly understood kinds of sorrow. Vostova will explore reasons why grief over losses in the living non-human world often lacks an appropriate avenue for both expression and healing.<\/p>\n<p style=\"text-align: justify\">She will also share some internal and external therapeutic strategies to cope with this rather new and complicated kind of grief and anxiety.<\/p>\n<p>&nbsp;<\/p>\n<p><span style=\"font-size: 14pt\"><b style=\"color: #ed7d00;text-align: justify\">Ond\u0159ej Pe\u0161out, Ph.D.<\/b><\/span><\/p>\n<p style=\"text-align: justify\">My research emphasis falls within self-regulated learning (SRL) and metacognition. I have conducted a number of studies investigating how k12 and college students regulate their behavior on cognitive tasks. I am particularly interested in the extent to which instruction within classroom contexts can facilitate regulation, performance, and strategy use.<\/p>\n<p style=\"text-align: justify\">Recently, I have been focusing on classroom peer interactions and their effects to facilitate and scaffold students\u2019 SRL skills. We are currently designing instructpions to assist teachers in utilizing students\u2019 social interactions in promoting regulatory behavior, reading comprehension, and problem-solving skills in their classrooms.<\/p>\n<h6 style=\"text-align: left\"><strong><span style=\"font-size: 14pt\">Promoting Classroom Discussion of Controversial Environmental Issues in the Current Czech Educational Context<\/span><\/strong><\/h6>\n<p style=\"text-align: justify\">Debate skills over environmental policy can be deemed as a core priority for the current education. Especially, in the society that is swarmed with heated debates over various evidence of negative impacts of human activity on the planet environment. However, the current Czech classroom practice do not typically focus on communication skills in discussing<\/p>\n<p style=\"text-align: justify\">controversial\u00a0\u00a0 issues.\u00a0\u00a0 This\u00a0\u00a0 presentation\u00a0\u00a0 focuses\u00a0\u00a0 on\u00a0\u00a0 promoting\u00a0\u00a0 classroom\u00a0\u00a0 discussion\u00a0 \u00a0on controversial\u00a0\u00a0 environmental\u00a0\u00a0 issues\u00a0\u00a0 in\u00a0\u00a0 K12\u00a0\u00a0 classroom\u00a0\u00a0 environment.\u00a0\u00a0 We\u00a0\u00a0 introduce contemporary\u00a0\u00a0 frameworks\u00a0\u00a0 for\u00a0\u00a0 engaging\u00a0\u00a0 students\u00a0\u00a0 in\u00a0\u00a0 discussion\u00a0\u00a0 on\u00a0\u00a0 controversial\u00a0\u00a0 topics.\u00a0\u00a0 The\u00a0\u00a0 study\u00a0\u00a0 proposes\u00a0\u00a0 four\u00a0\u00a0 directions\u00a0\u00a0 in\u00a0\u00a0 establishing productive classroom discussion: 1) upholding standards for high quality talk, 2) scaffolding argumentation and conversation skills among students, 3) training preservice teachers in fostering productive discourse, and 4) conducting empirical studies on transition from no-discussion to discussion-centred classroom instructions. Discussing environmental policy in young generations deems a great promise for establishing a culture of wellreasoned and thoughtful evidence-based approach in both governmental and citizens\u2019 day-to-day decisions. Removing\u00a0\u00a0 obstacles\u00a0\u00a0 that\u00a0\u00a0 hinder\u00a0\u00a0 development\u00a0\u00a0 of\u00a0\u00a0 classroom\u00a0\u00a0 discussion\u00a0\u00a0 as\u00a0\u00a0 an efficient instructional tool may greatly enhance children capacity to become active participants in modern society and solve the current pressing environment issues.<\/p>\n<p>&nbsp;<\/p>\n<p style=\"text-align: justify\"><span style=\"color: #ed7d00;font-size: 14pt\"><b>Mgr. Dominika Drahovzalov\u00e1\u00a0<\/b><\/span><\/p>\n<p style=\"text-align: justify\"><span style=\"font-weight: 400\">I am a PhD student of School Psychology at Faculty of Education in <\/span><span style=\"font-weight: 400\">Charles University in Prague. The current topic of my dissertation is the <\/span><span style=\"font-weight: 400\">field of moral psychology with a focus on development. Last year I went <\/span><span style=\"font-weight: 400\">through a research internship in Turkey, whereby I started active <\/span><span style=\"font-weight: 400\">cooperation with a Turkish research team working at Bilge University in <\/span><span style=\"font-weight: 400\">Istanbul. For a long time, I have been scientifically and humanly concerned <\/span><span style=\"font-weight: 400\">with issues of racial and religious tolerance. Apart from my studies, I work <\/span><span style=\"font-weight: 400\">as a psychologist at the General Directorate of the Fire Rescue Service of <\/span><span style=\"font-weight: 400\">the Czech Republic and as a consultant on the Child Safety Helpline.<\/span><\/p>\n<p style=\"text-align: justify\"><span style=\"font-size: 14pt\"><b>Effects of priming different relational models on <\/b><b>placement of various targets within \u201cmoral circles\u201d in three <\/b><b>cultures<\/b><\/span><\/p>\n<p style=\"text-align: justify\"><span style=\"font-weight: 400\">The question of what behaviour can be considered as moral has <\/span><span style=\"font-weight: 400\">been with humanity for a very long time. And its importance is growing <\/span><span style=\"font-weight: 400\">with globalization. This paper intends to present a research project of an <\/span><span style=\"font-weight: 400\">intercultural research group from the Czech Republic, Turkey and the USA. <\/span><span style=\"font-weight: 400\">The proposed study will investigate the one source of possible <\/span><span style=\"font-weight: 400\">influence of the diversity in the concept of morality, the effect of framing <\/span><span style=\"font-weight: 400\">the question in such a way as to suggest a particular \u201crelational model\u201d <\/span><span style=\"font-weight: 400\">by orienting attention to particular motivational bases, such <\/span><span style=\"font-weight: 400\">as authority, equality, loyalty etc. on wide individual differences in \u201cmoral <\/span><span style=\"font-weight: 400\">expansiveness\u201d, or the tendency to extend moral standing to other <\/span><span style=\"font-weight: 400\">individuals, groups, nonhuman creatures, or entities such as nature, the <\/span><span style=\"font-weight: 400\">earth, or the universe. Which is concept based on Crimston, Hornsey, Bain <\/span><span style=\"font-weight: 400\">&amp; Bastian\u2019s (2018) study of the results of their \u201cMoral Expansiveness <\/span><span style=\"font-weight: 400\">Scale\u201d (2016). <\/span><span style=\"font-weight: 400\">The paper summarizes a broader understanding of the <\/span><span style=\"font-weight: 400\">effects already identified on this attribute of moral reasoning. Above all, it <\/span><span style=\"font-weight: 400\">will present a pilot study aimed at creating a research battery for <\/span><span style=\"font-weight: 400\">identifying the relationship between the framing of relational model and <\/span><span style=\"font-weight: 400\">moral expansiveness in an intercultural environment.<\/span><\/p>\n<p>&nbsp;<\/p>\n<p><b style=\"color: #ed7d00;font-size: 18.6667px;text-align: justify\">Simon Kinneir <\/b><\/p>\n<p style=\"text-align: justify\"><span style=\"font-weight: 400\">Simon Kinneir holds a BA in Graphic Design and an MA in Design Products. He specialises in design research that relates to the development of products that support and facilitate independence and control for people in their everyday lives; and he is particularly skilled at investigating and understanding our sensorial experiences in the built environment. His more well-known clients include Wallpaper*, the Tate and Royal Free Hospital. He has worked at The Helen Hamlyn Centre for Design and Graphic Thought Facility.<\/span><\/p>\n<p>&nbsp;<\/p>\n<p><b style=\"color: #ed7d00;font-size: 18.6667px;text-align: justify\"><\/b><span style=\"color: #ed7d00\"><b><span style=\"font-size: 14pt\">Dafne Odette<\/span> <\/b><\/span><\/p>\n<p style=\"text-align: justify\"><span style=\"font-weight: 400\">Dafne Odette, received her bachelor\u2019s degree in Interior Architecture and Design from the <\/span><span style=\"font-weight: 400\">University of Nevada, Las Vegas. Ms. Odette has an interest in the development of spaces based <\/span><span style=\"font-weight: 400\">on person centered approaches and animal facilitated therapies. She is currently pursuing a <\/span><span style=\"font-weight: 400\">Master\u2019s of Design degree in Health and Wellbeing from the University of Nevada Las Vegas <\/span><span style=\"font-weight: 400\">where she is study the effects of people, their environments, and the incorporation of animals on <\/span><span style=\"font-weight: 400\">mood, disposition, and productivity.<\/span><\/p>\n<p><span style=\"font-size: 14pt\"><b>Title of Presentation: Mind Mapping Qualitative Methods for The Development of A Dementia Center<\/b><\/span><\/p>\n<p style=\"text-align: justify\"><span style=\"font-weight: 400\">Mind Mapping is a qualitative research method that allows for the simultaneous consideration of <\/span><span style=\"font-weight: 400\">multiple variables. When developing the design for a memory enhancement center there are <\/span><span style=\"font-weight: 400\">multiple variables that compliment and compete with the intended outcome. The more <\/span><span style=\"font-weight: 400\">association an experience has, the greater the neural connectivity. <\/span><span style=\"font-weight: 400\">Within the past decade, there have been multiple ideas proposed for the stimulation of memory. <\/span><span style=\"font-weight: 400\">However, these ideas are based on singular spaces with gross sensory stimuli. This reductionist <\/span><span style=\"font-weight: 400\">approach is based on segmentation and isolation of sensation, and neglects the effects of <\/span><span style=\"font-weight: 400\">integration from pre and post experiential factors. Most researchers agree that memory formation <\/span><span style=\"font-weight: 400\">and retrieval require a multisensory approach integrated into an experience. <\/span><span style=\"font-weight: 400\">A literature review in combination with the sociocultural nuances of the region were used to <\/span><span style=\"font-weight: 400\">begin the mind mapping process. Through a reduction of person related needs, the pre and post <\/span><span style=\"font-weight: 400\">experiences offered by the building, and germane socio-cultural factors related to preference, <\/span><span style=\"font-weight: 400\">beliefs, and value systems interacting variables were analyzed. These variables formed the basis <\/span><span style=\"font-weight: 400\">of the mind mapping process and the reconstruction into a holistic experience. <\/span><span style=\"font-weight: 400\">The built environment is composed of multiple variables that combine to create an experience. <\/span><span style=\"font-weight: 400\">When developing memory enhancement centers, the Health Care Designer develops an <\/span><span style=\"font-weight: 400\">understanding of the interrelationship between variables in order to enhance multisensory <\/span><span style=\"font-weight: 400\">stimulation. This multisensory approach is required for experiential memory formation and <\/span><span style=\"font-weight: 400\">retrieval. Due to these factors, mind mapping methods can be of value to the Health Care <\/span><span style=\"font-weight: 400\">Designer.<\/span><\/p>\n<p>&nbsp;<\/p>\n<p><b style=\"color: #ed7d00;font-size: 18.6667px;text-align: justify\"><\/b><b>Peter Janiga <\/b><span style=\"text-align: justify\">Peter Janiga has been working in the interior design industry since 2009 with 100+ projects in commercial real estate. He founded and managed an architectural studio for almost seven years. In 2016 he joined the project management team in Colliers International and started his journey in the workplace strategy domain. Since then he\u2019s been specializing in how to build the workplace more engaging so you can be more productive and happier. He co-founded a flooring distribution company with the authorized representation Shaw Contract in Slovakia. His object is to increase awareness of all his brands and the importance of design &amp; sustainability in our environments<\/span><\/p>\n<p><span style=\"font-size: 14pt\"><b>How to build a healthy workplace (Our journey to long and healthy life)<\/b><\/span><\/p>\n<p style=\"text-align: justify\"><span style=\"font-weight: 400\">An enormous amount of money is put in corporate wellness programs every year, yet the desired outcome - employee health and engagement - is unsatisfactory. It is tough to change human behavior through these programs. We know we should change our bad habits, but it seems almost impossible in this stressful and fast lifestyle. Wait! What if there\u2019s hope? What if we\u2019re looking at the problem with wrong tools?<\/span><\/p>\n<p>&nbsp;<\/p>\n<p><b style=\"color: #ed7d00;font-size: 18.6667px;text-align: justify\"><\/b><span style=\"font-size: 14pt\"><span style=\"color: #ed7d00\"><b>E<\/b><b style=\"text-align: justify\"><\/b><\/span><b><span style=\"color: #ed7d00\">nric Pol<\/span> <\/b><\/span><\/p>\n<p style=\"text-align: justify\"><span style=\"font-weight: 400\">Enric Pol is a Professor of Social Psychology and Environmental Psychology at the University of Barcelona. Since 1987 he directs the Master in Environmental Management and Intervention: Person and Society. Since 2005 he coordinates the Research Group in Social, Environmental and Organizational Psychology (PsicoSAO). Between 2006 and 2016 he coordinates the interdisciplinary Doctorate program in Sciences and Technologies of the Environment, of the Universitat de Barcelona. Among its areas of work and research is the development of Environmental Management instruments with emphasis on aspects related to individual, social behavior and organizational. The concern for the educational, communication and socialization aspects are also expressed in the coordination of the Catalan Research Network in education for sustainability (edusost.cat) between 2006 and 2010.<\/span><\/p>\n<p style=\"text-align: justify\"><span style=\"font-weight: 400\">He is a reviewer of national and international journals and research projects. He has developed numerous research and advisory activities for companies and public administrations on issues of management and citizen behavior in relation to environmental issues. Author of numerous articles and books on the subject highlight the chapter of Environmental Management, published in the <\/span><i><span style=\"font-weight: 400\">Handbook of Environmental Psychology<\/span><\/i><span style=\"font-weight: 400\"> (Bechtel and Churchman, 2002), and with prof. Fleury-Bahi and prof. Navarro, he has been co-editor of the <\/span><i><span style=\"font-weight: 400\">Handbook on Environmental Psychology and Quality of Life Research<\/span><\/i><span style=\"font-weight: 400\"> published by Springer on 2017.<\/span><\/p>\n<p><span style=\"font-weight: 400\">E-mail: e&#112;&#x6f;&#x6c;&#64;&#117;&#x62;&#x2e;e&#100;&#117;<\/span><\/p>\n<p><span style=\"font-size: 14pt\"><b>Environmental? Ecological? Architectural? Psychology\u2026<\/b><\/span><\/p>\n<p><span style=\"font-size: 14pt\"><b>Legitimacy of name in the historical origins\u2019 legitimacy for the present and future challenges.<\/b><\/span><\/p>\n<p style=\"text-align: justify\"><span style=\"font-weight: 400\">\u00a0Why is the term \"environmental\" used, if we talk about human habitats and cities? Is the \"ecological sensitivity\u201d, a late \"conversion\"?<\/span><\/p>\n<p style=\"text-align: justify\"><span style=\"font-weight: 400\">To face \"global warming\", has become one of the current challenges for Environmental Psychology (EP). How does it relate with other used names, like Architectural Psychology?<\/span><\/p>\n<p style=\"text-align: justify\"><span style=\"font-weight: 400\">The first mention to the nucleus of the concept of EP, is in 1911 by Willy Hellpach on his book \"Geopsyche.\" Later, he will use the term Umwelt Psychology (1924), also used by Martha Muchow (1935). Kurt Levin emphasise \u201cEnvironment\u201d, and his disciple Roger Barker, use the term \u201cEcological Psychology\u201d. During sixties and seventies, it dominated \"Architectural Psychology\" (Lee and Canter, between others). In 1970 Proshansky, Ittelson and Rivlin published their \"Environmental Psychology\"...<\/span><\/p>\n<p style=\"text-align: justify\"><span style=\"font-weight: 400\">The epistemological key is in the nuanced meanings that Uexk\u00fcll gives to the term Umwelt. That helps to understand and justify the \u201clegitimacy\u201d of the different \u201cnames\u201d of discipline over time.<\/span><\/p>\n<p style=\"text-align: justify\"><span style=\"font-weight: 400\">At present, the great challenge is how we change -or how we set the conditions to change-, the environmental behavior, and how we deal with structural \"facilitators or difficulties\" (physical, socio-economic and political) in a globalized world, in which, most of the persons feels helplessness rather than empowered.<\/span><\/p>\n<p><b style=\"color: #ed7d00;font-size: 18.6667px;text-align: justify\"><\/b><b>\u00a0<\/b><\/p>\n<p><b style=\"color: #ed7d00;font-size: 18.6667px;text-align: justify\"><\/b><span style=\"font-size: 14pt\"><b><span style=\"color: #ed7d00\">Cristina Garc\u00eda Font\u00e1n<\/span> <\/b><\/span><\/p>\n<p style=\"text-align: justify\"><span style=\"font-weight: 400\">Cristina Garcia Font\u00e1n is Professor at the Department of Architectural Projects and Urbanism of the Higher Technical School of Architecture of the University of A Coru\u00f1a where she coordinates the Degree in Landscape . PhD in Architecture and Urbanism and Master in Advanced Architecture by the Berlage Institute. She has been a guest professor at the Architectural Association of London, Graduate programs of the School of Architecture of Costa Rica, National Autonomous University of Mexico, University of Curitiba and the University of Louvain, among others. She has carried out various research projects on landscape, spatial planning, strategic planning and sustainable habitat. Currently developing landscape projects in both urban and natural environments, focusing on the recovery and enhancement of cultural and natural heritage elements.<\/span><\/p>\n<p><span style=\"font-size: 14pt\"><strong>Abstract:<\/strong><\/span><\/p>\n<p style=\"text-align: justify\"><span style=\"font-weight: 400\">Landscape and green infrastructure projects are opportunities to test the transformative capacity of space and society. The potential of these as social transformations is described through the process of three landscape projects where the question of participation is crucial. The reinforcement and generation of community ties throughout the project process has been the genesis of those projects. A green corridor project in Santiago de Compostela will be shown, which also contains urban vegetable gardens. On the other hand, the project of regeneration of a fundamental place for the city of Santiago de Compostela and the road to Santiago the Mountain of Joy will be presented. The most relevant aspect of these two interventions is their relationship to the place and social connectivity they generate in addition to the environmental and landscape benefits.<\/span><\/p>\n<p style=\"text-align: justify\"><span style=\"font-weight: 400\">The third project shows the children\u2019s ability to intervene and decide the public space they want, but this whole process must also be accompanied by a formative process for parents and children, which will give them more tools to decide.<\/span><\/p>\n<p>&nbsp;<\/p>\n<p><b style=\"color: #ed7d00;font-size: 18.6667px;text-align: justify\"><\/b><span style=\"color: #ed7d00;font-size: 14pt\"><b>Lubom\u00edr Kostro\u0148<\/b><\/span><\/p>\n<p style=\"text-align: justify\"><span style=\"font-weight: 400\">Lubom\u00edr Kostro\u0148, associate professor (retired), Phdr., CSc., M.A. (1945 Brno)<\/span><\/p>\n<p style=\"text-align: justify\"><span style=\"font-weight: 400\">Studies: psychology at UJEP Brno (1965-68), University of Colorado at Boulder (1968 - 70), later economics (V\u0160E Praha, UK Bratislava).<\/span><\/p>\n<p style=\"text-align: justify\"><span style=\"font-weight: 400\">Experiences: psychologist in Business organization, economist in Research institute of medical technology, Brno. During 1990 -\u00a0 2006 associate professor of psychology at Masaryk University. Psychology department Faculty of Philosophy (general psychology, psychology in organizations and management); Faculty of Social Studies (cognitive psychology, human resources development. Seminars devoted to the complex dynamic system, psychology in architecture.<\/span><\/p>\n<p style=\"text-align: justify\"><span style=\"font-weight: 400\">Since 1994 till 2017 lecturer in human resources development in MBA programs at Brno Business School.<\/span><\/p>\n<p style=\"text-align: justify\"><span style=\"font-weight: 400\">Since 2016 till 2018 lecturer in selected topics in cognitive psychology at\u00a0 UNYP in Prague, presently again at School of Social Studies MU Brno. www.kostron.cz.\u00a0<\/span><\/p>\n<p><span style=\"font-size: 14pt\"><strong>Psychology in architecture and city planning<\/strong><\/span><\/p>\n<ol>\n<li><span style=\"font-weight: 400\">The contribution of both professions<\/span><\/li>\n<\/ol>\n<p style=\"text-align: justify\"><span style=\"font-weight: 400\">Architecture, city planning: skills to produce building &amp; construction projects; translating functions, required by investors into a 3 D space &amp; visualizations; combining rational functions, economics and aesthetics into a project; balancing surrounding environment (ecology) features and the projected creation together.<\/span><\/p>\n<p style=\"text-align: justify\"><span style=\"font-weight: 400\">Psychology, sociology: training one\u00b4s own sensitivity to \u201cfeel\u201d (intuition); understanding the social context requirements; understanding the functions of the space; developing observation, listening and communications skills; negotiations: finding the balance between competition and co-operation of all parties involved (investors, neighborhood e.g. society, authorities &amp; political parties); focusing on emotional impact of the project, clarifying the vision of the future city; city as a ground for training social skills (socialization) \u2013 understanding one\u00b4s own identity.<\/span><\/p>\n<p><span style=\"font-weight: 400\">\u00a0 \u00a0 \u00a0 2. Does the co-operation of architect and psychologist result into a higher quality projects?<\/span><\/p>\n<p><span style=\"font-weight: 400\">Yes: it results into a lively and richer human city environment; involves a larger number of societal segments into an active social life and well-being.<\/span><\/p>\n<p><span style=\"font-weight: 400\">Examples: William H. Whyte, \u201cProjects for a Public Spaces\u201d Manhattan, <\/span><span style=\"font-weight: 400\">Jan Gehl and his followers.<\/span><\/p>\n<p><span style=\"font-weight: 400\">Methodology of social research (namely action research).<\/span><\/p>\n<p><span style=\"font-weight: 400\">\u00a0 \u00a0 \u00a03. Mutual relations between human mind and the environment compose a feedback cycle of causes and effects with better or worse outcomes.<\/span><\/p>\n<p><span style=\"font-weight: 400\">\u00a0 \u00a0 \u00a04. Overcoming barriers \u2013 what should be done.<\/span><\/p>\n<p style=\"text-align: justify\"><span style=\"font-weight: 400\">During studies, getting the information about the content of the other profession is not enough. We need to share and to train practical skills during joint workshops: patient observation of the place, society and processes, taking place there; listening and communication; understanding the explicit as well as the implicit (hidden) interests (\u201cterritories\u201d) at play. Finding a common (higher level) interest of all parties in eventual conflict \u2013 mediation, conflict resolution. Training a multilevel imagination in creation of the mobilizing urban visions.<\/span><\/p>\n<p>&nbsp;<\/p>\n<p><b style=\"color: #ed7d00;font-size: 18.6667px;text-align: justify\"><\/b><span style=\"color: #ed7d00;font-size: 14pt\"><b>Nigel Oseland<\/b><\/span><\/p>\n<p style=\"text-align: justify\"><span style=\"font-weight: 400\">Dr Nigel Oseland is a workplace strategist, change manager, environmental psychologist, researcher, international speaker and published author with 11 years research and 19 years consulting experience.\u00a0<\/span><\/p>\n<p style=\"text-align: justify\"><span style=\"font-weight: 400\">He draws on his psychology background and his own research to advise occupiers on how to redefine their workstyles and rethink their workplace to create working environments that enhance individual and organisational performance and deliver maximum value.<\/span><\/p>\n<p><span style=\"font-size: 14pt\"><strong>Designing Offices for All Personality Types<\/strong><\/span><\/p>\n<p style=\"text-align: justify\"><span style=\"font-weight: 400\">Many modern offices are buzzy, colourful, stimulating and noisy, but does this suit all personality types? Dr Oseland shares his views and research on how to embrace and design for personal differences. He highlights the workspace design features required by different personality types (assessed using OCEAN, the big five personality inventory). Nigel focuses on fostering creativity concentration and collaboration in the workplace. He also discusses the pros and cons of open pan and private offices, and how good design enhances performance and wellbeing.<\/span><\/p>\n<p>&nbsp;<\/p>\n<p><b style=\"color: #ed7d00;font-size: 18.6667px;text-align: justify\"><\/b><span style=\"color: #ed7d00;font-size: 14pt\"><b>Roxana Triboi<\/b><\/span><\/p>\n<p style=\"text-align: justify\"><i><span style=\"font-weight: 400\">Roxana is a Romanian urban planner with more of 15 years experience in urban and landscape planning in Romania and France.<\/span><\/i><\/p>\n<p style=\"text-align: justify\"><i><span style=\"font-weight: 400\">As a PhD RESEARCHER on urban pastoralism at \u201cIon Mincu\u201d University of Architecture and Urban Planning Bucharest, as a member of research groups (AESOP Sustainable Food Planning , RGS-IBG <\/span><\/i><i><span style=\"font-weight: 400\">Food<\/span><\/i><i><span style=\"font-weight: 400\"> Geographies Working Group and Alternative food supply networks in Central and Eastern Europe group), <\/span><\/i><i><span style=\"font-weight: 400\">Roxana<\/span><\/i><i><span style=\"font-weight: 400\"> Triboi approached the territorial problematic of city-productive nature relationship in various projects.<\/span><\/i><\/p>\n<p style=\"text-align: justify\"><span style=\"font-weight: 400\">Roxana Triboi is a Romanian urban planner with more of 15 years experience in urban and landscape planning in Romania and France, with a Ph.D. in Architecture on urban pastoralism as well as a member of research groups such as Le Notre Institute, Aesop Food Planning Group, Food Geographies Working Group and Alternative food supply networks in Central and Eastern Europe group. Her professional experience revolved around the territorial problematic of nature-productive-urban interaction.<\/span><\/p>\n<p style=\"text-align: justify\"><span style=\"font-size: 14pt\"><b>URBAN PASTORALISM, the urban-productive-nature synthesis<\/b><\/span><\/p>\n<p style=\"text-align: justify\"><span style=\"font-weight: 400\">\u00a0Starting with the industrial era, almost three centuries ago, the process of domestication of the nature through technology has been achieved. At the same time, the urbanisation process accelerated, incorporating today more than a half of the global population. The city is considered \u201cedgeless\u201d and had expanded chaotically in density, surface and height becoming an independent mechanism, impossible to manage coherently, with important disfunctions that impact irreversibly the human and environmental health. Other than technical progress, urban utopias of XIX and XX century participated to this situation.<\/span><\/p>\n<p style=\"text-align: justify\"><span style=\"font-weight: 400\">Recent bottom-up initiatives in the Global North, as a reaction to the functionalist approach of urban space, restored the central role of the local community and nature, and most specifically of the productive nature, in creating a healthy living environment.<\/span><\/p>\n<p style=\"text-align: justify\"><span style=\"font-weight: 400\">The role of pastoralism in mediating and mitigating nature and city is currently reconsidered. From experimentation to a recognised urban function, the pastoral activity in the urban space expanded due to the obvious ecosystem services delivered to the city.<\/span><\/p>\n<p style=\"text-align: justify\"><span style=\"font-weight: 400\">Multifunctionality and sustainable management by grazing for green spaces, food production, interconnectivity (ecological corridors) created by the flock mobility and the biodiversity generated by the selective grazing in an extensive system are transforming abandoned urban land in green infrastructure and generating important ecosystem services for the city.<\/span><\/p>\n<p style=\"text-align: justify\"><span style=\"font-weight: 400\">Different approaches (from Eastern and Western Europe) encounter difficulties due to the friction with classical urban functions and therefore an elaborated vision on the coexistence of city and the pastoral practice has to be developed in order to ensure a better integration into the urban metabolism.<\/span><\/p>\n<p style=\"text-align: justify\"><span style=\"font-weight: 400\">Rethinking the complex role (among which productive) of the animal in the urban space could significantly improve the quality of our living environment.<\/span><\/p>\n<p>&nbsp;<\/p>\n<p><b style=\"color: #ed7d00;font-size: 18.6667px;text-align: justify\"><\/b><span style=\"font-size: 14pt;color: #ed7d00\"><b>Marina RUSSO-SHCTCHERBAKOFF-KODAKOFF\u00a0<\/b><\/span><\/p>\n<p style=\"text-align: justify\"><span style=\"font-weight: 400\">Architectural Designer, speaker, lecturer, business consultant, running her own architectural practice \u201cArchibald &amp; RSK\u201d in France for 8 years, and PHD Researcher at the University of Derby in England, Marina RUSSO-SCHTCHERBAKOFF-KODAKOFF is passionate about mankind and professionally trained and certified in Neuropsychology. She has worked on housing, urbanism and projects such as stadium (Olympic Games in Rio), schools (Yantalo Foundation in Peru), shops, restaurants, offices where clear improvements were noticed on productivity\/efficiency.\u00a0 Struck by the lack of consideration that is given to human needs in the practice of architecture, Marina has been researching for 10 years the impact of the built environment on humans and public health. What and how urban and architectural features influence their health, behaviours, decision making, cognition and performances.<\/span><\/p>\n<p style=\"text-align: justify\"><span style=\"font-weight: 400\">Recent conferences\/publications: \u201cNeuroscience Enlightens Home Illumination\u201d, \u201cAntidepressant house and Healing accelerator hospital; How the built environment influences human\u2019s brain (health, psychology and physiology).\u201d, \u201cArchitecture and the brain: bringing human in the heart of urbanism and architecture\u201d, \u201cArchitectural Design that will raise the Sales Revenues\u201d, \u201cMeasuring the impact of the building and its features on people\u201d, \u201cUtopian and Sacred Architecture\u201d.<\/span><\/p>\n<p style=\"text-align: justify\"><span style=\"font-size: 14pt\"><b>Reshaping architecture towards building a better world<\/b><\/span><\/p>\n<p style=\"text-align: justify\"><span style=\"font-weight: 400\">In an ideal world, everybody would be happy and satisfied with their life. However, in a world where everything seems to accelerate, where some become wealthier and some poorer, where some finally seem to measure the importance of climate change, while others carry on destroying the planet for money. We live in a society where well-being is being promoted in most fields, whereas extremism, racism, homophobia, religious discriminations, terrorism, and hate are raising. For some countries the main issues are unemployment or obesity, while for some other countries it is starvation.<\/span><\/p>\n<p style=\"text-align: justify\"><span style=\"font-weight: 400\">Politics, organisations, researchers try to find solutions, to the crises we are facing. They are exploring several tracks in different fields such as education, medicine, daily routines, management and more. What about architecture and urbanism?<\/span><\/p>\n<p style=\"text-align: justify\"><span style=\"font-weight: 400\">Architects aim to design spaces to suit people, but does it really work? Could doctors in medicine cure their patients if they knew about the diseases but not about human beings? No, they could not. Could architects make people fit in the built environment and be happier in their homes, workplaces, cities if they don\u2019t know about human beings? Probably not either.<\/span><\/p>\n<p style=\"text-align: justify\"><span style=\"font-weight: 400\">Would it be utopian to believe that architecture and urbanism based on the knowledge of human beings could save humanity, and world issues?<\/span><\/p>\n<p style=\"text-align: justify\"><span style=\"font-weight: 400\">What if people were happier thanks to their houses and cities design? What if we could help resilience and recovery in post-traumatic re-building?\u00a0 What if we could reduce world pollution only by remodelling our way of making decisions on aesthetics for buildings and cities? We most certainly could improve public health, global issues as well as the sustainability of the economy.<\/span><\/p>\n<p style=\"text-align: justify\"><span style=\"font-weight: 400\">The subjectivity of aesthetical decisions we take in design and planning make our built environment harmful to people and to the world.<\/span><\/p>\n<p style=\"text-align: justify\"><span style=\"font-weight: 400\">People spend an average of 87% of their time in or around buildings[i] and their impact on humans\u2019 health, cognitive functions, behaviour and well-being, is scientifically proven. Therefore, isn\u2019t it about time to research a way to include these criteria in the building design process? And perhaps, even in the building\u2019s regulations and government\u2019s requirements? Most architects and urbanists are still not aware of these impacts; they often give too little attention to how people react psychologically, physiologically and cognitively to their building.<\/span><\/p>\n<p style=\"text-align: justify\"><span style=\"font-weight: 400\">Considering the growing enthusiasm for neuroscience and more generally human-centered new framework of architecture, along with continuous scientific findings on the topic, it seems crucial to provide professionals in the fields of architecture and urbanism with relevant data and new insights on the \"building\u2019s human quality\". It is time to evaluate the human\u2019s architectural experience, the quality, benefits, deficiency and harmfulness that the built environment has on its users, embodied humans.<\/span><\/p>\n<p style=\"text-align: justify\"><span style=\"font-weight: 400\">It is time for professionals and governments to concentrate on a more objective translation between human\u2019s factors and architectural aesthetics.<\/span><\/p>\n<p style=\"text-align: justify\"><span style=\"font-weight: 400\">Finally, it is crucial to empower people with the opportunity to ask for a change. Their needs for better living (conscious and non-conscious; cognitive and physiological) are entitled to be heard in order to be provided with a healthier and more human - sustainable built environment.<\/span><\/p>\n<p style=\"text-align: justify\"><span style=\"font-weight: 400\">I am deeply convinced that architecture has a real potential to help improve the human condition around the world.<\/span><\/p>\n<p>&nbsp;<\/p>\n<p><b style=\"color: #ed7d00;font-size: 18.6667px;text-align: justify\"><\/b><span style=\"color: #ed7d00;font-size: 14pt\"><b>Mgr. Alena Bendov\u00e1<\/b><\/span><\/p>\n<p style=\"text-align: justify\"><span style=\"font-weight: 400\">Alena had studied on Faculty of Humanities (Charles University). During the Bachelors studies she was focused on Health Psychology, Masters studies moved her closer to environmental sphere by Social and Cultural Ecology studies. Since then she became interested in a social change on behalf of nature protection. In years 2014-2018 she was the representative of The Green Party in Prague 13 City Council. Meantime she worked in many jobs more or less connected with the \"green field\", in services, lower management or sales and marketing jobs. Now she works for NGO Forest for Children as the lecturer of environmental education, PR and fundraising person. She considers herself as an activist, \"a save the world specialist\" and nature lover.\u00a0<\/span><\/p>\n<p style=\"text-align: justify\"><span style=\"font-size: 14pt\"><b>Direct wild nature experience as a life-changing moment<\/b><\/span><\/p>\n<p style=\"text-align: justify\"><span style=\"font-weight: 400\">Talk about how one trip as a volunteer can change your point of view on life and society we live in. Direct experience of living in a wild rainforest can give you more than you can expect. You cannot find the cure for environmental crisis or an environmental grief in books but in yourself and close community of open minded people. This talk will show how it works with people from the Czech NGO Forest for Children (Prales d\u011btem), which protects (not only) indonesian rainforest and marine life. But it is not a typical NGO. Through education of children and public in direct nature protection it shows example of the ethical way of life and importance of values like courage, cooperation, intransigence, fairness and independence. <\/span><\/p>\n<p>&nbsp;<\/p>\n<p><b style=\"color: #ed7d00;font-size: 18.6667px;text-align: justify\"><\/b><span style=\"font-size: 14pt;color: #ed7d00\"><b>Dr. Ceren Bo\u011fa\u00e7<\/b><\/span><\/p>\n<p style=\"text-align: justify\"><span style=\"font-weight: 400\">Dr. Ceren Bo\u011fa\u00e7 is an architect interested in the ways in which people\u2019s ways of lives are translated into spatial dimensions or architectural language. She is currently an Assistant Professor of Architecture at Eastern Mediterranean University (EMU) of the Architecture programme. She has a Master and PHD in Architecture (in the field of Environmental Psychology) from EMU. Her specific areas of expertise are environmental psychology, place attachment, sense of place, meaning in architecture, ecocity and eco-architecture, and urban peace-building studies. She gives lectures related to the interplay between human beings and environment, as well as architecture and urban design studios.<\/span><\/p>\n<p style=\"text-align: justify\"><span style=\"font-size: 14pt\"><b>Love of place: Emotional engagements and psychological process<\/b><\/span><\/p>\n<p style=\"text-align: justify\"><span style=\"font-weight: 400\">Through the perspective of my multiple selves, as an architect and environmental psychology scholar, with this study I want to develop an account on love of place. Reviewing on the existing inquiry on the people\u2019s emotional engagement with a place, I will explore the meaning attributed to the love for a place and focus on the generated bond with this affection. People have transactional relationship with their places; as people act on their environment, so does the environment on them. This unbroken flow generates emotions that are evoked in a place, cognition that is associated with a place, and an expressed behavior. The psychological process of this stream has generally been neglected in architecture but have been attracting the interest of the environmental psychology for a while. Existential purpose of architecture can be defined as transformation of space to place by reflecting and upholding the meanings that people deposit on their physical environment. In this sense, architects should not only respond to the functional requirements of places but also to the emotional qualities. If people do not attach emotionally and spiritually to their places, they cannot integrate with their living environments, it directly affects their well-being. Therefore, it is important to understand the phenomenon as well as the psychological process of \u2018love of place\u2019 in order to produce better living environments.<\/span><\/p>\n<p style=\"text-align: justify\"><span style=\"font-weight: 400\">Keywords: place, love, attachment, environmental psychology, architecture.<\/span><\/p>\n<p>&nbsp;<\/p>\n<p><span style=\"font-size: 14pt;color: #ed7d00\"><b>Simon Kinneir (MA RCA)<\/b><\/span><\/p>\n<p style=\"text-align: justify\"><span style=\"font-weight: 400\">Simon is a London based designer with an emphasis on design for the everyday through appropriate clarity and subtlety. He focuses his design-research consultancy towards harnessing the inherent potential of people and place. He is a graduate of The Royal College of Art\u2019s Design Products and Helen Hamlyn Centre for Design. He has talked widely and is a lecturer at UAL Chelsea College of Art and The Royal College of Art, London.\u00a0<\/span><\/p>\n<p><span style=\"font-size: 14pt\"><b>How can we achieve the most through changing the least?\u00a0<\/b><\/span><\/p>\n<p style=\"text-align: justify\"><span style=\"font-weight: 400\">This workshop will take a human-centred design-research approach to understanding people and place; with the intention of supporting people\u2019s independence through environmental cues. Bridging your studies of environmental psychology (humans in their surrounding world) with design thinking; exploit the potential of material qualities, space and people's innate ability to adapt, to help people help themselves.\u00a0<\/span><\/p>\n<p style=\"text-align: justify\"><span style=\"font-weight: 400\">In a previous study, Simon Kinneir sought to help people in the transition to having sight-loss maintain their independence. He translated insights of people\u2019s and material behaviour into a range of kitchenware; a jug physically tipped forward as it reached one litre, a saucepan lid intentionally rattled on boiling, and a thumb-point of thinner ceramic on a mug meant you could feel the hot water had reached the right amount.<\/span><\/p>\n<p style=\"text-align: justify\"><span style=\"font-weight: 400\">This workshop will seek to embody this approach of \u2018subtle sensory feedback\u2019; it will harness the theory of affordance and thoughtless acts, embodied behaviour and adaptive behaviour through the \u2018double-diamond\u2019 process. Let\u2019s create meaningful dialogue out of inherent opportunity. (Feel free to bring interesting relevant photographs to the session).<\/span><\/p>\n<p><b>Workshop outline<\/b><\/p>\n<p><span style=\"font-weight: 400\">This will be a workshop for as many people who wish \u2014 25 people is good.<\/span><\/p>\n<p><span style=\"font-weight: 400\">It can use the full 2 hours 16.50 \u2013 18.50 Friday night.<\/span><\/p>\n<p><span style=\"font-weight: 400\">Suggested program:<\/span><\/p>\n<ol>\n<li><span style=\"font-weight: 400\"> A introductory presentation about\u00a0<\/span><\/li>\n<\/ol>\n<p style=\"padding-left: 40px\"><span style=\"font-weight: 400\">- the communicative potential of environmental cues (John M. Hull, Dan Lockton, my own and student work)<\/span><\/p>\n<p style=\"padding-left: 40px\"><span style=\"font-weight: 400\">- adaptive behaviour (own research)<\/span><\/p>\n<p style=\"padding-left: 40px\"><span style=\"font-weight: 400\">- thoughtless acts (Jane Fulton Suri)<\/span><\/p>\n<p style=\"padding-left: 40px\"><span style=\"font-weight: 400\">- affordance (Norman, Gibson, student work)<\/span><\/p>\n<p style=\"padding-left: 40px\"><span style=\"font-weight: 400\">- design examples (Gregor Timlin, own work)<\/span><\/p>\n<ol start=\"2\">\n<li><span style=\"font-weight: 400\"> Discover stage:\u00a0<\/span><\/li>\n<\/ol>\n<p style=\"padding-left: 40px\"><span style=\"font-weight: 400\">- Discuss thoughts about the theme, discuss key words and images; understand there is dialogue between people, place and people.<\/span><\/p>\n<p style=\"padding-left: 40px\"><span style=\"font-weight: 400\">- Discuss and brain-storm different contexts of need and opportunities<\/span><\/p>\n<p style=\"padding-left: 40px\"><span style=\"font-weight: 400\">- Translate observations into insights<\/span><\/p>\n<ol start=\"3\">\n<li><span style=\"font-weight: 400\"> Define:\u00a0<\/span><\/li>\n<\/ol>\n<p style=\"padding-left: 40px\"><span style=\"font-weight: 400\">- As teams match need and opportunity for a context and audience. Write a brief and outline what to be aware of.<\/span><\/p>\n<ol start=\"4\">\n<li><span style=\"font-weight: 400\"> Develop:<\/span><\/li>\n<\/ol>\n<p style=\"padding-left: 40px\"><span style=\"font-weight: 400\">- As teams come up with concepts of different scales\u00a0<\/span><\/p>\n<ol start=\"5\">\n<li><span style=\"font-weight: 400\"> Deliver:<\/span><\/li>\n<\/ol>\n<p style=\"padding-left: 40px\"><span style=\"font-weight: 400\">- Present back to other teams.\u00a0\u00a0<\/span><\/p>\n<p>&nbsp;<\/p>\n<p><span style=\"color: #ed7d00;font-size: 14pt\"><b>Dalila Antunes<\/b><\/span><\/p>\n<p style=\"text-align: justify\"><span style=\"font-weight: 400\">Dalila is a Social and Environmental Psychologist working in Europe and Africa for 20 years. She performed studies and projects aiming to develop communities\u2019 sustainability and resilience on the following areas: Risk Assessment and Communication, Social-Economic and Psychosocial studies, Social Impact Assessment, Resettlement Action Plans, Communication Plans, Public Participation and Community Engagement Processes, Sustainable Development Plans, Human Resources Systems, Training and Capacity Building, Awareness and Behavioural Change Programs. Dalila has broad experience working in the fields of Cities\u2019 Planning, Transport, Energy, Waste, Industry, Tourism, Water and Health. She works for private and public organisations and participates in projects funded by European Commission, World Bank, African Development Bank...<\/span><\/p>\n<p><span style=\"font-size: 14pt\"><strong>'Environmental Psychology contributions for sustainable and resilient communities - from projects' planning to dismantling'<\/strong><\/span><\/p>\n<p style=\"text-align: justify\"><span style=\"font-weight: 400\">Environmental Psychology can play an important role on developing, implementing and operating projects that better fit their users on one hand and the community that surrounds it on another hand.\u00a0<\/span><\/p>\n<p style=\"text-align: justify\"><span style=\"font-weight: 400\">From projects\u2019 planning to dismantling there are several stages where Environmental Psychology can significantly contribute for projects improvement. This communication will move through project tools and present Environmental Psychology contributions. On planning stage we\u2019ll explore contributions of Environmental Psychology to baseline studies, including social viability studies; communities\u2019 engagement plans; and sustainability plans. During licensing stage the communication will emphasize the role of Environmental Psychology on social impact assessment and social management plans. During construction stage we\u2019ll explore social management plans including communication plans with local communities, people relocation plans, recruitment strategies\u2026 During project operation stage the communication will focus on psycho-social monitoring, and during dismantling on closing and reconversion plans.<\/span><\/p>\n<p style=\"text-align: justify\"><span style=\"font-weight: 400\">Across the presentation the speaker will address examples on how main psychological concepts are used on each tool, and how psychology crosses with other areas of expertise to improve projects\u2019 psycho-social quality and how it impacts on project results as a whole. Tips on best practice for Psychologists of tomorrow will also be provided.<\/span><\/p>\n<p>&nbsp;<\/p>\n<p><span style=\"color: #ed7d00;font-size: 14pt\"><b>Richard Jedon<\/b><\/span><\/p>\n<p style=\"text-align: justify\"><span style=\"font-weight: 400\">Graduated in Psychology from the Masaryk University in Brno and did a postgraduate course on Neuroscience Applied to Architectural Design at Universit\u00e0 Iuav di Venezia. Currently works as an environmental psychology consultant for the Urban Planning and Development Institute of the city of Pilsen and lectures about Architectural Psychology at the Charles University in Prague and Universit\u00e0 Iuav di Venezia. His main focus is on the influence of architectural and design features on human cognition.<\/span><\/p>\n<p><span style=\"font-size: 14pt\"><b>Architecture and Well-being: Let's pay Attention to Aesthetics again?<\/b><\/span><\/p>\n<p style=\"text-align: justify\"><span style=\"font-weight: 400\">The fact that built environment influences physical health is evident but what about mental health? One of the many emerging questions in the current research on cognitive science and architecture is the role of attention in the experience of built environments.<\/span><\/p>\n<p style=\"text-align: justify\"><span style=\"font-weight: 400\">Stanley Milgram (1970) explored the notion of cognitive overload in the urban environment, suggesting that too many stimuli may encumber the attention span. Earlier research showed that attention span decrease might be a cause of stress and other negative health conditions (Kaplan &amp; Kaplan, 1980; Killingsworth &amp; Gilbert, 2010). Many philosophers and scholars of architecture and aesthetics have argued for the presence of mystery in cities, curved alleys, backstreets and niches but also for the use of ornaments, paintings or statues (Sitte, 1909; Lynch, 1964; Cullen, 1976; Nasar, 1997). The lack of stimulation of human attention (e.g. the uniform fa\u00e7ades and materials) leads to boredom and numbness which can have fatal consequences (Berleant, 1997; Ellard, 2015).<\/span><\/p>\n<p style=\"text-align: justify\"><span style=\"font-weight: 400\">To conclude, the aesthetic features of built environments directly affect attention and perception, two important factors that can in their turn influence the level of stress and other psychological processes directly impacting the well-being of the person.<\/span><\/p>\n<p>&nbsp;<\/p>\n<p><span style=\"color: #ed7d00;font-size: 14pt\"><b>Andr\u00e9a de Paiva<\/b><\/span><\/p>\n<p style=\"text-align: justify\"><span style=\"font-weight: 400\">Andr\u00e9a de Paiva, Master of Arts in Architecture and Urban Planning, is a consultant at FGV Projetos (Getulio Vargas Foundation) in Brazil, specialist in neuroscience applied to architecture, joint-coordinator and Professor of the Neurobusiness course at FGV-IDE and creator and professor of the course Neuroscience Applied to Environments and Creation at FAAP (Funda\u00e7\u00e3o Armando \u00c1lvares Penteado). Author of the website<\/span><a href=\"http:\/\/neuroau.com\/e\"> <span style=\"font-weight: 400\">neuroau.com\/e<\/span><\/a><span style=\"font-weight: 400\">.<\/span><\/p>\n<p style=\"text-align: justify\"><span style=\"font-size: 14pt\"><strong>Abstract:<\/strong><\/span><\/p>\n<p style=\"text-align: justify\"><span style=\"font-weight: 400\">Architects, urban planners and environmental psychologists, among other professionals, have been researching how the physical environment affects people and how can they be designed in a way to improve wellbeing. The new findings from the interdisciplinary field of neuroarchitecture - or neuroscience applied to architecture -amplifies the field of research about the relation between constructed environments and their users, improving the comprehension of various messages that the environment transmits, including those on less conscious levels of perception. However, the complexity of building neighborhoods in the cities or buildings in the neighborhoods or spaces in the building makes it difficult to build \u201cperfect\u201d designs since there are too many variables that can influence the performance of each built environment. Therefore, not all spaces can have a range of design elements that can guarantee psychological and physical wellbeing. There are already neighborhoods built in busy and noisy areas of cities. There are too many hospitals and schools in such neighborhoods. Some spaces, from factories to surgery rooms, cannot change all their features such as smells, layout and lighting. Nevertheless, focusing on keeping the wellbeing of the users of such spaces how is it possible for architects and urban planners to still make sure to guarantee that the built space can help to maintain the physical and psychological health of its users? In this presentation, I will try to answer this question by proposing a way to analyze buildings and cities as complex systems and to classify each space as a short or long-term occupation in order to find a balance within the system.<\/span><\/p>\n<p>&nbsp;<\/p>\n<p><span style=\"color: #ed7d00;font-size: 14pt\"><b>Marek Mal\u016f\u0161<\/b><\/span><\/p>\n<p style=\"text-align: justify\"><span style=\"font-weight: 400\">Marek Mal\u016f\u0161 is the Head of Psychology Department at the Faculty of Arts of University of Ostrava, intensively researching restricted environmental stimulation since 2010, conducting experimental studies in collaboration with the Faculty of Medicine of University of Ostrava since 2015. He has acquired the doctor\u00b4s degree at Palack\u00fd University in Olomouc in pursuance of conducting the first systematic research of restricted environmental stimulation in the Czech Republic. Since 2007, he has undergone several stays in restricted stimulation environment himself (7 days, 3 days and 14 days stays), occasionally works as a caretaker\/therapist at two darkness therapy providers. He has been in professional contact with REST research Nestor, professor emeritus Peter Suedfeld from the University of British Columbia, since 2015. He has undergone five-year-long accredited training in dynamic and interpersonal integrative psychotherapy and has been presenting the topic of restricted environmental stimulation at local and abroad professional conferences in the form of original experimental studies, chapters and monographies. In November 2018, he was awarded the rectorial award for scientific-research workers under 35 for his research efforts.<\/span><\/p>\n<p style=\"text-align: justify\"><span style=\"font-size: 14pt\"><b>Environment where there is none<\/b><\/span><\/p>\n<p style=\"text-align: justify\"><span style=\"font-weight: 400\">The presentation shows a historical overview of an experimental scientific research ranging from perceptual isolation through sensory deprivation to restricted\/reduced environmental stimulation technique\/therapy. It involves laboratory experiments with immersion REST, flotation REST and especially chamber REST. These studies range from early 1950\u00b4s (McGill University, Canada) through 1980\u00b4s (University of British Columbia, Canada) until the present (University of Ostrava, Czech Republic). Examples of particular laboratory environments, and studies are discussed, as is the more recent development of applications to treatments of addictive behavior and other life problems. Summaries of results, and applications to practical life problems and issues are considered, and the variety of specific environments is shown.<\/span><\/p>\n<p style=\"text-align: justify\"><span style=\"font-weight: 400\">The second part of the talk presents the specific application of chamber REST, called \u201eDarkness Therapy\u201c (DT). It stands for procedure when an individual voluntarily stays in specially prepared environment \u2013 apartment of absolute darkness, substantial acoustic isolation and solitude, for several days, most commonly for the duration of one week. The stay includes fresh food, beverages and daily visit of caretaker\/therapist. Pilot results of procedure studies will be presented (e.g. cognitive functions, psychopathological symptoms, mindfulness, burn-out, ECG, HRV, melatonin &amp; cortisol secretion) and there will be space for discussion at the end of the lecture.<\/span><\/p>\n<p>&nbsp;<\/p>\n<p><span style=\"font-size: 14pt;color: #ed7d00\"><b>Karine Weiss<\/b><\/span><\/p>\n<p style=\"text-align: justify\"><span style=\"font-weight: 400\">Karine Weiss is Professor of Social and Environmental Psychology at the University of N\u00eemes (France). She has conducted research on stress and adaptation in extreme situations (polar stations, manned space flights), but her work currently focuses on perceptions and behaviours related to environmental risks such as pollution, climate change, natural disasters.\u00a0<\/span><\/p>\n<p style=\"text-align: justify\"><span style=\"font-size: 14pt\"><b>Contributions of environmental psychology to improve the preparation and management of natural disasters in the context of climate change<\/b><\/span><\/p>\n<p style=\"text-align: justify\"><span style=\"font-weight: 400\">Natural disasters linked to meteorological events are more and more frequent and violent with climate change. Recent events (e.g. hurricanes, flash floods) have led to question how to prepare, inform and alert the populations face to this kind of dramatic events. Many psychosocial factors can be investigated: information processing capacity, over-confidence bias, comparative optimism, social representations. In addition, differences in protective behaviour between new and old occupants of floodplains have already been highlighted through collective memory. We can also question a possible risk attenuation, related to the information that is disseminated to the population. More specifically, with the evolution of information and communication technologies, the perception of warning must be analyzed, taking into account the rapid evolution of practices.<\/span><\/p>\n<p style=\"text-align: justify\"><span style=\"font-weight: 400\">Therefore the appropriation of tools is fundamental in risk management: crisis management can be slowed down by an inadequacy to the local context, and by too complex or too technical tools. Based on the analysis of existing practices, the value of a bottom-up approach will be demonstrated, while identifying factors that allow better risk management.<\/span><\/p>\n<p>&nbsp;<\/p>\n<p><span style=\"color: #ed7d00;font-size: 14pt\"><b>Karel Smejkal<\/b><\/span><\/p>\n<p style=\"text-align: justify\"><span style=\"font-weight: 400\">Teacher and Researcher at the Department of Architecture of the Czech Technical University in Prague, \"Psychological Determination of Effectiveness of Architects\"\u00a0<\/span><\/p>\n<p style=\"text-align: justify\"><span style=\"font-weight: 400\">Vice-President of the Society of Czech Architects (Member of International Union of Architects) and member of American Institute of Architects.<\/span><\/p>\n<p style=\"text-align: justify\"><span style=\"font-weight: 400\">President and co-founder of the world biggest student architecture contest INSPIRELI AWARDS<\/span><\/p>\n<p style=\"text-align: justify\"><span style=\"font-size: 14pt\"><b>Psychology of architecture - a challenge for a new generation of architects.<\/b><\/span><\/p>\n<p style=\"text-align: justify\"><span style=\"font-weight: 400\">The lecture in three parts explains the current state of perception of architecture psychology among architects in the world, and what is the approach of the scientific team of the applied psychology of architecture at CTU in Prague. In the second part, a comprehensive definition of Psychology of Architecture based on Existence will be explained and published for the first time, and in the last part of the lecture, the hypotheses on which the CTU scientific team is working will be presented.<\/span><\/p>\n<\/div>\n<\/div><\/div><\/div><\/div><\/div><\/div>\t\t\t<\/div>\n\t\t<\/div>\n\t\t\t<div class=\"sow-tabs-panel\">\n\t\t\t<div class=\"sow-tabs-panel-content\" role=\"tabpanel\" aria-hidden=\"true\">\n\t\t\t\t<div id=\"pl-w32b2adee\"  class=\"panel-layout\" ><div id=\"pg-w32b2adee-0\"  class=\"panel-grid panel-has-style\" ><div class=\"panel-row-style panel-row-style-for-w32b2adee-0\" ><div id=\"pgc-w32b2adee-0-0\"  class=\"panel-grid-cell\" ><div id=\"panel-w32b2adee-0-0-0\" class=\"so-panel widget widget_sow-editor panel-first-child panel-last-child\" data-index=\"0\" ><div class=\"so-widget-sow-editor so-widget-sow-editor-base\">\n<div class=\"siteorigin-widget-tinymce textwidget\">\n\t<p style=\"text-align: justify\"><em><strong><span style=\"font-size: 14pt\">Let us itroduce our student section:<\/span><\/strong><\/em><\/p>\n<p>&nbsp;<\/p>\n<p style=\"text-align: justify\"><span style=\"color: #f5802d;font-size: 14pt\"><b>Philippe Bauknech<\/b><\/span><\/p>\n<p style=\"text-align: justify\"><span style=\"font-weight: 400\">I'm from Germany and France, studying in Austria at the University of Graz and currently I will write soon my Bachelor's Thesis. I have participated in two EFPSA Congresses before and this will be my first active participation at an EFPSA event. I have always enjoyed travelling. As a Climate Crisis is coming faster than predicted, I have been engaging more in ecological projects and after travelling a lot, I started to think more critically about my travels and my way of living, also in which conditions we live here in Europe and what we can do to contribute to solve our planet's problems.<\/span><\/p>\n<p style=\"text-align: justify\"><span style=\"font-size: 14pt\"><b>The role of psychologists in times of climate Change: What we can and what we need to do - A psychological contribution to environmental questions.\u00a0<\/b><\/span><\/p>\n<p style=\"text-align: justify\"><span style=\"font-weight: 400\">The world is dying. For 40 years, we live beyond sustainable conditions. For example, we take a flight for a 3-day trip to Mallorca without considering the impact it has on our planet or our use of plastic in our daily life. Most of psychology students think that they cannot contribute to a prevention of climate change with their knowledge. But they can. Here is an introduction to how.<\/span><\/p>\n<p style=\"text-align: justify\"><span style=\"font-weight: 400\">Participants will have first an introduction to the terms used while speaking about ecology and the consequences of it. We will speak about the role of persons who have the biggest impact on ecology and then, we will speak about the role we, as psychologists, have when discussing ecological questions. Ending with a debate about preventions and interventions in the behaviour of people living in our society and how we can help to solve the biggest disaster probably in human history. Acting as we should act. It is time for it.<\/span><\/p>\n<p>&nbsp;<\/p>\n<p style=\"text-align: justify\"><span style=\"color: #f5802d;font-size: 14pt\"><b>Tereza Macurov\u00e1<\/b><\/span><\/p>\n<p style=\"text-align: justify\"><span style=\"font-weight: 400\">Hi and hello! I\u00b4m Tereza, lovely but overworked student from Ostrava, Sudetenland. My heart is always there, since I was born in Ostrava and got my bachelor\u00b4s degree there as well, however, I\u00b4m slightly cheating on her with Olomouc now. My hobbies include drinking coffee, exhibiting myself in student sections and throwing myself into projects I don\u00b4t have any more spare time for. I have committed the last 4 years of my student life to the research of chamber REST (restricted environmental stimulation therapy), and would like to tell you if it was worth it.<\/span><\/p>\n<p style=\"text-align: justify\"><span style=\"font-size: 14pt\"><b>Trash we perceive, and how to get rid of it<\/b><\/span><\/p>\n<p style=\"text-align: justify\"><span style=\"font-weight: 400\">Abstract: There\u00b4s trash in our oceans, there\u00b4s trash in our backyards \u2013 but what about the trash we consume everyday through our bare eyes? It\u00b4s hard to simply cut it out. Many colours, flashes and lights, making it impossible to resist, keeping us tuned in. Phones have us glued and screens have us locked, but it is the today\u00b4s world that wouldn not let us just withdraw completely, since events are happening online now. The change we want to see in the world needs to start in ourselves. What is more, we as psychologists should go much deeper \u2013 the big change, the big clean-up, should begin within our heads. I have spent 4 years researching restricted environmental stimulation therapy and would like to present to you what we have found and how it could make your head cleaner place on Earth.<\/span><\/p>\n<p>&nbsp;<\/p>\n<p style=\"text-align: justify\"><span style=\"color: #f5802d;font-size: 14pt\"><b>Susana de Oliveira Santana<\/b><\/span><\/p>\n<p style=\"text-align: justify\"><span style=\"font-weight: 400\">My name is Susana de Oliveira Santana. I am a Master\u2019s Degree student on the Development and Environment Postgraduate Program, from Universidade Federal de Sergipe, Brazil. I relate to Environmental Psychology focusing my studies on the improvements people with disabilities can have by interacting with natural and socially recreational environments.<\/span><\/p>\n<p style=\"text-align: justify\"><span style=\"font-size: 14pt\"><b>Relationships of people with visual impairment towards coastal environments<\/b><\/span><\/p>\n<p style=\"text-align: justify\"><span style=\"font-weight: 400\">Studies in Environmental Psychology focuses on investigate the reciprocal influence between people and environment. However, there are specific groups that demand a different look at the apprehension of how this person-environment relationship is configured: People with disabilities. Through the theory of restorative environments and the benefits of contact with natural environments, in particular environments with stimulating characteristics such as beaches, it is assumed that contact with nature can provide well-being in the routine of blind people. According to WHO, 1 billion people in the world have some kind of impairment, but few studies address the restorative effect of natural environments in people with disabilities. Therefore, this study proposed an empirical approach, based on a beach walk by blind participants, to investigate variables involved in this interaction, considering the experience of rarity or lack of visual stimuli. It is hoped to contribute with strategies of intervention with this public, emphasizing questions of quality of life, environmental conservation and accessibility and the promotion of social inclusion and the interaction of people, with or without disabilities, with natural environments.<\/span><\/p>\n<p>&nbsp;<\/p>\n<p style=\"text-align: justify\"><span style=\"color: #f5802d;font-size: 14pt\"><b>Veronika Nov\u00e1\u010dkov\u00e1<\/b><\/span><\/p>\n<p style=\"text-align: justify\"><span style=\"font-weight: 400\">My name is Veronika Novackova and I am 22 years old. I come from Olomouc, but currently I am studying at the University of Natural Resources and Life Sciences, Vienna. My bachelor program is called Environment and Bio-Resources Management. Unfortunately, I do not have any experiences with presenting at conferences. However, this seems like an interesting opportunity to try it. Environmental issues such as climate change or biodiversity loss are very relevant for our generation. The connection of these issues to psychology sounds very interesting to me and that is why I would like to participate at this event.\u00a0<\/span><\/p>\n<h4 style=\"text-align: justify\"><span style=\"font-size: 14pt\"><strong>An analysis of possible alternatives to meat production and consumption with focus on environmental, health safety and animal welfare aspects<\/strong><\/span><\/h4>\n<p style=\"text-align: justify\"><span style=\"font-weight: 400\">The future of sustainable nutrition has become a pressing problem, particularly regarding the prognosis of growing population. It is evident that the current meat production and consumption are having negative impact on the environment, animal welfare and human health. Therefore, it is important to consider possible alternatives to meat production and consumption. The thesis explores edible insect, cultured meat and soy protein as possible alternatives to meat production and consumption.<\/span><\/p>\n<p style=\"text-align: justify\"><span style=\"font-weight: 400\">The thesis is divided into two parts. In the first part, the three alternatives (edible insects, cultured meat, plant-based protein sources) are analyzed with focus on three criteria (environmental friendliness, animal welfare, health and safety). The second part is based on an experiment focused on attitudes of primary school students to alternative meat substitutes.\u00a0<\/span><\/p>\n<p>&nbsp;<\/p>\n<p style=\"text-align: justify\"><span style=\"color: #f5802d;font-size: 14pt\"><b>Dagmar (Strom\u0161\u00edkov\u00e1) H\u00e1jkov\u00e1 + Valerie Pol\u010dov\u00e1<\/b><\/span><\/p>\n<p style=\"text-align: justify\"><b>Bc. Dagmar H\u00e1jkov\u00e1\u00a0<\/b><\/p>\n<p style=\"text-align: justify\"><span style=\"font-weight: 400\">Dagmar is in the second year of her Master\u2019s degree at Palack\u00fd University in Olomouc, in Czech Republic. She is a trainer in the Czech Association of Psychology Students. As a trainer she focuses on mental health, mindfulness, Post Erasmus Adaptation (PEA) and communication. She says: \u201cFind something, what you can really change around you. It matters on you, on all of us.\u201d In this training we can discover our own power and potential which can change a little piece of the world.\u00a0<\/span><\/p>\n<p style=\"text-align: justify\"><b>Bc. Val\u00e9ria Pol\u010dov\u00e1<\/b><\/p>\n<p style=\"text-align: justify\"><span style=\"font-weight: 400\">Val\u00e9ria is student of psychology at Palack\u00fd University in Olomouc. She is in the second year of her Master\u2019s studies. She is a very active, positive and friendly person. That is why she decided to try and be Trainer. In her past, she conducted\u00a0 trainings focused on a relaxation, mindfulness, Post Erasmus Adaptation (PEA) etc. She loves to work with people, and she believes that together we can enrich each other.<\/span><\/p>\n<p style=\"text-align: justify\"><span style=\"font-size: 14pt\"><b>Environmental Being<\/b><\/span><\/p>\n<p style=\"text-align: justify\"><span style=\"font-weight: 400\">Our EARTH needs You!\u00a0<\/span><\/p>\n<p style=\"text-align: justify\"><span style=\"font-weight: 400\">One question. Do you live a so called \u201czero waste\u201d life? Yes? Congratulations. No? You are not alone! The first step is to know what to do and make it better and then you can do it. During our workshop we are going to tell you some tips and tricks, which can make a huge difference not only in our closest society, but also in the whole world. These tips will help you to be aware of your self-reflection and relationship to the world and eco issues. Create your own action plan, which can help you with your normal everyday life. Find something that you can change around you, because it is our responsibility to make the world better. So, come and join us!<\/span><\/p>\n<p style=\"text-align: justify\"><span style=\"font-weight: 400\">\u00a0<\/span><\/p>\n<p style=\"text-align: justify\"><span style=\"color: #f5802d;font-size: 14pt\"><b>\u021aoc Ioana-Teodora\u00a0<\/b><\/span><\/p>\n<p style=\"text-align: justify\"><span style=\"font-weight: 400\">My name is \u021aoc Ioana-Teodora and I am a psychology student, currently doing my Erasmus+ semester abroad at Universitat de Valencia as an exchange student. My home university is Babes-Bolyai University in Cluj-Napoca and my birth home is\u00a0 in Oradea Romania. I have attended at psychological conferences in Cluj-Napoca, but not as a speaker. Although, I have taken part in the European Youth Parliament sessions and I have been a Trainer in an NGO for youth - Youth Academy and also in the Romanian Association of Psychology Students. What connects me to the field of environmental psychology is my interest in architecture and how people perceive and connect themselves to the space surrounding them, including their workplace. Further on, I would like to pursue a Master\u2019s degree in Organisational Psychology.<\/span><b><\/b><\/p>\n<p style=\"text-align: justify\"><span style=\"font-size: 14pt\"><b>Environmental psychology at the workplace: Your Surroundings Matter<\/b><\/span><b><\/b><\/p>\n<p style=\"text-align: justify\"><span style=\"font-weight: 400\">The title of my presentation is \u201cEnvironmental psychology at the workplace: Your Surroundings Matter\u201d and the main focus would be the impact of architecture, interior design at the workplace and how they contribute to the performance and psychological wellbeing of the employees. The presentation will be based on empirical facts drawn from scientific articles on the theme of ergonomics, environmental psychology and work psychology and the main factors which contribute to the well-being in the workplace will be outlined. Moreover, I will provide useful suggestions for improving the psychological well-being at work by bringing changes to the environment and the design of the workplace.<\/span><span style=\"font-size: 14pt\"><b><br \/>\n<\/b><\/span><\/p>\n<p>&nbsp;<\/p>\n<p style=\"text-align: justify\"><span style=\"color: #f5802d;font-size: 14pt\"><b>Kamila Zahradn\u00ed\u010dkov\u00e1\u00a0<\/b><\/span><\/p>\n<p style=\"text-align: justify\"><span style=\"font-weight: 400\">Having two fields of interest, I decided to study both Psychology and Social Anthropology. I am currently enrolled in two B.Sc. programmes at Masaryk University in the Czech Republic. This year I started project Nemesis that seeks to help students struggling with what is commonly labelled as \"feeling depressed\". In some cases, this unpleasant state of mind can be partly attributed to environmental or ecological grief that has been on the rise for some time.<\/span><b><\/b><\/p>\n<p style=\"text-align: justify\"><span style=\"font-size: 14pt\"><b>6 Shortcuts to Your Own Pit of Despair (Take the Highway)<\/b><\/span><b><\/b><\/p>\n<p style=\"text-align: justify\"><span style=\"font-weight: 400\">Many students fall into mind desperation, every now and then. Feeling depressed, unlike being depressed or suffer from clinical depression, is not a long-lasting clinical condition, but rather an unpleasant state of mind that has a negative impact on our lives, nevertheless. My team and I have been working on designing interactive material for students that would help them detect common harmful habits that deepen their despair pit, encourage them to choose to change their mind when looking down from the edge, and nudge them to take a step back to a safe distance from the pit. Having a great variety of material from professional research teams available, our contributions lies in a different approach in terms of form rather than content. We want to reach to the students, who would not choose to actively seek professional help or literature concerning the topic in the first place.<\/span><\/p>\n<p style=\"text-align: justify\"><span style=\"font-size: 14pt\"><b>\u00a0<\/b><\/span><\/p>\n<p style=\"text-align: justify\"><span style=\"color: #f5802d;font-size: 14pt\"><b>Krist\u00fdna Ko\u010dandrlov\u00e1, Johann B\u00f6rner<\/b><\/span><b><\/b><\/p>\n<p style=\"text-align: justify\"><b>Krist\u00fdna<\/b><b><\/b><\/p>\n<p style=\"text-align: justify\"><span style=\"font-weight: 400\">My name is Krist\u00fdna and I am a fresh graduate from the Charles university in Prague. I am also the Head of the Organising team of this conference and probably the most excited person about this whole event. Furthermore, I am a fresh graduate from the EFPSA Train the Trainer\u00b4s event where my training path has started and where I also met Johan, my co-trainer. We are looking forward to delivering our training at the conference!\u00a0<\/span><b><\/b><\/p>\n<p style=\"text-align: justify\"><b>Johann<\/b><b><\/b><\/p>\n<p style=\"text-align: justify\"><span style=\"font-weight: 400\">My name is Johann B\u00f6rner, I study a psychology Master\u2019s in Vienna. I attended the EFPSA Train the Trainer\u2019s event this summer and since then, I combine my studies with delivering trainings on psychology-related topics. I am highly motivated to work together with Krist\u00fdna in Prague on our well-being topic where we will be focused on how to make our apartments feel more like home.<\/span><\/p>\n<p style=\"text-align: justify\"><span style=\"font-size: 14pt\"><b>How a way of living affects us<\/b><b><\/b><\/span><\/p>\n<p style=\"text-align: justify\"><span style=\"font-weight: 400\">This training session\/workshop is about learning and implementing knowledge and skills on how every aspect in the close environment is affecting well-being, health and the mind.<\/span><\/p>\n<p style=\"text-align: justify\"><span style=\"font-weight: 400\">The participants will acquire ways to improve their own way of living so that they benefit of it.<\/span><\/p>\n<p style=\"text-align: justify\"><span style=\"font-weight: 400\">The session will elaborate on how lightning, open and shared space, the differences between men and women can reduce the risk of depression and improve well-being in the own apartment. How designing and arranging your own apartment with a few simple tricks can have a massive effect while also discussing aspects that might be not in our hands (noise, sunlight, neighbours etc.)<\/span><\/p>\n<p style=\"text-align: justify\"><span style=\"font-weight: 400\">Participants will actively be involved in this session and will use the newly acquired skills in an interactive way, learning practical techniques by experiencing together.<\/span><\/p>\n<p style=\"text-align: justify\"><span style=\"font-size: 14pt\"><b>\u00a0<\/b><\/span><\/p>\n<p style=\"text-align: justify\"><span style=\"color: #f5802d;font-size: 14pt\"><b>Vladimir Bojarskich<\/b><\/span><b><\/b><\/p>\n<p style=\"text-align: justify\"><span style=\"font-weight: 400\">Vladimir Bojarskich is a research Master\u2019s student in social and environmental psychology at the University of Groningen, the Netherlands. His main scientific interest is in understanding the social and moral psychological factors underlying people\u2019s (dis)engagement with climate change and other environmental issues. Consequently, he is interested in anything dealing with morality, politics, values, identities, and other social \u2018stuff\u2019 touching on environmental themes. Contact him via LinkedIn if you are keen on doing a project with him or for any questions whatsoever.<\/span><b><\/b><\/p>\n<p style=\"text-align: justify\"><span style=\"font-size: 14pt\"><b>Morality and Climate Change<\/b><\/span><\/p>\n<p style=\"text-align: justify\"><span style=\"font-weight: 400\">Although the majority of people believe in climate change climate actions are still lacking behind. Accordingly, a critical question is what motivates and inhibits individuals to undertake and support climate action and identify means to promote climate action. Research has indicated that people typically engage in climate actions because they see it as the <\/span><i><span style=\"font-weight: 400\">moral<\/span><\/i><span style=\"font-weight: 400\"> thing to do.Though, what do we mean by <\/span><i><span style=\"font-weight: 400\">moral<\/span><\/i><span style=\"font-weight: 400\">? What has climate change to do with morality? And, are our solutions (e.g., carbon tax, nuclear energy) moral, immoral, or amoral? This workshop will invite participants to reflect upon and discuss these questions.<\/span><\/p>\n<p style=\"text-align: justify\"><span style=\"font-weight: 400\">In the first part, participants will try to uncover their hidden assumptions about human morality by engaging in a Socratic dialogue. A mini-lecture will, thereafter, provide participants with insights into some moral psychological theories relevant to climate change. In the second part, participants will actively participate in a debate about the morality of some proposed solutions to climate change. As such, this workshop might be suitable for those interested in actively participating in semi-philosophical discussions (no prior knowledge is needed).<\/span><\/p>\n<p>&nbsp;<\/p>\n<p style=\"text-align: justify\"><span style=\"color: #f5802d;font-size: 14pt\"><b>Bojana Vujovic + Leon Schuck <span style=\"color: #000000\">(poster session)<\/span><\/b><\/span><\/p>\n<p style=\"text-align: justify\"><b>Leon<\/b><b><\/b><\/p>\n<p style=\"text-align: justify\"><span style=\"font-weight: 400\">My name is Leon Schuck, I will be 24 years old in November and one thing that connects me to environmental psychology is the fact that I studied Psychology for 3 years in Vienna. The other thing is that I pay attention to what is happening in the world. There are real global problems facing us, from climate change and the resulting increasing number of refugees, to the possibility of catastrophic regional water shortages. These developments concern us all and the human psychology often lies at their core in some way. Everyone that is able to should stand and take responsibility.<\/span><b><\/b><\/p>\n<p style=\"text-align: justify\"><b>Bojana<\/b><b><\/b><\/p>\n<p style=\"text-align: justify\"><span style=\"font-weight: 400\">I'm in my third year of studies towards a Bachelor's at the University of Belgrade, Faculty of Psychology. Recently, I have become interested in giving presentations on engaging and somehow always on slightly\u00a0 controversial topics that are often philosophical in approach and practical in their farsighted aims. This year I held my fist official presentation at the Conference ''Empirical Research in Psychology'' in Belgrade, on the influence of social networks on perception of self-identity and its consequences on future generation's social behaviours. As a Trainers Team Coordinator of the 3rd EFPSA Academy I held a training session on Paul Bloom's theory Against Empathy, in which I found inspiration to apply for the Conference.<\/span><\/p>\n<p style=\"text-align: justify\"><span style=\"font-size: 14pt\"><b>\u00a0<\/b><\/span><\/p>\n<p style=\"text-align: justify\"><span style=\"font-size: 14pt\"><b>A Selfish Argument for Making the World a Better Place<\/b><b><\/b><\/span><\/p>\n<p style=\"text-align: justify\"><span style=\"font-weight: 400\">Why should we care about the well-being of people half a globe away? Because we all share the same resources, same passion, same vision, because from a higher viewpoint, we all share one home and we call it planet Earth. So instead of empathizing and putting ourselves in the shoes of our first neighbours, we have to think of those who yet have to come, and lead our ethics from a level of irrational, biased, myope, short-term Empathy to the level of a more rational, cognitive, future-oriented, long-term Compassion. Changing our ruling ideology would benefit not only a small number of individuals, but all beings that we share one future with. Working on a more rational approach to morality will lead us greater distance than focusing on the tragic faith of one individual only. It's time we all make one tiny, yet gigantic step towards training our minds to think more globally.<\/span><\/p>\n<p style=\"text-align: justify\"><span style=\"font-size: 14pt\"><b>\u00a0<\/b><\/span><\/p>\n<p style=\"text-align: justify\"><span style=\"color: #f5802d;font-size: 14pt\"><b>Ceren Y\u00fcksek &amp; Demos Alekkou<\/b><\/span><b><\/b><\/p>\n<p style=\"text-align: justify\"><b>Ceren<\/b><b><\/b><\/p>\n<p style=\"text-align: justify\"><span style=\"font-weight: 400\">B.Sc. in Psychology, a recent EFPSA Trainer and part of the EFPSA Trainers community, with a special interest in gender studies and gender stereotypes.<\/span><b><\/b><\/p>\n<p style=\"text-align: justify\"><b>Demos<\/b><b><\/b><\/p>\n<p style=\"text-align: justify\"><span style=\"font-weight: 400\">B.Sc. in Psychology. EFPSA trainer since 2017 and part of the training office of EFPSA, with previous experience at working professionally as a trainer mainly with children.<\/span><\/p>\n<p style=\"text-align: justify\"><span style=\"font-size: 14pt\"><b>\u00a0<\/b><\/span><\/p>\n<p style=\"text-align: justify\"><span style=\"font-size: 14pt\"><b>Do people shape their environment based on their gender preferences or environment determines their gender preferences?<\/b><b><\/b><\/span><\/p>\n<p style=\"text-align: justify\"><span style=\"font-weight: 400\">From the very beginning of our life and throughout our life span, most of the time we were told that we can shape our lives based on what makes us happy and become whatever and whoever we want. However, ironically, what we have never been told is the society's subtle expectations and needs that we grow in. Also, how this well-meant statement in most cases does not really help us at all into deciding what we can be and how can we act as we are bound from a very young age from our sex and gender. In other words, pre-determined schedules for our life history and gender roles affects our minds and sometimes those connections become very strong and we cannot broke them and adopt them without even think about our actions.\u00a0<\/span><\/p>\n<p style=\"text-align: justify\"><span style=\"font-weight: 400\">Therefore, this debate\/training session would be based on cognitive and environmental schemas that we have been creating throughout our life journey and make them become strengthen each passing day. Information will be based on environmental psychology, sociology (gender studies), and developmental psychology (media). The main focus will be on the gender stereotypes and the emphasis of phenomenon that society creates towards young children and pressure to be in line with these phenomena. In the training several debates will take place including; \u201cWhat kind of impact does society have towards in stereotypes? Are those stereotypes welcomed and adopted without question as a part of our culture? or Should we take action to change them for both our growth and society`s in general? If so, how can we contribute to reducing and possibly diminishing those stereotypes as young psychologists? How can we use our profession to fight those stereotypes? Is it solely us as psychologist\u2019s responsibility to act or any law is needed to protect people who have different gender preferences?\"<\/span><\/p>\n<p style=\"text-align: justify\"><span style=\"font-weight: 400\">(Although nowadays this phenomenon is becoming more popular, the controversies and debates related to this topic is not a new issue, many prominent psychologists and other scientists have debated those questions throughout the years and why this happening. However, it seems to be extremely difficult to come up with a comprehensive answer. Therefore, we would like to invite any students or professionals that are interested in exploring this topic with us, to join us in the open debate so we can exchange ideas and knowledge or any relevant topic that might come up along the way, so we can have a better understanding why this phenomenon occurs. Through engaging in open intercultural discourse, please attend without any judgment and censorship. Ideally, we aspire to collectively take some steps towards mutual answers.)<\/span><\/p>\n<p>&nbsp;<\/p>\n<p style=\"text-align: justify\"><span style=\"color: #f5802d;font-size: 14pt\"><b>Anna Tab\u00e1\u0161kov\u00e1\u00a0<\/b><\/span><b><\/b><\/p>\n<p style=\"text-align: justify\"><span style=\"font-size: 14pt\"><b>Don\u2019t be mean, just go green! Nonconscious influences on proenvironmental behaviour<\/b><\/span><\/p>\n<p style=\"text-align: justify\"><span style=\"font-weight: 400\">Mostly everyone on our blue planet has heard about the environmental issues we are facing already. Rising temperatures, food waste, deforestation\u2026Yet, even with that knowledge, the collective conscious change towards pro-environmental behaviour is if any than very slow.<\/span><\/p>\n<p style=\"text-align: justify\"><span style=\"font-weight: 400\">In the research, we combine the findings from moral and cognitive psychology, anthropology and neuropsychology to examine whether the probability of recycling behaviour could be enhanced through non-conscious stimuli.<\/span><\/p>\n<p style=\"text-align: justify\"><span style=\"font-weight: 400\">Non-conscious mental processes make you buy the Hard Rock Caf\u00e9 T-shirt everyone is wearing, give up on that diet you swore to stick to after Christmas and also repeatedly confuse the name of your current partner with the one you used to date earlier. But is it possible they could affect your pro-environmental behavior just the same way?\u00a0 Could you actually trick your mind into being a little bit more green?<\/span><\/p>\n<p>&nbsp;<\/p>\n<p><b style=\"color: #f5802d;font-size: 18.6667px;text-align: justify\">Patrick Smela\u00a0<\/b><b style=\"color: #f5802d;font-size: 18.6667px;text-align: justify\"><\/b><\/p>\n<p style=\"text-align: justify\">Patrick Smela recently started his masters in general psychology and methodology at the University of Vienna. His main research interests lie in priming and nudging effects, as well as perception and general methodology. Working at the Department for General Psychology and Methodology at the University of Vienna, his personal research background stems from multiple research projects in the field of empirical aesthetics. Lately, he has been working on environmental effects of picture perception, comparing ratings between traditional computer experiments, 3-D simulations and real world scenarios.<\/p>\n<h5 style=\"text-align: justify\"><span style=\"font-size: 14pt\"><strong>Taking the White Cube Home \u2013 An Empirical Study on 3D Environments as an Ecological Valid Alternative to Museum\u00a0 <\/strong><\/span><strong><span style=\"font-size: 14pt\">Studies.<\/span> <\/strong><\/h5>\n<p style=\"text-align: justify\">Empirical Aesthetics research often cannot be conducted in the museum due to logistical or experimental restrictions. Models of the aesthetic experience and related previous research, however, suggest strong effects of the context in which artworks are experienced on aesthetic experiences. We studied whether the embedding of artworks in a virtual 3D environment can transfer certain context effects of the museum into empirical aesthetic, laboratory research, as it facilitates the experience of spatial presence, making perceivers feel as if they would be standing in the museum space. In an empirical study, Liking, Interest, Understanding, and Complexity of nine artworks were measured in a museum space (Vienna Belvedere, \u201cKlimt room\u201d), a classic laboratory setup, and a 3D environment which was made by 3D scanning the museum space. The BEST analysis for all four variables remains inconclusive but suggests that there is no overall difference in the aesthetic ratings between the three conditions. However, an artwork by artwork analysis for the four variables suggests that the artworks in the museum as well as the 3D environment are not perceived and\/or rated as singular stimuli like in the classic laboratory setup, but as part of an exhibition. This effect is proposed as a the \u201cCurator Effect\u201d and is discussed as a topic for future research. Finally, the creation, deployment, merits, and drawbacks of 3D environments are discussed to serve as a guide for other researchers for future use. Data and analysis are available <a href=\"https:\/\/osf.io\/2cyxs\/\">here<\/a>.<\/p>\n<p>&nbsp;<\/p>\n<h4 style=\"text-align: justify\"><b style=\"color: #f5802d;font-size: 18.6667px;text-align: justify\">Josefine v. Hin\u00fcber<\/b><\/h4>\n<p style=\"text-align: justify\">Josefine v. Hin\u00fcber is a master\u2019s student at the University of Vienna. Her scientific focus is health psychology. Furthermore, she is interested in research within the broad field of environmental psychology, emphazising on the aspects of nature, art and ligthing. Combining the last two topics, she wrote her bachelor\u2019s thesis on gallery lighting conditions. This thesis led to the publication of a paper presenting two studies (Pelowski, Graser, Specker, Forster, von Hin\u00fcber &amp; Leder, 2019).<\/p>\n<p style=\"text-align: justify\">These studies are considering the potential for gallery lighting conditions to modulate appraisals and emotional experience with works of visual art.<\/p>\n<p style=\"text-align: justify\">Besides her research activity, she strives to become a cognitive behaviour therapist.<\/p>\n<p style=\"text-align: justify\"><span style=\"font-size: 14pt\"><strong>Does Gallery Lighting Really Have an Impact on Appreciation of Art? An Ecologically Valid Study of Lighting Changes and the Assessment and <\/strong><strong>Emotional Experience With Representational and Abstract Paintings<\/strong><\/span><\/p>\n<p style=\"text-align: justify\">Art appreciation represents a complex blend of formal artwork factors, personalities and backgrounds of viewers, and multiple aspects of context regarding where and how art is experienced. Among the latter, lighting would be expected to play a fundamental role. However, surprisingly, this has received little empirical assessment. Therefore, we employed a controlled paradigm using a spontaneous art viewing context, and a proprietary lighting system which allowed the minute adjustment of lighting intensity\/temperature (CCT). Participants viewed a selection of original representational and abstract art under three different CCT conditions (Study 1), modulated between participants, and then reported on their artwork appraisal and emotional experience. The selected lighting temperatures were chosen based on an initial investigation of existing art museums within the Vienna area, addressing how these institutions themselves light their art. We also allowed the same participants to set the light temperature themselves in order to test hypotheses regarding what might be an \u2018ideal\u2019 lighting condition for art. In Study 2, we explored the question of whether artworks made by an artist to match specific lighting conditions show a resulting connection to the ratings of viewers when shown in the same or different light. Results showed almost no effects from lighting changes in both studies. Viewers\u2019 self-set light temperature (mean = 3777 K) did roughly coincide with the suggested most enjoyable conditions for everyday living and some past research on art viewing, but again showed wide interpersonal variance (Pelowski, Graser, Specker, Forster, von Hin\u00fcber &amp; Leder, 2019).<\/p>\n<p style=\"text-align: justify\">Note: This abstract is a condensed version of the original paper\u2019s abstract.<\/p>\n<p>&nbsp;<\/p>\n<\/div>\n<\/div><\/div><\/div><\/div><\/div><\/div>\t\t\t<\/div>\n\t\t<\/div>\n\t\t\t<div class=\"sow-tabs-panel\">\n\t\t\t<div class=\"sow-tabs-panel-content\" role=\"tabpanel\" aria-hidden=\"true\">\n\t\t\t\t<div id=\"pl-waa96dd72\"  class=\"panel-layout\" ><div id=\"pg-waa96dd72-0\"  class=\"panel-grid panel-has-style\" ><div class=\"panel-row-style panel-row-style-for-waa96dd72-0\" ><div id=\"pgc-waa96dd72-0-0\"  class=\"panel-grid-cell\" ><div id=\"panel-waa96dd72-0-0-0\" class=\"so-panel widget widget_sow-editor panel-first-child panel-last-child\" data-index=\"0\" ><div class=\"so-widget-sow-editor so-widget-sow-editor-base\">\n<div class=\"siteorigin-widget-tinymce textwidget\">\n\t<p><span style=\"font-size: 14pt\">Each evening you can look forward to lots of fun activities with fellow attendees. We have prepared a cultural night where we will share and celebrate all of our cultures (including delicious food and drinks!) and you will get to learn more about some Czech traditions. Then we have prepared a scavenger hunt that will take you all around the most beautiful places in Prague, letting you experience the best our city has to offer. For our last night together, we are planning a dance evolution event, where you will not only get to watch some incredibly talented people dance, but you will learn and practise some moves yourself! We could not be more excited for you to join us and have an experience of a lifetime. See you in a few short months!<\/span><\/p>\n<\/div>\n<\/div><\/div><\/div><\/div><\/div><\/div>\t\t\t<\/div>\n\t\t<\/div>\n\t\t\t<div class=\"sow-tabs-panel\">\n\t\t\t<div class=\"sow-tabs-panel-content\" role=\"tabpanel\" aria-hidden=\"true\">\n\t\t\t\t<div id=\"pl-wec17a9df\"  class=\"panel-layout\" ><div id=\"pg-wec17a9df-0\"  class=\"panel-grid panel-has-style\" ><div class=\"panel-row-style panel-row-style-for-wec17a9df-0\" ><div id=\"pgc-wec17a9df-0-0\"  class=\"panel-grid-cell\" ><div id=\"panel-wec17a9df-0-0-0\" class=\"so-panel widget widget_sow-editor panel-first-child panel-last-child\" data-index=\"0\" ><div class=\"so-widget-sow-editor so-widget-sow-editor-base\">\n<div class=\"siteorigin-widget-tinymce textwidget\">\n\t<p><span style=\"font-size: 14pt\">Kutn\u00e1 Hora, also known as the city of silver, is one of the most popular destinations of Czechia. Its centre is included in the UNESCO world heritage list since 1995 because of its historical importance and architectural gems. One of the biggest symbols are unique late Gothic Cathedral of St. Barbara, Cathedral of Our Lady or the \"Bone church\" in a nearby village of Sedlec. This city is truly a jewel of our country and the atmosphere there is one of a kind. Come a day earlier and visit this amazing city with us! You will not regret it, believe us!<\/span><\/p>\n<p>&nbsp;<\/p>\n<\/div>\n<\/div><\/div><\/div><\/div><\/div><div id=\"pg-wec17a9df-1\"  class=\"panel-grid panel-no-style\" ><div id=\"pgc-wec17a9df-1-0\"  class=\"panel-grid-cell\" ><div id=\"panel-wec17a9df-1-0-0\" class=\"so-panel widget widget_sow-image panel-first-child panel-last-child\" data-index=\"1\" ><div class=\"so-widget-sow-image so-widget-sow-image-default-17bc2272b535\">\n\n<div class=\"sow-image-container\">\n\t<img src=\"https:\/\/more.efpsa.org\/conference2019\/files\/2019\/05\/kutn\u00e1-hora_uplook-768x432.jpg\" width=\"768\" height=\"432\" srcset=\"https:\/\/more.efpsa.org\/conference2019\/files\/2019\/05\/kutn\u00e1-hora_uplook-768x432.jpg 768w, https:\/\/more.efpsa.org\/conference2019\/files\/2019\/05\/kutn\u00e1-hora_uplook-300x169.jpg 300w, https:\/\/more.efpsa.org\/conference2019\/files\/2019\/05\/kutn\u00e1-hora_uplook.jpg 900w\" sizes=\"(max-width: 768px) 100vw, 768px\" title=\"kutn\u00e1 hora_uplook\" alt=\"\" \t\tclass=\"so-widget-image\"\/>\n<\/div>\n\n<\/div><\/div><\/div><div id=\"pgc-wec17a9df-1-1\"  class=\"panel-grid-cell\" ><div id=\"panel-wec17a9df-1-1-0\" class=\"so-panel widget widget_sow-image panel-first-child panel-last-child\" data-index=\"2\" ><div class=\"so-widget-sow-image so-widget-sow-image-default-d6014b76747a\">\n\n<div class=\"sow-image-container\">\n\t<img src=\"https:\/\/more.efpsa.org\/conference2019\/files\/2019\/05\/kutn\u00e1-hora-katedr\u00e1la.jpg\" width=\"556\" height=\"556\" srcset=\"https:\/\/more.efpsa.org\/conference2019\/files\/2019\/05\/kutn\u00e1-hora-katedr\u00e1la.jpg 556w, https:\/\/more.efpsa.org\/conference2019\/files\/2019\/05\/kutn\u00e1-hora-katedr\u00e1la-150x150.jpg 150w, https:\/\/more.efpsa.org\/conference2019\/files\/2019\/05\/kutn\u00e1-hora-katedr\u00e1la-300x300.jpg 300w\" sizes=\"(max-width: 556px) 100vw, 556px\" title=\"kutn\u00e1 hora-katedr\u00e1la\" alt=\"\" \t\tclass=\"so-widget-image\"\/>\n<\/div>\n\n<\/div><\/div><\/div><\/div><\/div>\t\t\t<\/div>\n\t\t<\/div>\n\t\t<\/div>\n<\/div>\n<\/div><\/div><\/div><\/div><\/div><\/div>","protected":false},"excerpt":{"rendered":"<p>Scientific Programme Abstracts Student Section Social Programme Excursion Day &nbsp; &nbsp; &nbsp; &nbsp; &nbsp; &nbsp; From natural elements, colors, climate [&hellip;]<\/p>\n","protected":false},"author":11714,"featured_media":0,"parent":0,"menu_order":0,"comment_status":"closed","ping_status":"closed","template":"","meta":{"_monsterinsights_skip_tracking":false,"_monsterinsights_sitenote_active":false,"_monsterinsights_sitenote_note":"","_monsterinsights_sitenote_category":0},"_links":{"self":[{"href":"https:\/\/more.efpsa.org\/conference2019\/wp-json\/wp\/v2\/pages\/18864"}],"collection":[{"href":"https:\/\/more.efpsa.org\/conference2019\/wp-json\/wp\/v2\/pages"}],"about":[{"href":"https:\/\/more.efpsa.org\/conference2019\/wp-json\/wp\/v2\/types\/page"}],"author":[{"embeddable":true,"href":"https:\/\/more.efpsa.org\/conference2019\/wp-json\/wp\/v2\/users\/11714"}],"replies":[{"embeddable":true,"href":"https:\/\/more.efpsa.org\/conference2019\/wp-json\/wp\/v2\/comments?post=18864"}],"version-history":[{"count":5,"href":"https:\/\/more.efpsa.org\/conference2019\/wp-json\/wp\/v2\/pages\/18864\/revisions"}],"predecessor-version":[{"id":19218,"href":"https:\/\/more.efpsa.org\/conference2019\/wp-json\/wp\/v2\/pages\/18864\/revisions\/19218"}],"wp:attachment":[{"href":"https:\/\/more.efpsa.org\/conference2019\/wp-json\/wp\/v2\/media?parent=18864"}],"curies":[{"name":"wp","href":"https:\/\/api.w.org\/{rel}","templated":true}]}}