{"id":18846,"date":"2018-05-06T11:27:01","date_gmt":"2018-05-06T11:27:01","guid":{"rendered":"http:\/\/more.efpsa.org\/congress2019\/?page_id=18846"},"modified":"2021-12-02T10:32:27","modified_gmt":"2021-12-02T10:32:27","slug":"about","status":"publish","type":"page","link":"https:\/\/more.efpsa.org\/congress2022\/about\/","title":{"rendered":"About"},"content":{"rendered":"<div id=\"pl-18846\"  class=\"panel-layout\" ><div id=\"pg-18846-0\"  class=\"panel-grid panel-has-style\" ><div class=\"panel-row-style panel-row-style-for-18846-0\" ><div id=\"pgc-18846-0-0\"  class=\"panel-grid-cell\" ><div id=\"panel-18846-0-0-0\" class=\"so-panel widget widget_sow-tabs panel-first-child panel-last-child\" data-index=\"0\" ><div class=\"so-widget-sow-tabs so-widget-sow-tabs-default-72e4dc08e23c\" data-use-anchor-tags=\"true\"><div class=\"sow-tabs\">\n\t<div class=\"sow-tabs-tab-container\" role=\"tablist\">\n\t\t\t<div class=\"sow-tabs-tab sow-tabs-tab-selected\"\n\t\t\t role=\"tab\" data-anchor=\"theme\"\n\t\t\t aria-selected=\"true\" tabindex=\"0\">\n\t\t\t<div class=\"sow-tabs-title\">\n\t\t\t\t\t\t\t\tTheme\t\t\t\t\t\t\t<\/div>\n\t\t<\/div>\n\t\t\t<div class=\"sow-tabs-tab\"\n\t\t\t role=\"tab\" data-anchor=\"the-organising-committee\"\n\t\t\t aria-selected=\"false\" tabindex=\"-1\">\n\t\t\t<div class=\"sow-tabs-title\">\n\t\t\t\t\t\t\t\tThe Organising Committee\t\t\t\t\t\t\t<\/div>\n\t\t<\/div>\n\t\t<\/div>\n\t\n\t<div class=\"sow-tabs-panel-container\">\n\t\t\t<div class=\"sow-tabs-panel\">\n\t\t\t<div class=\"sow-tabs-panel-content\" role=\"tabpanel\" tabindex=\"0\">\n\t\t\t\t<div id=\"pl-w72247f68\"  class=\"panel-layout\" ><div id=\"pg-w72247f68-0\"  class=\"panel-grid panel-has-style\" ><div class=\"panel-row-style panel-row-style-for-w72247f68-0\" ><div id=\"pgc-w72247f68-0-0\"  class=\"panel-grid-cell\" ><div id=\"panel-w72247f68-0-0-0\" class=\"so-panel widget widget_sow-headline panel-first-child\" data-index=\"0\" ><div class=\"panel-widget-style panel-widget-style-for-w72247f68-0-0-0\" ><div class=\"so-widget-sow-headline so-widget-sow-headline-default-2cecb16ab625\"><div class=\"sow-headline-container \">\n\t<h1 class='sow-headline'><b>E-health: Taking a Step Towards the Future<\/b><\/h1>\t\t\t\t\t<div class=\"decoration\">\n\t\t\t\t\t\t<div class=\"decoration-inside\"><\/div>\n\t\t\t\t\t<\/div>\n\t\t\t\t\t<\/div><\/div><\/div><\/div><div id=\"panel-w72247f68-0-0-1\" class=\"so-panel widget widget_sow-editor panel-last-child\" data-index=\"1\" ><div class=\"so-widget-sow-editor so-widget-sow-editor-base\">\n<div class=\"siteorigin-widget-tinymce textwidget\">\n\t<p>Digitalisation has been becoming part of our daily life over the past century. As a result, new<br \/>\nconcepts have been developed such as \u201cdigital well-being\u201d. It is defined as the capacity to look after<br \/>\npersonal health, safety, relationships and work-life balance in digital settings. In line with these<br \/>\ndevelopments, \u201ca Europe fit for the digital age\u201d has been defined as one of the six political priorities<br \/>\nof the Commission 2019-2024. One of the important implications of digitalisation is the health care-<br \/>\nsystems is increasing up-take of digital psychological interventions and mobile applications as<br \/>\nstandalone and\/or an addition to the face-to-face counterparts in treatment of common mental<br \/>\nhealth conditions such as depression and anxiety symptoms. An umbrella terms \u201ce-health\u201d can be<br \/>\nused to conceptualise such interventions. E-health promises effective, accessible, and cost-effective<br \/>\nservices especially in treating common mental health conditions as well as problems such as<br \/>\ninterpersonal violence. With the outbreak of the corona-virus disease worldwide, the mental health<br \/>\ncare institutions are expected to be short of human and financial resources, thereby strengthening<br \/>\nthe shift in mental health care provision towards e-health in the foreseeable future. Since we<br \/>\nenvisage that e-health will be prioritised in research agendas, and public health policies globally in<br \/>\nthe foreseeable future, we are proposing to contribute to the capacity building, and knowledge base<br \/>\nof the future psychologists in the 36 th EFPSA Congress, entitled \u201cE-health: Taking a Step Towards the<br \/>\nFuture\u201d.<\/p>\n<p>&nbsp;<\/p>\n<p>&nbsp;<\/p>\n<\/div>\n<\/div><\/div><\/div><\/div><\/div><\/div>\t\t\t<\/div>\n\t\t<\/div>\n\t\t\t<div class=\"sow-tabs-panel\">\n\t\t\t<div class=\"sow-tabs-panel-content\" role=\"tabpanel\" aria-hidden=\"true\">\n\t\t\t\t<div id=\"pl-wb28d0bad\"  class=\"panel-layout\" ><div id=\"pg-wb28d0bad-0\"  class=\"panel-grid panel-has-style\" ><div class=\"panel-row-style panel-row-style-for-wb28d0bad-0\" ><div id=\"pgc-wb28d0bad-0-0\"  class=\"panel-grid-cell\" ><div id=\"panel-wb28d0bad-0-0-0\" class=\"so-panel widget widget_sow-editor panel-first-child panel-last-child\" data-index=\"0\" ><div class=\"so-widget-sow-editor so-widget-sow-editor-base\">\n<div class=\"siteorigin-widget-tinymce textwidget\">\n\t<p>&nbsp;<\/p>\n<p>&nbsp;<\/p>\n<p><strong>Coordinators:<\/strong><br \/>\n\u00d6zlem Eylem-van Bergeijk<br \/>\nDemos Alekou<\/p>\n<p><strong>Communication responsible:<\/strong><br \/>\nDo\u011fa Kayra Avseven<\/p>\n<p><strong>Scientific Team:<\/strong><br \/>\nEmilio Petrou Valdes<br \/>\n\u00c7ise Mi\u015f<br \/>\nKalia Nikolaou<br \/>\nMaria Danae Filioti<br \/>\nAnastasia Eleftheriadou<br \/>\nMaria Antoniadi<\/p>\n<p><strong>Social Team:<\/strong><br \/>\n\u00d6zbe Deniz Kanatl\u0131<br \/>\nEvrydiki Kolokoudia<br \/>\nGizem G\u00fc\u00e7l\u00fceller<br \/>\nEliz Esengin<br \/>\nDemetra Christodoulou<br \/>\nMarketing Team:<br \/>\nMaria Diplarou<br \/>\nElizabeth Charalambous<br \/>\nEfimia Nikolaidou<\/p>\n<p><strong>Administration Team:<\/strong><br \/>\nP\u0131nar \u00d6zdiren<br \/>\nAnthi Samara<br \/>\nAnna Panteli<br \/>\nEleni Ioannou<\/p>\n<p><strong>Finance Team:<\/strong><br \/>\nChara Sofocleous<br \/>\nCharis Petrou Valdes<br \/>\nIoannis Arestis<\/p>\n<p>&nbsp;<\/p>\n<div><\/div>\n<\/div>\n<\/div><\/div><\/div><\/div><\/div><\/div>\t\t\t<\/div>\n\t\t<\/div>\n\t\t<\/div>\n<\/div>\n<\/div><\/div><\/div><\/div><\/div><\/div>","protected":false},"excerpt":{"rendered":"<p>Theme The Organising Committee E-health: Taking a Step Towards the Future Digitalisation has been becoming part of our daily life [&hellip;]<\/p>\n","protected":false},"author":11714,"featured_media":0,"parent":0,"menu_order":0,"comment_status":"closed","ping_status":"closed","template":"","meta":{"_monsterinsights_skip_tracking":false,"_monsterinsights_sitenote_active":false,"_monsterinsights_sitenote_note":"","_monsterinsights_sitenote_category":0},"_links":{"self":[{"href":"https:\/\/more.efpsa.org\/congress2022\/wp-json\/wp\/v2\/pages\/18846"}],"collection":[{"href":"https:\/\/more.efpsa.org\/congress2022\/wp-json\/wp\/v2\/pages"}],"about":[{"href":"https:\/\/more.efpsa.org\/congress2022\/wp-json\/wp\/v2\/types\/page"}],"author":[{"embeddable":true,"href":"https:\/\/more.efpsa.org\/congress2022\/wp-json\/wp\/v2\/users\/11714"}],"replies":[{"embeddable":true,"href":"https:\/\/more.efpsa.org\/congress2022\/wp-json\/wp\/v2\/comments?post=18846"}],"version-history":[{"count":5,"href":"https:\/\/more.efpsa.org\/congress2022\/wp-json\/wp\/v2\/pages\/18846\/revisions"}],"predecessor-version":[{"id":19353,"href":"https:\/\/more.efpsa.org\/congress2022\/wp-json\/wp\/v2\/pages\/18846\/revisions\/19353"}],"wp:attachment":[{"href":"https:\/\/more.efpsa.org\/congress2022\/wp-json\/wp\/v2\/media?parent=18846"}],"curies":[{"name":"wp","href":"https:\/\/api.w.org\/{rel}","templated":true}]}}